{"id":10891,"date":"2021-09-14T10:36:04","date_gmt":"2021-09-14T10:36:04","guid":{"rendered":"https:\/\/acapps.org\/web\/?page_id=10891"},"modified":"2022-01-07T13:15:53","modified_gmt":"2022-01-07T13:15:53","slug":"salut-i-benestar-emocional","status":"publish","type":"page","link":"https:\/\/acapps.org\/web\/salut-i-benestar-emocional\/","title":{"rendered":"Salut i benestar emocional"},"content":{"rendered":"[vc_row][vc_column][vc_row_inner][vc_column_inner]<div class=\"max-title5\"><h2>Beneficis del diagn\u00f2stic gen\u00e8tic<\/h2><\/div>[vc_wp_text]\n<h5><strong>E<\/strong><strong>l passat 1 de juliol, des d\u2019ACAPPS vam organitzar un webinar per parlar dels beneficis que aporta el diagn\u00f2stic gen\u00e8tic de la sordesa amb l\u2019equip de medicina gen\u00e8tica i molecular de l\u2019Hospital Sant Joan de D\u00e9u. <\/strong>En la xerrada, moderada pel Dr. Francesc Palau, cap del servei de medicina\u00a0 gen\u00e8tica i molecular de l\u2019hospital Sant Joan de D\u00e9u, la Dra. Mar Borregan, facultativa assessora gen\u00e8tica, va parlar dels aspectes gen\u00e8tics i hereditaris de la sordesa aix\u00ed com l\u2019assessorament i suport de Sant Joan als pacients i les fam\u00edlies. Per la seva banda, la dra. Loreto Martorell i la dra. Judith Armstrong, facultatives genetistes de laboratori, van tractar aspectos diversos i complementaris de les proves gen\u00e8tiques i del diagn\u00f2stic gen\u00e8tic.<\/h5>\n<h5>Us presentem una selecci\u00f3 acurada d\u2019algunes parts del webinar que podreu veure i que hem subtitulat per a les persones amb sordesa.<\/h5>\n[\/vc_wp_text][\/vc_column_inner][\/vc_row_inner][vc_row_inner][vc_column_inner width=&#8221;1\/3&#8243;]<article class=\"icon-box12\"><i class=\"fa-search-plus\" style=\" color:#3ca5ba;\"><\/i><h4 style=\"color:#3ca5ba\">S\u00edndrome de Waardenburg tipus 2<\/h4><\/article>[vc_video link=&#8221;https:\/\/youtu.be\/EtI8En0Dog4&#8243;][\/vc_column_inner][vc_column_inner width=&#8221;1\/3&#8243;]<article class=\"icon-box12\"><i class=\"fa-search-plus\" style=\" color:#3ca5ba;\"><\/i><h4 style=\"color:#3ca5ba\">L'acc\u00e9s a l'estudi gen\u00e8tic<\/h4><\/article>[vc_video link=&#8221;https:\/\/www.youtube.com\/watch?v=FajPFhwhJc4&#8243;][\/vc_column_inner][vc_column_inner width=&#8221;1\/3&#8243;]<article class=\"icon-box12\"><i class=\"fa-search-plus\" style=\" color:#3ca5ba;\"><\/i><h4 style=\"color:#3ca5ba\">Implant coclear i ter\u00e0pies g\u00e8niques<\/h4><\/article>[vc_video link=&#8221;https:\/\/youtu.be\/qp20SfTI5BU&#8221;][\/vc_column_inner][\/vc_row_inner][vc_row_inner][vc_column_inner width=&#8221;1\/3&#8243;]<article class=\"icon-box12\"><i class=\"fa-search-plus\" style=\" color:#3ca5ba;\"><\/i><h4 style=\"color:#3ca5ba\">Ser\u00e0 hereditari?<\/h4><\/article>[vc_video link=&#8221;https:\/\/youtu.be\/ltnbP-5Vp8w&#8221;][\/vc_column_inner][vc_column_inner width=&#8221;1\/3&#8243;]<article class=\"icon-box12\"><i class=\"fa-search-plus\" style=\" color:#3ca5ba;\"><\/i><h4 style=\"color:#3ca5ba\">Detecci\u00f3 de noves causes gen\u00e8tiques<\/h4><\/article>[vc_video link=&#8221;https:\/\/youtu.be\/fQ15PCr0hb4&#8243;]<article class=\"icon-box\"><h4><\/h4><\/article>[\/vc_column_inner][vc_column_inner width=&#8221;1\/3&#8243;]<article class=\"icon-box12\"><i class=\"fa-search-plus\" style=\" color:#3ca5ba;\"><\/i><h4 style=\"color:#3ca5ba\">Detecci\u00f3 de noves causes gen\u00e8tiques (II)<\/h4><\/article>[vc_video link=&#8221;https:\/\/youtu.be\/q2_9Q6Mg7Q4&#8243;][\/vc_column_inner][\/vc_row_inner]<div class=\"max-title5\"><h2>Cuidem-nos! Recursos per al benestar emocional<\/h2><\/div>[vc_row_inner][vc_column_inner width=&#8221;1\/2&#8243;]<article class=\"icon-box12\"><i class=\"fa-heart\" style=\" color:#3ca5ba;\"><\/i><h4 style=\"color:#3ca5ba\">ELS NOSTRES GRUPS DE SUPORT A LES PERSONES AMB SORDESA<\/h4><p>Un dels recursos oberts a totes les persones amb sordesa que oferim des d&#8217;ACAPPS s\u00f3n els Grups de Suport: un espai de trobada peri\u00f2dic entre persones que viviu la mateixa situaci\u00f3, la p\u00e8rdua auditiva; un grup redu\u00eft per escoltar els altres i sentir-nos escoltats\/des. La psic\u00f2loga i facilitadora dels grups, Yanet Osorio, amb sordesa, ens explica amb detall el seu funcionament.<\/p><\/article>[\/vc_column_inner][vc_column_inner width=&#8221;1\/2&#8243;][vc_video link=&#8221;https:\/\/youtu.be\/5fybG901My8&#8243;][\/vc_column_inner][\/vc_row_inner][vc_row_inner][vc_column_inner]<div class=\"max-title5\"><h2>Salut auditiva: la posici\u00f3 T dels audi\u00f2fons i el bucle magn\u00e8tic<\/h2><\/div>[\/vc_column_inner][\/vc_row_inner][vc_row_inner][vc_column_inner width=&#8221;1\/2&#8243;]<article class=\"icon-box12\"><i class=\"fa-rss\" style=\" color:#3ca5ba;\"><\/i><h4 style=\"color:#3ca5ba\">Qu\u00e8 \u00e9s la posici\u00f3 T de l'audi\u00f2fon?<\/h4><\/article>[vc_video link=&#8221;https:\/\/youtu.be\/5RQHf2ReGWA&#8221;][\/vc_column_inner][vc_column_inner width=&#8221;1\/2&#8243;]<article class=\"icon-box12\"><i class=\"fa-rss\" style=\" color:#3ca5ba;\"><\/i><h4 style=\"color:#3ca5ba\">Com puc activar la posici\u00f3 T de l'audi\u00f2fon?<\/h4><\/article>[vc_video link=&#8221;https:\/\/youtu.be\/lXnPl3lWYNA&#8221;][\/vc_column_inner][\/vc_row_inner][\/vc_column][\/vc_row][vc_row][vc_column][vc_single_image image=&#8221;10851&#8243; img_size=&#8221;full&#8221;][\/vc_column][\/vc_row]\n","protected":false},"excerpt":{"rendered":"<p>[vc_row][vc_column][vc_row_inner][vc_column_inner][vc_wp_text] El passat 1 de juliol, des d\u2019ACAPPS vam organitzar un webinar per parlar dels beneficis que aporta el diagn\u00f2stic gen\u00e8tic de la sordesa amb l\u2019equip de medicina gen\u00e8tica i molecular de l\u2019Hospital Sant Joan de D\u00e9u. En la xerrada, moderada pel Dr. Francesc Palau, cap del servei de medicina\u00a0 gen\u00e8tica i molecular de l\u2019hospital Sant Joan de D\u00e9u, la Dra. Mar Borregan, facultativa assessora&#8230; <\/p>\n<p><a class=\"readmore\" href=\"https:\/\/acapps.org\/web\/salut-i-benestar-emocional\/\">LLEGIR M\u00c9S<\/a><\/p>\n","protected":false},"author":3,"featured_media":0,"parent":0,"menu_order":0,"comment_status":"closed","ping_status":"closed","template":"","meta":{"footnotes":""},"_links":{"self":[{"href":"https:\/\/acapps.org\/web\/wp-json\/wp\/v2\/pages\/10891"}],"collection":[{"href":"https:\/\/acapps.org\/web\/wp-json\/wp\/v2\/pages"}],"about":[{"href":"https:\/\/acapps.org\/web\/wp-json\/wp\/v2\/types\/page"}],"author":[{"embeddable":true,"href":"https:\/\/acapps.org\/web\/wp-json\/wp\/v2\/users\/3"}],"replies":[{"embeddable":true,"href":"https:\/\/acapps.org\/web\/wp-json\/wp\/v2\/comments?post=10891"}],"version-history":[{"count":19,"href":"https:\/\/acapps.org\/web\/wp-json\/wp\/v2\/pages\/10891\/revisions"}],"predecessor-version":[{"id":11366,"href":"https:\/\/acapps.org\/web\/wp-json\/wp\/v2\/pages\/10891\/revisions\/11366"}],"wp:attachment":[{"href":"https:\/\/acapps.org\/web\/wp-json\/wp\/v2\/media?parent=10891"}],"curies":[{"name":"wp","href":"https:\/\/api.w.org\/{rel}","templated":true}]}}