{"id":11345,"date":"2021-12-24T11:47:40","date_gmt":"2021-12-24T11:47:40","guid":{"rendered":"https:\/\/acapps.org\/web\/?page_id=11345"},"modified":"2022-12-05T11:18:14","modified_gmt":"2022-12-05T11:18:14","slug":"drets-3","status":"publish","type":"page","link":"https:\/\/acapps.org\/web\/drets-3\/","title":{"rendered":"Drets"},"content":{"rendered":"[vc_row][vc_column]<div class=\"max-title5\"><h2>L&#8217;accessibilitat \u00e9s el teu DRET<\/h2><\/div>[vc_row_inner][vc_column_inner][vc_column_text]\n<h5>En el marc de la campanya <strong>#NoEnsDeixisFora<\/strong>, la Federaci\u00f3 ACAPPS posa en marxa la iniciativa &#8220;L&#8217;accessibilitat \u00e9s el teu dret&#8221; per recollir casos i experi\u00e8ncies viscudes per persones amb sordesa que s&#8217;han trobat davant d&#8217;una situaci\u00f3 que no ha estat accessible per a elles, ja sigui en l&#8217;entorn educatiu, laboral, social o cultural.<\/h5>\n<hr class=\"vertical-space1\">\n<h5>En aquesta s\u00e8rie de microc\u00e0psules, expliquem qu\u00e8 fer davant d&#8217;aquestes situacions, us animem a compartir-les, a denunciar-les i us expliquem com us podem acompanyar des d&#8217;ACAPPS i quines accions podem emprendre.<\/h5>\n<hr class=\"vertical-space1\">\n<h5><strong>Perqu\u00e8 entenem que la manca de recursos en accessibilitat a la comunicaci\u00f3 \u00e9s una discriminaci\u00f3 que pateix la persona amb sordesa.<\/strong><\/h5>\n<h5><strong>Perqu\u00e8 creiem que l&#8217;accessibilitat no \u00e9s un favor que es demana: l&#8217;accessibilitat \u00e9s un dret que tenim.<\/strong><\/h5>\n[\/vc_column_text][\/vc_column_inner][\/vc_row_inner][vc_row_inner][vc_column_inner width=&#8221;1\/3&#8243;]<article class=\"icon-box12\"><i class=\"fa-volume-up\" style=\" color:#3ca5ba;\"><\/i><h4 style=\"color:#3ca5ba\">Quines institucions i lleis garanteixen el dret a l'accessibilitat?<\/h4><\/article>[vc_video link=&#8221;https:\/\/youtu.be\/E9mwau7fak4&#8243;][\/vc_column_inner][vc_column_inner width=&#8221;1\/3&#8243;]<article class=\"icon-box12\"><i class=\"fa-volume-up\" style=\" color:#3ca5ba;\"><\/i><h4 style=\"color:#3ca5ba\">Com puc informar a ACAPPS d'un cas d'inaccessibilitat?<\/h4><\/article>[vc_video link=&#8221;https:\/\/youtu.be\/fzm2HQxqwH8&#8243;][\/vc_column_inner][vc_column_inner width=&#8221;1\/3&#8243;]<article class=\"icon-box12\"><i class=\"fa-volume-up\" style=\" color:#3ca5ba;\"><\/i><h4 style=\"color:#3ca5ba\">Qu\u00e8 fa ACAPPS amb les den\u00fancies que rep?<\/h4><\/article>[vc_video link=&#8221;https:\/\/youtu.be\/xxTq72kIZ2I&#8221;][\/vc_column_inner][\/vc_row_inner][vc_row_inner][vc_column_inner width=&#8221;1\/3&#8243;]<article class=\"icon-box12\"><i class=\"fa-volume-up\" style=\" color:#3ca5ba;\"><\/i><h4 style=\"color:#3ca5ba\">ACAPPS recull les dades dels casos d'inaccessibilitat? On?<\/h4><\/article>[vc_video link=&#8221;https:\/\/youtu.be\/ScMWn4vMZj0&#8243;][\/vc_column_inner][vc_column_inner width=&#8221;1\/3&#8243;]<article class=\"icon-box12\"><i class=\"fa-volume-up\" style=\" color:#3ca5ba;\"><\/i><h4 style=\"color:#3ca5ba\">Per qu\u00e8 \u00e9s important denunciar l'inaccessibilitat?<\/h4><\/article>[vc_video link=&#8221;https:\/\/youtu.be\/xT9SqThTV0s&#8221;][\/vc_column_inner][vc_column_inner width=&#8221;1\/3&#8243;][\/vc_column_inner][\/vc_row_inner][vc_row_inner][vc_column_inner]<div class=\"max-title5\"><h2>La doble discriminaci\u00f3 a la feina: per ser dona i tenir discapacitat<\/h2><\/div>[vc_column_text]\n<h5><strong>Sovint no \u00e9s f\u00e0cil identificar quan has estat discriminada en una situaci\u00f3 pel fet de ser dona o de tenir sordesa.\u00a0<\/strong><\/h5>\n<h5>A ACAPPS sempre pensem que el coneixement empodera. Per aix\u00f2 compartim el taller que vam realitzar amb la Oficina per a la No Discriminaci\u00f3 de l&#8217;Ajuntament de Barcelona. Parlem de la igualtat de tracte i no discriminaci\u00f3, donem eines per identificar i denunciar situacions de discriminaci\u00f3 per motiu de discapacitat i g\u00e8nere en l&#8217;\u00e0mbit laboral.<\/h5>\n[\/vc_column_text][\/vc_column_inner][\/vc_row_inner][vc_row_inner][vc_column_inner width=&#8221;1\/3&#8243;]<article class=\"icon-box12\"><i class=\"li_search\" style=\" color:#3ca5ba;\"><\/i><h4 style=\"color:#3ca5ba\">Discriminaci\u00f3 laboral per g\u00e8nere<\/h4><\/article>[vc_video link=&#8221;https:\/\/youtu.be\/69BzAVyrFq8&#8243;][\/vc_column_inner][vc_column_inner width=&#8221;1\/3&#8243;][\/vc_column_inner][vc_column_inner width=&#8221;1\/3&#8243;][\/vc_column_inner][\/vc_row_inner]<div class=\"max-title5\"><h2>Accessibilitat als plans de prevenci\u00f3 de riscos laborals de les empreses<\/h2><\/div>[vc_column_text]A ACAPPS hem fet una formaci\u00f3 amb l&#8217;Oriol Vida. L&#8217;Oriol t\u00e9 sordesa, \u00e9s arquitecte i est\u00e0 especialitzat en prevenci\u00f3 de riscos a les empreses. En aquesta formaci\u00f3, explica qu\u00e8 han de tenir en compte les empreses per adaptar els plans de prevenci\u00f3 en riscos laborals als treballadors i treballadores amb sordesa.[\/vc_column_text][vc_row_inner][vc_column_inner width=&#8221;1\/3&#8243;]<article class=\"icon-box12\"><i class=\"li_settings\" style=\" color:#3ca5ba;\"><\/i><h4 style=\"color:#3ca5ba\">El deure i responsabilitat de les empreses en l'adaptaci\u00f3 dels plans de prevenci\u00f3 en riscos laborals<\/h4><\/article>[vc_video link=&#8221;https:\/\/youtu.be\/ZJwcjafv6Ts&#8221;][\/vc_column_inner][vc_column_inner width=&#8221;1\/3&#8243;]<article class=\"icon-box12\"><i class=\"li_settings\" style=\" color:#3ca5ba;\"><\/i><h4 style=\"color:#3ca5ba\">El dret de les persones treballadores amb sordesa a plans de prevenci\u00f3 de riscos laborals accessibles<\/h4><\/article>[vc_video link=&#8221;https:\/\/youtu.be\/mr9FWZhUrK4&#8243;][\/vc_column_inner][vc_column_inner width=&#8221;1\/3&#8243;][\/vc_column_inner][\/vc_row_inner][\/vc_column][\/vc_row][vc_row][vc_column][\/vc_column][\/vc_row][vc_row][vc_column][\/vc_column][\/vc_row]\n","protected":false},"excerpt":{"rendered":"<p>[vc_row][vc_column][vc_row_inner][vc_column_inner][vc_column_text] En el marc de la campanya #NoEnsDeixisFora, la Federaci\u00f3 ACAPPS posa en marxa la iniciativa &#8220;L&#8217;accessibilitat \u00e9s el teu dret&#8221; per recollir casos i experi\u00e8ncies viscudes per persones amb sordesa que s&#8217;han trobat davant d&#8217;una situaci\u00f3 que no ha estat accessible per a elles, ja sigui en l&#8217;entorn educatiu, laboral, social o cultural. En aquesta s\u00e8rie de microc\u00e0psules, expliquem qu\u00e8 fer davant d&#8217;aquestes situacions,&#8230; <\/p>\n<p><a class=\"readmore\" href=\"https:\/\/acapps.org\/web\/drets-3\/\">LLEGIR M\u00c9S<\/a><\/p>\n","protected":false},"author":3,"featured_media":0,"parent":0,"menu_order":0,"comment_status":"closed","ping_status":"closed","template":"","meta":{"footnotes":""},"_links":{"self":[{"href":"https:\/\/acapps.org\/web\/wp-json\/wp\/v2\/pages\/11345"}],"collection":[{"href":"https:\/\/acapps.org\/web\/wp-json\/wp\/v2\/pages"}],"about":[{"href":"https:\/\/acapps.org\/web\/wp-json\/wp\/v2\/types\/page"}],"author":[{"embeddable":true,"href":"https:\/\/acapps.org\/web\/wp-json\/wp\/v2\/users\/3"}],"replies":[{"embeddable":true,"href":"https:\/\/acapps.org\/web\/wp-json\/wp\/v2\/comments?post=11345"}],"version-history":[{"count":19,"href":"https:\/\/acapps.org\/web\/wp-json\/wp\/v2\/pages\/11345\/revisions"}],"predecessor-version":[{"id":12721,"href":"https:\/\/acapps.org\/web\/wp-json\/wp\/v2\/pages\/11345\/revisions\/12721"}],"wp:attachment":[{"href":"https:\/\/acapps.org\/web\/wp-json\/wp\/v2\/media?parent=11345"}],"curies":[{"name":"wp","href":"https:\/\/api.w.org\/{rel}","templated":true}]}}