{"id":12304,"date":"2022-07-27T06:02:50","date_gmt":"2022-07-27T06:02:50","guid":{"rendered":"https:\/\/acapps.org\/web\/?page_id=12304"},"modified":"2025-09-10T07:36:56","modified_gmt":"2025-09-10T07:36:56","slug":"tenimrespostes-acapps-org","status":"publish","type":"page","link":"https:\/\/acapps.org\/web\/tenimrespostes-acapps-org\/","title":{"rendered":"Tenim respostes"},"content":{"rendered":"[vc_row][vc_column][vc_row_inner][vc_column_inner][vc_column_text]Tant si sou una fam\u00edlia amb un\/a fill\/a diagnosticat\/da d&#8217;hipoac\u00fasia o ets una persona adulta amb sordesa, des de la Federaci\u00f3 ACAPPS<strong> volem acompanyar-vos i donar respostes a totes les preguntes que tingueu sobre la sordesa, sobre els audi\u00f2fons i els implants coclears, sobre la rehabilitaci\u00f3 auditiva i la logop\u00e8dia.<\/strong>\n\n<!-- \/wp:paragraph -->\n\nAcompanyats dels i de les<strong> professionals de refer\u00e8ncia de cada \u00e0mbit,<\/strong> t&#8217;oferim informaci\u00f3 especialitzada i fiable.\n\nCom a entitat referent a Catalunya de les persones amb sordesa que es comuniquen en llengua oral i de les seves fam\u00edlies ampliarem aquesta secci\u00f3 que \u00e9s possible gr\u00e0cies al suport del <strong>departament de Salut.<\/strong>\n\n<a href=\"https:\/\/www.encuestafacil.com\/respweb\/cuestionarios.aspx?EID=2908214\">Tamb\u00e9 tenim una enquesta oberta per recollir noves consultes<\/a> que ens vulgueu fer, en qualsevol \u00e0mbit -m\u00e8dic, prot\u00e8tic, laboral, legal, social,&#8230;- i que gestionarem amb professionals referents per poder-vos donar resposta.\n\n<hr>[\/vc_column_text][vc_single_image image=&#8221;13961&#8243; img_size=&#8221;full&#8221; alignment=&#8221;center&#8221; onclick=&#8221;custom_link&#8221; link=&#8221;https:\/\/www.encuestafacil.com\/respweb\/cuestionarios.aspx?EID=2908214&#8243;][\/vc_column_inner][\/vc_row_inner][vc_row_inner][vc_column_inner]<div class=\"max-title5\"><h2>Les pr\u00f2tesis auditives: els audi\u00f2fons i els implants coclears<\/h2><\/div>[vc_single_image image=&#8221;14367&#8243; img_size=&#8221;full&#8221;][\/vc_column_inner][\/vc_row_inner][vc_row_inner][vc_column_inner][vc_column_inner][\/vc_column_inner][\/vc_column_inner][vc_toggle title=&#8221;Tipus de sordesa i implicacions&#8221;]\n\n<iframe loading=\"lazy\" title=\"Tipus de sordesa i la seva implicaci\u00f3\" width=\"940\" height=\"529\" src=\"https:\/\/www.youtube.com\/embed\/u7BLAWN6eJM?feature=oembed\" frameborder=\"0\" allow=\"accelerometer; autoplay; clipboard-write; encrypted-media; gyroscope; picture-in-picture; web-share\" referrerpolicy=\"strict-origin-when-cross-origin\" allowfullscreen><\/iframe>\n\n[\/vc_toggle][vc_toggle title=&#8221;Qu\u00e8 puc fer per millorar el rendiment de la meva pr\u00f2tesi auditiva o la del meu fill?&#8221;]<iframe loading=\"lazy\" title=\"Qu\u00e8 puc fer per millorar el rendiment de la meva pr\u00f2tesi auditiva o la del meu fill?\" width=\"940\" height=\"529\" src=\"https:\/\/www.youtube.com\/embed\/c0vKjETrw6Y?feature=oembed\" frameborder=\"0\" allow=\"accelerometer; autoplay; clipboard-write; encrypted-media; gyroscope; picture-in-picture; web-share\" referrerpolicy=\"strict-origin-when-cross-origin\" allowfullscreen><\/iframe>[\/vc_toggle][vc_toggle title=&#8221;Despr\u00e9s de posar me l&#8217;implant, podr\u00e9 utilitzar processadors d&#8217;implants de marques diferents?&#8221;]<iframe loading=\"lazy\" title=\"Despr\u00e9s de posar-me l&#039;implant, podr\u00e9 utilitzar processadors d&#039;implants  de marques diferents?\" width=\"940\" height=\"529\" src=\"https:\/\/www.youtube.com\/embed\/i-zi5S9dgFs?feature=oembed\" frameborder=\"0\" allow=\"accelerometer; autoplay; clipboard-write; encrypted-media; gyroscope; picture-in-picture; web-share\" referrerpolicy=\"strict-origin-when-cross-origin\" allowfullscreen><\/iframe>[\/vc_toggle][vc_toggle title=&#8221;Mesures de seguretat en situacions determinades amb implant coclear (arcs de seguretat, avions&#8230;)&#8221;]<iframe loading=\"lazy\" title=\"Mesures de seguretat en situacions determinades amb implant coclear: arcs de seguretat, avions...\" width=\"940\" height=\"529\" src=\"https:\/\/www.youtube.com\/embed\/hQDAZ_UcS-Q?feature=oembed\" frameborder=\"0\" allow=\"accelerometer; autoplay; clipboard-write; encrypted-media; gyroscope; picture-in-picture; web-share\" referrerpolicy=\"strict-origin-when-cross-origin\" allowfullscreen><\/iframe>[\/vc_toggle][vc_toggle title=&#8221;Existeix el risc que el meu implant  esdevingui obsolet? En aquest cas, quines s\u00f3n les mesures  que cal prendre?&#8221;]<iframe loading=\"lazy\" title=\"Existeix el risc que el meu implant  esdevingui obsolet? Quines s\u00f3n les mesures  que cal prendre?\" width=\"940\" height=\"529\" src=\"https:\/\/www.youtube.com\/embed\/Ig92EiibXGQ?feature=oembed\" frameborder=\"0\" allow=\"accelerometer; autoplay; clipboard-write; encrypted-media; gyroscope; picture-in-picture; web-share\" referrerpolicy=\"strict-origin-when-cross-origin\" allowfullscreen><\/iframe>[\/vc_toggle][vc_toggle title=&#8221;Quin rendiment puc tenir amb un implant?&#8221;]<iframe loading=\"lazy\" title=\"Quin rendiment puc tenir amb un implant?\" width=\"940\" height=\"529\" src=\"https:\/\/www.youtube.com\/embed\/6bDLX359NyU?feature=oembed\" frameborder=\"0\" allow=\"accelerometer; autoplay; clipboard-write; encrypted-media; gyroscope; picture-in-picture; web-share\" referrerpolicy=\"strict-origin-when-cross-origin\" allowfullscreen><\/iframe>[\/vc_toggle][vc_toggle title=&#8221;Quin manteniment requereix el processador d&#8217;un implant?&#8221;]<iframe loading=\"lazy\" title=\"Quin manteniment requereix el processador d&#039;un implant?\" width=\"940\" height=\"529\" src=\"https:\/\/www.youtube.com\/embed\/-7ZhvO_wvBA?feature=oembed\" frameborder=\"0\" allow=\"accelerometer; autoplay; clipboard-write; encrypted-media; gyroscope; picture-in-picture; web-share\" referrerpolicy=\"strict-origin-when-cross-origin\" allowfullscreen><\/iframe>[\/vc_toggle][vc_toggle title=&#8221;Qu\u00e8 he de tenir en compte a l\u2019hora de triar el model de processador?&#8221;]<iframe loading=\"lazy\" title=\"Qu\u00e8 he de tenir en compte a l\u2019hora de triar el model de processador?\" width=\"940\" height=\"529\" src=\"https:\/\/www.youtube.com\/embed\/b5XgXII8trU?feature=oembed\" frameborder=\"0\" allow=\"accelerometer; autoplay; clipboard-write; encrypted-media; gyroscope; picture-in-picture; web-share\" referrerpolicy=\"strict-origin-when-cross-origin\" allowfullscreen><\/iframe>[\/vc_toggle][vc_toggle title=&#8221;Quan \u00e9s possible renovar el model de processador de l&#8217;implant?&#8221;]<iframe loading=\"lazy\" title=\"Quan \u00e9s possible renovar el model de processador de l&#039;implant?\" width=\"940\" height=\"529\" src=\"https:\/\/www.youtube.com\/embed\/JU53G7q9yXU?feature=oembed\" frameborder=\"0\" allow=\"accelerometer; autoplay; clipboard-write; encrypted-media; gyroscope; picture-in-picture; web-share\" referrerpolicy=\"strict-origin-when-cross-origin\" allowfullscreen><\/iframe>[\/vc_toggle][vc_toggle title=&#8221;Puc triar el model de l&#8217;implant?&#8221;]<iframe loading=\"lazy\" title=\"Puc triar el model de l&#039;implant?\" width=\"940\" height=\"529\" src=\"https:\/\/www.youtube.com\/embed\/Kbnm0L2siTY?feature=oembed\" frameborder=\"0\" allow=\"accelerometer; autoplay; clipboard-write; encrypted-media; gyroscope; picture-in-picture; web-share\" referrerpolicy=\"strict-origin-when-cross-origin\" allowfullscreen><\/iframe>[\/vc_toggle][vc_toggle title=&#8221;Quina \u00e9s la sensaci\u00f3 despr\u00e9s  de col\u00b7locar-se un implant? I qu\u00e8 es pot fer per adaptar se  b\u00e9 a l\u2019implant?&#8221;]<iframe loading=\"lazy\" title=\"Quina \u00e9s la sensaci\u00f3 despr\u00e9s  de col\u00b7locar se un implant i qu\u00e8 es pot fer per adaptar-s&#039;hi b\u00e9?\" width=\"940\" height=\"529\" src=\"https:\/\/www.youtube.com\/embed\/A8Pkq5tfCVk?feature=oembed\" frameborder=\"0\" allow=\"accelerometer; autoplay; clipboard-write; encrypted-media; gyroscope; picture-in-picture; web-share\" referrerpolicy=\"strict-origin-when-cross-origin\" allowfullscreen><\/iframe>[\/vc_toggle][vc_toggle title=&#8221;Quina difer\u00e8ncia hi ha en l\u2019estimulaci\u00f3 auditiva que dona un audi\u00f2fon i un implant coclear?&#8221;]<iframe loading=\"lazy\" title=\"Quina difer\u00e8ncia hi ha en l\u2019estimulaci\u00f3 auditiva que dona un audi\u00f2fon i un implant coclear?\" width=\"940\" height=\"529\" src=\"https:\/\/www.youtube.com\/embed\/Dz4rA6M1eAo?feature=oembed\" frameborder=\"0\" allow=\"accelerometer; autoplay; clipboard-write; encrypted-media; gyroscope; picture-in-picture; web-share\" referrerpolicy=\"strict-origin-when-cross-origin\" allowfullscreen><\/iframe>[\/vc_toggle][vc_toggle title=&#8221;Quins s\u00f3n els passos necessaris per adaptar-se b\u00e9 a un implant despr\u00e9s de la cirurgia?&#8221;]<iframe loading=\"lazy\" title=\"Quins s\u00f3n els passos necessaris per adaptar-se b\u00e9 a un implant despr\u00e9s de la cirurgia?\" width=\"940\" height=\"529\" src=\"https:\/\/www.youtube.com\/embed\/EbxlIsjXc8g?feature=oembed\" frameborder=\"0\" allow=\"accelerometer; autoplay; clipboard-write; encrypted-media; gyroscope; picture-in-picture; web-share\" referrerpolicy=\"strict-origin-when-cross-origin\" allowfullscreen><\/iframe>[\/vc_toggle][vc_toggle title=&#8221;Audi\u00f2fon o implant coclear?&#8221;]\n\n<iframe loading=\"lazy\" title=\"Audi\u00f2fon o implant coclear\" width=\"940\" height=\"529\" src=\"https:\/\/www.youtube.com\/embed\/CeQyrI7cG7s?feature=oembed\" frameborder=\"0\" allow=\"accelerometer; autoplay; clipboard-write; encrypted-media; gyroscope; picture-in-picture; web-share\" referrerpolicy=\"strict-origin-when-cross-origin\" allowfullscreen><\/iframe>\n\n[\/vc_toggle][vc_toggle title=&#8221;Quins aspectes psicol\u00f2gics es valoren abans de l&#8217;implant?&#8221;]\n\n<iframe loading=\"lazy\" title=\"Quins aspectes psicol\u00f2gics es valoren abans de l&#039;implant?\" width=\"940\" height=\"529\" src=\"https:\/\/www.youtube.com\/embed\/B-1TqA8DGfQ?feature=oembed\" frameborder=\"0\" allow=\"accelerometer; autoplay; clipboard-write; encrypted-media; gyroscope; picture-in-picture; web-share\" referrerpolicy=\"strict-origin-when-cross-origin\" allowfullscreen><\/iframe>\n\n[\/vc_toggle][vc_toggle title=&#8221;Quines repercussions tenen els diferents tipus de sordesa?&#8221;]\n\n<iframe loading=\"lazy\" title=\"Quines repercussions tenen els diferents tipus de sordesa?\" width=\"940\" height=\"529\" src=\"https:\/\/www.youtube.com\/embed\/sfT8CRk7q7I?feature=oembed\" frameborder=\"0\" allow=\"accelerometer; autoplay; clipboard-write; encrypted-media; gyroscope; picture-in-picture; web-share\" referrerpolicy=\"strict-origin-when-cross-origin\" allowfullscreen><\/iframe>\n\n[\/vc_toggle][vc_toggle title=&#8221;Com \u00e9s una unitat d\u2019implants coclears?&#8221;]\n\n<iframe loading=\"lazy\" title=\"Com \u00e9s una unitat d&#039;implants coclears?\" width=\"940\" height=\"529\" src=\"https:\/\/www.youtube.com\/embed\/wfr-YC0VnF8?feature=oembed\" frameborder=\"0\" allow=\"accelerometer; autoplay; clipboard-write; encrypted-media; gyroscope; picture-in-picture; web-share\" referrerpolicy=\"strict-origin-when-cross-origin\" allowfullscreen><\/iframe>\n\n[\/vc_toggle][vc_toggle title=&#8221;Com \u00e9s la cirurgia d\u2019un implant coclear?&#8221;]Toggle content goes here, click edit button to change this text.\n\n<iframe loading=\"lazy\" title=\"Com \u00e9s la cirurgia de l&#039;implant coclear?\" width=\"940\" height=\"529\" src=\"https:\/\/www.youtube.com\/embed\/ibzVRMcQIDg?feature=oembed\" frameborder=\"0\" allow=\"accelerometer; autoplay; clipboard-write; encrypted-media; gyroscope; picture-in-picture; web-share\" referrerpolicy=\"strict-origin-when-cross-origin\" allowfullscreen><\/iframe>\n\n[\/vc_toggle][vc_toggle title=&#8221;Com \u00e9s la rehabilitaci\u00f3 despr\u00e9s d&#8217;implantar-se?&#8221;]\n\n<iframe loading=\"lazy\" title=\"Com \u00e9s la rehabilitaci\u00f3 despr\u00e9s d&#039;implantar-se?\" width=\"940\" height=\"529\" src=\"https:\/\/www.youtube.com\/embed\/bZ4bjGqVap4?feature=oembed\" frameborder=\"0\" allow=\"accelerometer; autoplay; clipboard-write; encrypted-media; gyroscope; picture-in-picture; web-share\" referrerpolicy=\"strict-origin-when-cross-origin\" allowfullscreen><\/iframe>\n\n[\/vc_toggle][vc_toggle title=&#8221;Perdr\u00e9 les restes auditives si m\u2019implanto?&#8221;]\n\n<iframe loading=\"lazy\" title=\"Perdr\u00e9 les restes auditives si m&#039;implanto?\" width=\"940\" height=\"529\" src=\"https:\/\/www.youtube.com\/embed\/XcqOUqSBVL0?feature=oembed\" frameborder=\"0\" allow=\"accelerometer; autoplay; clipboard-write; encrypted-media; gyroscope; picture-in-picture; web-share\" referrerpolicy=\"strict-origin-when-cross-origin\" allowfullscreen><\/iframe>\n\n[\/vc_toggle][vc_toggle title=&#8221;Quins audi\u00f2fons hi ha i quins necessito?&#8221;]\n\n<iframe loading=\"lazy\" title=\"Quins audiofons hi ha i quins necessito?\" width=\"940\" height=\"529\" src=\"https:\/\/www.youtube.com\/embed\/KzRlvyBSeTU?feature=oembed\" frameborder=\"0\" allow=\"accelerometer; autoplay; clipboard-write; encrypted-media; gyroscope; picture-in-picture; web-share\" referrerpolicy=\"strict-origin-when-cross-origin\" allowfullscreen><\/iframe>\n\n[\/vc_toggle][vc_toggle title=&#8221;Quin paper t\u00e9 el psic\u00f2leg en l&#8217;equip m\u00e8dic?&#8221;]\n\n<iframe loading=\"lazy\" title=\"Quin paper t\u00e9 el psic\u00f2leg en l&#039;equip m\u00e8dic?\" width=\"940\" height=\"529\" src=\"https:\/\/www.youtube.com\/embed\/hDbm-iTSBgE?feature=oembed\" frameborder=\"0\" allow=\"accelerometer; autoplay; clipboard-write; encrypted-media; gyroscope; picture-in-picture; web-share\" referrerpolicy=\"strict-origin-when-cross-origin\" allowfullscreen><\/iframe>\n\n[\/vc_toggle][\/vc_row_inner][vc_row_inner][vc_column_inner][vc_toggle title=&#8221;La cirurgia de l&#8217;implant coclear pot afectar l&#8217;equilibri?&#8221;]\n\n<iframe loading=\"lazy\" title=\"La cirurgia de l implant pot afectar a l equilibri\" width=\"940\" height=\"529\" src=\"https:\/\/www.youtube.com\/embed\/uwjirz4nuio?feature=oembed\" frameborder=\"0\" allow=\"accelerometer; autoplay; clipboard-write; encrypted-media; gyroscope; picture-in-picture; web-share\" referrerpolicy=\"strict-origin-when-cross-origin\" allowfullscreen><\/iframe>\n\n[\/vc_toggle][vc_toggle title=&#8221;Com \u00e9s la programaci\u00f3 de l&#8217;implant coclear?&#8221;]\n\n<iframe loading=\"lazy\" title=\"Com \u00e9s la programaci\u00f3 de l&#039;implant coclear?\" width=\"940\" height=\"529\" src=\"https:\/\/www.youtube.com\/embed\/k8jNat1fYZk?feature=oembed\" frameborder=\"0\" allow=\"accelerometer; autoplay; clipboard-write; encrypted-media; gyroscope; picture-in-picture; web-share\" referrerpolicy=\"strict-origin-when-cross-origin\" allowfullscreen><\/iframe>\n\n[\/vc_toggle][vc_toggle title=&#8221;Com i quan es comen\u00e7a a sentir-hi amb l&#8217;implant coclear?&#8221;]\n\n<iframe loading=\"lazy\" title=\"Com i quan es comen\u00e7a a sentir amb l&#039;implant coclear?\" width=\"940\" height=\"529\" src=\"https:\/\/www.youtube.com\/embed\/gxBeaU_aOd8?feature=oembed\" frameborder=\"0\" allow=\"accelerometer; autoplay; clipboard-write; encrypted-media; gyroscope; picture-in-picture; web-share\" referrerpolicy=\"strict-origin-when-cross-origin\" allowfullscreen><\/iframe>\n\n[\/vc_toggle][vc_toggle title=&#8221;\u00c9s recomenable fer un estudi gen\u00e8tic?&#8221;]\n\n<iframe loading=\"lazy\" title=\"\u00c9s recomanable fer un estudi gen\u00e8tic?\" width=\"940\" height=\"529\" src=\"https:\/\/www.youtube.com\/embed\/nzmHjlrFl14?feature=oembed\" frameborder=\"0\" allow=\"accelerometer; autoplay; clipboard-write; encrypted-media; gyroscope; picture-in-picture; web-share\" referrerpolicy=\"strict-origin-when-cross-origin\" allowfullscreen><\/iframe>\n\n[\/vc_toggle][vc_toggle title=&#8221;Quins avantatges t\u00e9 un estudi gen\u00e8tic?&#8221;]\n\n<iframe loading=\"lazy\" title=\"Quins avantatges te un estudi genetic?\" width=\"940\" height=\"529\" src=\"https:\/\/www.youtube.com\/embed\/7sErslJ-JSI?feature=oembed\" frameborder=\"0\" allow=\"accelerometer; autoplay; clipboard-write; encrypted-media; gyroscope; picture-in-picture; web-share\" referrerpolicy=\"strict-origin-when-cross-origin\" allowfullscreen><\/iframe>\n\n[\/vc_toggle][vc_toggle title=&#8221;Quin paper juga l&#8217;audioprotetista a la unitat d&#8217;implants coclears?&#8221;]\n\n<iframe loading=\"lazy\" title=\"Quin paper juga l&#039;audioprotetista a la unitat d&#039;implants?\" width=\"940\" height=\"529\" src=\"https:\/\/www.youtube.com\/embed\/uoSXs6HoZHA?feature=oembed\" frameborder=\"0\" allow=\"accelerometer; autoplay; clipboard-write; encrypted-media; gyroscope; picture-in-picture; web-share\" referrerpolicy=\"strict-origin-when-cross-origin\" allowfullscreen><\/iframe>\n\n[\/vc_toggle][vc_toggle title=&#8221;Per qu\u00e8 cansa tant sentir-hi amb audi\u00f2fon?&#8221;]\n\n<iframe loading=\"lazy\" title=\"Per qu\u00e8 cansa tant sentir-hi amb audi\u00f2fons?\" width=\"940\" height=\"529\" src=\"https:\/\/www.youtube.com\/embed\/zFOoYq9oSMM?feature=oembed\" frameborder=\"0\" allow=\"accelerometer; autoplay; clipboard-write; encrypted-media; gyroscope; picture-in-picture; web-share\" referrerpolicy=\"strict-origin-when-cross-origin\" allowfullscreen><\/iframe>\n\n[\/vc_toggle][vc_toggle title=&#8221;Quins implants coclears es posen a Catalunya a les persones adultes i quines prestacions tenen?&#8221;][\/vc_toggle][vc_toggle title=&#8221;Com \u00e9s la unitat d&#8217;implants coclears de Germans Tries i Pujol?&#8221;]\n\n<iframe loading=\"lazy\" title=\"Com \u00e9s la unitat d&#039;implants coclears de Germans Trias i Pujol?\" width=\"940\" height=\"529\" src=\"https:\/\/www.youtube.com\/embed\/-vSdoXy0Nlc?feature=oembed\" frameborder=\"0\" allow=\"accelerometer; autoplay; clipboard-write; encrypted-media; gyroscope; picture-in-picture; web-share\" referrerpolicy=\"strict-origin-when-cross-origin\" allowfullscreen><\/iframe>\n\n[\/vc_toggle][vc_toggle title=&#8221;Puc triar el model d\u2019implant coclear?&#8221;]\n\n<iframe loading=\"lazy\" title=\"Podem triar el model d&#039;implant coclear?\" width=\"940\" height=\"529\" src=\"https:\/\/www.youtube.com\/embed\/E8-wwcKN18U?feature=oembed\" frameborder=\"0\" allow=\"accelerometer; autoplay; clipboard-write; encrypted-media; gyroscope; picture-in-picture; web-share\" referrerpolicy=\"strict-origin-when-cross-origin\" allowfullscreen><\/iframe>\n\n[\/vc_toggle][vc_toggle title=&#8221;Podr\u00e9 fer servir a la vegada un implant a un costat i un audi\u00f2fon a l&#8217;altra?&#8221;]\n\n<iframe loading=\"lazy\" title=\"Podr\u00e9 fer servir un implant coclear a una banda i un audi\u00f2fon a l&#039;altre?\" width=\"940\" height=\"529\" src=\"https:\/\/www.youtube.com\/embed\/uFZsOIN9io0?feature=oembed\" frameborder=\"0\" allow=\"accelerometer; autoplay; clipboard-write; encrypted-media; gyroscope; picture-in-picture; web-share\" referrerpolicy=\"strict-origin-when-cross-origin\" allowfullscreen><\/iframe>\n\n[\/vc_toggle][vc_toggle title=&#8221;Quina durada t\u00e9 un implant i qu\u00e8 passa quan es queda obsolet?&#8221;]\n\n<iframe loading=\"lazy\" title=\"Quina durada t\u00e9 un implant i qu\u00e8 passa quan queda obsolet?\" width=\"940\" height=\"529\" src=\"https:\/\/www.youtube.com\/embed\/0FhGfoZcxWc?feature=oembed\" frameborder=\"0\" allow=\"accelerometer; autoplay; clipboard-write; encrypted-media; gyroscope; picture-in-picture; web-share\" referrerpolicy=\"strict-origin-when-cross-origin\" allowfullscreen><\/iframe>\n\n[\/vc_toggle][vc_toggle title=&#8221;Quan et poses un audi\u00f2fon, ja hi sents b\u00e9?&#8221;]\n\n<iframe loading=\"lazy\" title=\"Quan es col\u00b7loca l&#039;audi\u00f2fon, s&#039;hi sent b\u00e9 de seguida?\" width=\"940\" height=\"529\" src=\"https:\/\/www.youtube.com\/embed\/uYoAF9JiVXA?feature=oembed\" frameborder=\"0\" allow=\"accelerometer; autoplay; clipboard-write; encrypted-media; gyroscope; picture-in-picture; web-share\" referrerpolicy=\"strict-origin-when-cross-origin\" allowfullscreen><\/iframe>\n\n[\/vc_toggle][vc_toggle title=&#8221;Qu\u00e8 cal fer per sentir-hi b\u00e9 despr\u00e9s de posar-te audi\u00f2fon?&#8221;]https:\/\/youtu.be\/mbQ2tT3Jzx8[\/vc_toggle][vc_toggle title=&#8221;Cal fer entrenament auditiu si em poso implant?&#8221;]\n\n<iframe loading=\"lazy\" title=\"\u00c9s necessari fer entrenament auditiu quan et col\u00b7loquen un implant coclear.\" width=\"940\" height=\"529\" src=\"https:\/\/www.youtube.com\/embed\/Ecv73SIAUoc?feature=oembed\" frameborder=\"0\" allow=\"accelerometer; autoplay; clipboard-write; encrypted-media; gyroscope; picture-in-picture; web-share\" referrerpolicy=\"strict-origin-when-cross-origin\" allowfullscreen><\/iframe>\n\n[\/vc_toggle][vc_toggle title=&#8221;Cal fer entrenament auditiu si em poso audi\u00f2fon?&#8221;]\n\n<iframe loading=\"lazy\" title=\"S&#039;ha de fer entrenament auditiu quan et poses un audi\u00f2fon?\" width=\"940\" height=\"529\" src=\"https:\/\/www.youtube.com\/embed\/7zzz_uAAeEY?feature=oembed\" frameborder=\"0\" allow=\"accelerometer; autoplay; clipboard-write; encrypted-media; gyroscope; picture-in-picture; web-share\" referrerpolicy=\"strict-origin-when-cross-origin\" allowfullscreen><\/iframe>\n\n[\/vc_toggle][vc_toggle title=&#8221;Qu\u00e8 \u00e9s l&#8217;entrenament auditiu? Per qu\u00e8 serveix?&#8221;]\n\n<iframe loading=\"lazy\" title=\"Qu\u00e8 \u00e9s l&#039;entrenament auditiu? Per qu\u00e8 serveix?\" width=\"940\" height=\"529\" src=\"https:\/\/www.youtube.com\/embed\/cQC8DdvAO44?feature=oembed\" frameborder=\"0\" allow=\"accelerometer; autoplay; clipboard-write; encrypted-media; gyroscope; picture-in-picture; web-share\" referrerpolicy=\"strict-origin-when-cross-origin\" allowfullscreen><\/iframe>\n\n[\/vc_toggle][vc_toggle title=&#8221;Quant dura l&#8217;entrenament auditiu?&#8221;]\n\n<iframe loading=\"lazy\" title=\"Quant dura l&#039;entrenament auditiu?\" width=\"940\" height=\"529\" src=\"https:\/\/www.youtube.com\/embed\/uMl5KzWImxY?feature=oembed\" frameborder=\"0\" allow=\"accelerometer; autoplay; clipboard-write; encrypted-media; gyroscope; picture-in-picture; web-share\" referrerpolicy=\"strict-origin-when-cross-origin\" allowfullscreen><\/iframe>\n\n[\/vc_toggle][vc_toggle title=&#8221;Com pot afectar el citomegalovirus en la p\u00e8rdua auditiva?&#8221;]\n\n<iframe loading=\"lazy\" title=\"Com pot afectar el citomegalovirus en la p\u00e8rdua auditiva?\" width=\"940\" height=\"529\" src=\"https:\/\/www.youtube.com\/embed\/6UOXCDW0kiM?feature=oembed\" frameborder=\"0\" allow=\"accelerometer; autoplay; clipboard-write; encrypted-media; gyroscope; picture-in-picture; web-share\" referrerpolicy=\"strict-origin-when-cross-origin\" allowfullscreen><\/iframe>\n\n[\/vc_toggle][vc_toggle title=&#8221;Quins s\u00f3n els s\u00edmptomes del citomegalovirus?&#8221;]\n\n<iframe loading=\"lazy\" title=\"Quins s\u00f3n els s\u00edmptomes del citomegalovirus?\" width=\"940\" height=\"529\" src=\"https:\/\/www.youtube.com\/embed\/Y75pyuTIt0g?feature=oembed\" frameborder=\"0\" allow=\"accelerometer; autoplay; clipboard-write; encrypted-media; gyroscope; picture-in-picture; web-share\" referrerpolicy=\"strict-origin-when-cross-origin\" allowfullscreen><\/iframe>\n\n[\/vc_toggle][vc_toggle title=&#8221;Si tinc citomegalovirus i vull tenir fills, qu\u00e8 he de fer per no contagiar-los?&#8221;]\n\n<iframe loading=\"lazy\" title=\"Si tinc citomegalovirus i vull tenir fills, qu\u00e8 he de fer per no contagiar-los?\" width=\"940\" height=\"529\" src=\"https:\/\/www.youtube.com\/embed\/_S0dgullQvE?feature=oembed\" frameborder=\"0\" allow=\"accelerometer; autoplay; clipboard-write; encrypted-media; gyroscope; picture-in-picture; web-share\" referrerpolicy=\"strict-origin-when-cross-origin\" allowfullscreen><\/iframe>\n\n[\/vc_toggle][vc_toggle title=&#8221;Com puc saber si tinc citomegalovirus abans de quedar-me embarassada?&#8221;]Toggle content goes here, click edit button to change this text.\n\n<iframe loading=\"lazy\" title=\"Com puc saber si tinc citomegalovirus abans de quedar-me embarassada?\" width=\"940\" height=\"529\" src=\"https:\/\/www.youtube.com\/embed\/LgKthhvrSdk?feature=oembed\" frameborder=\"0\" allow=\"accelerometer; autoplay; clipboard-write; encrypted-media; gyroscope; picture-in-picture; web-share\" referrerpolicy=\"strict-origin-when-cross-origin\" allowfullscreen><\/iframe>\n\n[\/vc_toggle][vc_toggle title=&#8221;Com s&#8217;hi sent amb un implant coclear?&#8221;]\n\n<iframe loading=\"lazy\" title=\"Com s&#039;hi sent amb un implant coclear?\" width=\"940\" height=\"529\" src=\"https:\/\/www.youtube.com\/embed\/p1dJJ3by_gk?feature=oembed\" frameborder=\"0\" allow=\"accelerometer; autoplay; clipboard-write; encrypted-media; gyroscope; picture-in-picture; web-share\" referrerpolicy=\"strict-origin-when-cross-origin\" allowfullscreen><\/iframe>\n\n[\/vc_toggle][vc_toggle title=&#8221;Per qu\u00e8 es fan TAC\u2019s i resson\u00e0ncies a infants amb p\u00e8rdues auditives d\u2019origen gen\u00e8tic?&#8221;]\n\n<iframe loading=\"lazy\" title=\"Per qu\u00e8 es fan TAC\u2019s i resson\u00e0ncies a infants amb p\u00e8rdues auditives d\u2019origen gen\u00e8tic?\" width=\"940\" height=\"529\" src=\"https:\/\/www.youtube.com\/embed\/n1TnpSwQ32Y?feature=oembed\" frameborder=\"0\" allow=\"accelerometer; autoplay; clipboard-write; encrypted-media; gyroscope; picture-in-picture; web-share\" referrerpolicy=\"strict-origin-when-cross-origin\" allowfullscreen><\/iframe>\n\n[\/vc_toggle][vc_toggle title=&#8221;Podr\u00e9 anar al teatre, escoltar m\u00fasica i fer vida normal amb implant coclear?&#8221;]\n\n<iframe loading=\"lazy\" title=\"Podr\u00e9 anar al teatre, escoltar m\u00fasica i fer vida normal amb implant coclear?\" width=\"940\" height=\"529\" src=\"https:\/\/www.youtube.com\/embed\/n2HwYr_FEr4?feature=oembed\" frameborder=\"0\" allow=\"accelerometer; autoplay; clipboard-write; encrypted-media; gyroscope; picture-in-picture; web-share\" referrerpolicy=\"strict-origin-when-cross-origin\" allowfullscreen><\/iframe>\n\n[\/vc_toggle][vc_toggle title=&#8221;Quant de temps haur\u00e9 d\u2019estar de baixa laboral despr\u00e9s de la cirurgia de l\u2019implant coclear?&#8221;]\n\n<iframe loading=\"lazy\" title=\"Quant de temps haur\u00e9 d\u2019estar de baixa laboral despr\u00e9s de la cirurgia de l\u2019implant coclear?\" width=\"940\" height=\"529\" src=\"https:\/\/www.youtube.com\/embed\/Tyo9DZqrJVs?feature=oembed\" frameborder=\"0\" allow=\"accelerometer; autoplay; clipboard-write; encrypted-media; gyroscope; picture-in-picture; web-share\" referrerpolicy=\"strict-origin-when-cross-origin\" allowfullscreen><\/iframe>\n\n[\/vc_toggle][vc_toggle title=&#8221;Quant de temps passa entre que m\u2019operen fins que puc fer servir l\u2019implant coclear?&#8221;]\n\n<iframe loading=\"lazy\" title=\"Quant de temps passa entre que m\u2019operen fins que puc fer servir l\u2019implant coclear?\" width=\"940\" height=\"529\" src=\"https:\/\/www.youtube.com\/embed\/CqK6vuq5SKI?feature=oembed\" frameborder=\"0\" allow=\"accelerometer; autoplay; clipboard-write; encrypted-media; gyroscope; picture-in-picture; web-share\" referrerpolicy=\"strict-origin-when-cross-origin\" allowfullscreen><\/iframe>\n\n[\/vc_toggle][vc_toggle title=&#8221;Quin acompanyament social i emocional es fa a les persones amb sordesa per part de l\u2019hospital?&#8221;]\n\n<iframe loading=\"lazy\" title=\"Quin acompanyament social i emocional es fa a les  persones amb sordesa per part de l\u2019hospital?\" width=\"940\" height=\"529\" src=\"https:\/\/www.youtube.com\/embed\/itxii7zWZuM?feature=oembed\" frameborder=\"0\" allow=\"accelerometer; autoplay; clipboard-write; encrypted-media; gyroscope; picture-in-picture; web-share\" referrerpolicy=\"strict-origin-when-cross-origin\" allowfullscreen><\/iframe>\n\n[\/vc_toggle][vc_toggle title=&#8221;Quina demora hi ha entre la diagnosi i l\u2019operaci\u00f3 per a l\u2019implant coclear en persones adultes?&#8221;]\n\n<iframe loading=\"lazy\" title=\"Quina demora hi ha entre la diagnosi i l\u2019operaci\u00f3 per a l\u2019implant coclear en persones adultes?\" width=\"940\" height=\"529\" src=\"https:\/\/www.youtube.com\/embed\/iUB0LHBJ0AE?feature=oembed\" frameborder=\"0\" allow=\"accelerometer; autoplay; clipboard-write; encrypted-media; gyroscope; picture-in-picture; web-share\" referrerpolicy=\"strict-origin-when-cross-origin\" allowfullscreen><\/iframe>\n\n[\/vc_toggle][vc_toggle title=&#8221;Quina demora hi haur\u00e0 entre el diagn\u00f2stic i l\u2019implant coclear en infants?&#8221;]\n\n<iframe loading=\"lazy\" title=\"Quina demora hi haur\u00e0 entre el diagn\u00f2stic i l\u2019implant coclear en infants?\" width=\"940\" height=\"529\" src=\"https:\/\/www.youtube.com\/embed\/RLcFL_VNfE8?feature=oembed\" frameborder=\"0\" allow=\"accelerometer; autoplay; clipboard-write; encrypted-media; gyroscope; picture-in-picture; web-share\" referrerpolicy=\"strict-origin-when-cross-origin\" allowfullscreen><\/iframe>\n\n[\/vc_toggle][vc_toggle title=&#8221;Quines proves se m\u2019han de fer per determinar si soc candidat a un implant coclear?&#8221;]\n\n<iframe loading=\"lazy\" title=\"Quines proves se m\u2019han de fer per determinar si soc candidat a un implant coclear?\" width=\"940\" height=\"529\" src=\"https:\/\/www.youtube.com\/embed\/LRlxTKevyXo?feature=oembed\" frameborder=\"0\" allow=\"accelerometer; autoplay; clipboard-write; encrypted-media; gyroscope; picture-in-picture; web-share\" referrerpolicy=\"strict-origin-when-cross-origin\" allowfullscreen><\/iframe>\n\n[\/vc_toggle][vc_toggle title=&#8221;Com ho puc saber si patir\u00e9 otoesclerosi abans que es manifesti? Es pot prevenir?&#8221;]\n\n<iframe loading=\"lazy\" title=\"Com ho puc saber si patir\u00e9 otoesclerosi abans que es manifesti? Es pot prevenir?\" width=\"940\" height=\"529\" src=\"https:\/\/www.youtube.com\/embed\/5nir3eiNc8I?feature=oembed\" frameborder=\"0\" allow=\"accelerometer; autoplay; clipboard-write; encrypted-media; gyroscope; picture-in-picture; web-share\" referrerpolicy=\"strict-origin-when-cross-origin\" allowfullscreen><\/iframe>\n\n[\/vc_toggle][vc_toggle title=&#8221;Les dones, poden saber que tenen otoesclerosi abans que els hi afecti?&#8221;]\n\n<iframe loading=\"lazy\" title=\"Les dones, poden saber que tenen otoesclerosi abans que els hi afecti?\" width=\"940\" height=\"529\" src=\"https:\/\/www.youtube.com\/embed\/ALIyf3Aiv3Q?feature=oembed\" frameborder=\"0\" allow=\"accelerometer; autoplay; clipboard-write; encrypted-media; gyroscope; picture-in-picture; web-share\" referrerpolicy=\"strict-origin-when-cross-origin\" allowfullscreen><\/iframe>\n\n[\/vc_toggle][vc_toggle title=&#8221;Com ser\u00e0 el proc\u00e9s d&#8217;adaptaci\u00f3 als audi\u00f2fons?&#8221;]\n\n<iframe loading=\"lazy\" title=\"Com ser\u00e0 el proc\u00e9s d\u2019adaptaci\u00f3 als audi\u00f2fons?\" width=\"940\" height=\"529\" src=\"https:\/\/www.youtube.com\/embed\/9757EOpYa4k?feature=oembed\" frameborder=\"0\" allow=\"accelerometer; autoplay; clipboard-write; encrypted-media; gyroscope; picture-in-picture; web-share\" referrerpolicy=\"strict-origin-when-cross-origin\" allowfullscreen><\/iframe>\n\n[\/vc_toggle][vc_toggle title=&#8221;L&#8217;otoesclerosis \u00e9s heredit\u00e0ria? Les meves filles la tindran?&#8221;]\n\n<iframe loading=\"lazy\" title=\"L&#039;Otosclerosi \u00e9s heredit\u00e0ria?\" width=\"940\" height=\"529\" src=\"https:\/\/www.youtube.com\/embed\/2fNfLtcUGDU?feature=oembed\" frameborder=\"0\" allow=\"accelerometer; autoplay; clipboard-write; encrypted-media; gyroscope; picture-in-picture; web-share\" referrerpolicy=\"strict-origin-when-cross-origin\" allowfullscreen><\/iframe>\n\n[\/vc_toggle][vc_toggle title=&#8221;L&#8217;otoesclerosis li passa a molta gent?&#8221;]\n\n<iframe loading=\"lazy\" title=\"L&#039;otosclerosi li passa a molta gent?\" width=\"940\" height=\"529\" src=\"https:\/\/www.youtube.com\/embed\/pV9y0avjQBQ?feature=oembed\" frameborder=\"0\" allow=\"accelerometer; autoplay; clipboard-write; encrypted-media; gyroscope; picture-in-picture; web-share\" referrerpolicy=\"strict-origin-when-cross-origin\" allowfullscreen><\/iframe>\n\n[\/vc_toggle][vc_toggle title=&#8221;La sordesa sobtada est\u00e0 relacionada amb l&#8217;operaci\u00f3 d&#8217;otoesclerosis?&#8221;]\n\n<iframe loading=\"lazy\" title=\"La sordesa sobtada est\u00e0 relacionada amb l&#039;operaci\u00f3 d&#039;otosclerosi?\" width=\"940\" height=\"529\" src=\"https:\/\/www.youtube.com\/embed\/-se0pVQn_pQ?feature=oembed\" frameborder=\"0\" allow=\"accelerometer; autoplay; clipboard-write; encrypted-media; gyroscope; picture-in-picture; web-share\" referrerpolicy=\"strict-origin-when-cross-origin\" allowfullscreen><\/iframe>\n\n[\/vc_toggle][vc_toggle title=&#8221;Per qu\u00e8 despr\u00e9s de l&#8217;operaci\u00f3 puc viatjar en avi\u00f3 per\u00f2 no puc fer submarinisme?&#8221;]\n\n<iframe loading=\"lazy\" title=\"Per qu\u00e8 despr\u00e9s de l&#039;operaci\u00f3 puc viatjar en avi\u00f3 per\u00f2 no puc fer submarinisme?\" width=\"940\" height=\"529\" src=\"https:\/\/www.youtube.com\/embed\/RAHh7EQvMeI?feature=oembed\" frameborder=\"0\" allow=\"accelerometer; autoplay; clipboard-write; encrypted-media; gyroscope; picture-in-picture; web-share\" referrerpolicy=\"strict-origin-when-cross-origin\" allowfullscreen><\/iframe>\n\n[\/vc_toggle][vc_toggle title=&#8221;Podr\u00e9 anar al teatre, escoltar m\u00fasica i fer vida normal amb audi\u00f2fons?&#8221;]\n\n<iframe loading=\"lazy\" title=\"Podr\u00e9 anar al teatre, escoltar m\u00fasica i fer vida normal amb audi\u00f2fon?\" width=\"940\" height=\"529\" src=\"https:\/\/www.youtube.com\/embed\/M27iRhPuVVQ?feature=oembed\" frameborder=\"0\" allow=\"accelerometer; autoplay; clipboard-write; encrypted-media; gyroscope; picture-in-picture; web-share\" referrerpolicy=\"strict-origin-when-cross-origin\" allowfullscreen><\/iframe>\n\n[\/vc_toggle][vc_toggle title=&#8221;Qui em pot assessorar millor sobre quin audi\u00f2fon em conv\u00e9?&#8221;]\n\n<iframe loading=\"lazy\" title=\"Qui em pot assessorar millor sobre quin audi\u00f2fon em conv\u00e9?\" width=\"940\" height=\"529\" src=\"https:\/\/www.youtube.com\/embed\/8NaSp_qQOBo?feature=oembed\" frameborder=\"0\" allow=\"accelerometer; autoplay; clipboard-write; encrypted-media; gyroscope; picture-in-picture; web-share\" referrerpolicy=\"strict-origin-when-cross-origin\" allowfullscreen><\/iframe>\n\n[\/vc_toggle][vc_toggle title=&#8221;Si tinc otoesclerosis, un segon embar\u00e0s pot fer-me perdre m\u00e9s audici\u00f3?&#8221;]\n\n<iframe loading=\"lazy\" title=\"Si tinc otoesclerosi, un segon embar\u00e0s pot fer-me perdre m\u00e9s audici\u00f3?\" width=\"940\" height=\"529\" src=\"https:\/\/www.youtube.com\/embed\/FLIVU5r0D44?feature=oembed\" frameborder=\"0\" allow=\"accelerometer; autoplay; clipboard-write; encrypted-media; gyroscope; picture-in-picture; web-share\" referrerpolicy=\"strict-origin-when-cross-origin\" allowfullscreen><\/iframe>\n\nsegon[\/vc_toggle][vc_toggle title=&#8221;Tinc otoesclerosis: podr\u00e9 recuperar audici\u00f3?&#8221;]\n\n<iframe loading=\"lazy\" title=\"Tinc Otosclerosis. Podr\u00e9 recuperar audici\u00f3?\" width=\"940\" height=\"529\" src=\"https:\/\/www.youtube.com\/embed\/_K-S5FBCMuE?feature=oembed\" frameborder=\"0\" allow=\"accelerometer; autoplay; clipboard-write; encrypted-media; gyroscope; picture-in-picture; web-share\" referrerpolicy=\"strict-origin-when-cross-origin\" allowfullscreen><\/iframe>\n\n[\/vc_toggle][vc_toggle title=&#8221;Tinc otoesclerosis: seguir\u00e9 perdent audici\u00f3 o el proc\u00e9s s&#8217;atura?&#8221;]\n\n<iframe loading=\"lazy\" title=\"Tinc Otoesclerosis. Seguir\u00e9 perdent audici\u00f3 o el proc\u00e9s s&#039;atura?\" width=\"940\" height=\"529\" src=\"https:\/\/www.youtube.com\/embed\/s8lbq9aA32M?feature=oembed\" frameborder=\"0\" allow=\"accelerometer; autoplay; clipboard-write; encrypted-media; gyroscope; picture-in-picture; web-share\" referrerpolicy=\"strict-origin-when-cross-origin\" allowfullscreen><\/iframe>\n\n[\/vc_toggle][\/vc_column_inner][\/vc_row_inner][vc_row_inner][vc_column_inner]<div class=\"max-title5\"><h2>Suports per l&#8217;acc\u00e9s a la informaci\u00f3 i la comunicaci\u00f3<\/h2><\/div>[\/vc_column_inner][\/vc_row_inner][vc_row_inner][vc_column_inner][vc_toggle title=&#8221;Com puc saber si el meu audi\u00f2fon o implant coclear t\u00e9 bobina per captar el bucle magn\u00e8tic?&#8221;]\n\n<iframe loading=\"lazy\" title=\"Donem respostes: assessorem en accessibilitat a la comunicaci\u00f3 (II)\" width=\"940\" height=\"529\" src=\"https:\/\/www.youtube.com\/embed\/-dlvO4D-iMw?feature=oembed\" frameborder=\"0\" allow=\"accelerometer; autoplay; clipboard-write; encrypted-media; gyroscope; picture-in-picture; web-share\" referrerpolicy=\"strict-origin-when-cross-origin\" allowfullscreen><\/iframe>\n\n[\/vc_toggle][vc_toggle title=&#8221;Puc gaudir d&#8217;activitats culturals amb normalitat amb audi\u00f2fons o implants coclears?&#8221;]\n\n<iframe loading=\"lazy\" title=\"Donem Respostes: Assessorem en accessibilitat a la comunicaci\u00f3\" width=\"940\" height=\"529\" src=\"https:\/\/www.youtube.com\/embed\/g6B0Nd_Fo0g?feature=oembed\" frameborder=\"0\" allow=\"accelerometer; autoplay; clipboard-write; encrypted-media; gyroscope; picture-in-picture; web-share\" referrerpolicy=\"strict-origin-when-cross-origin\" allowfullscreen><\/iframe>\n\n[\/vc_toggle][vc_toggle title=&#8221;Quines adaptacions puc fer a casa per facilitar el meu dia a dia?&#8221;]\n\n<iframe loading=\"lazy\" title=\"Donem respostes: Assessorem en accessibilitat a la Comunicaci\u00f3 (IV)\" width=\"940\" height=\"529\" src=\"https:\/\/www.youtube.com\/embed\/BtzfIAiq4SA?feature=oembed\" frameborder=\"0\" allow=\"accelerometer; autoplay; clipboard-write; encrypted-media; gyroscope; picture-in-picture; web-share\" referrerpolicy=\"strict-origin-when-cross-origin\" allowfullscreen><\/iframe>\n\n[\/vc_toggle][vc_toggle title=&#8221;Qu\u00e8 \u00e9s el bucle magn\u00e8tic? Per qu\u00e8 serveix i com hi puc accedir?&#8221;]\n\n<iframe loading=\"lazy\" title=\"Donem respostes: Assessorem en accessibilitat a la comunicaci\u00f3 (I)\" width=\"940\" height=\"529\" src=\"https:\/\/www.youtube.com\/embed\/B9w9qIdxuTw?feature=oembed\" frameborder=\"0\" allow=\"accelerometer; autoplay; clipboard-write; encrypted-media; gyroscope; picture-in-picture; web-share\" referrerpolicy=\"strict-origin-when-cross-origin\" allowfullscreen><\/iframe>\n\n[\/vc_toggle]<div class=\"max-title5\"><h2>Certificat de discapacitat<\/h2><\/div>[vc_toggle title=&#8221;Quins llindars de sordesa donen quins graus de discapacitat? Les sordeses lleus o moderades arriben al 33%?&#8221;]\n\n<iframe loading=\"lazy\" title=\"Quins llindars de sordesa donen quins graus de discapacitat?\" width=\"940\" height=\"529\" src=\"https:\/\/www.youtube.com\/embed\/Ft3Y9hLZnY0?feature=oembed\" frameborder=\"0\" allow=\"accelerometer; autoplay; clipboard-write; encrypted-media; gyroscope; picture-in-picture; web-share\" referrerpolicy=\"strict-origin-when-cross-origin\" allowfullscreen><\/iframe>\n\n[\/vc_toggle][vc_toggle title=&#8221;Cal demanar cita pr\u00e8via per la tramitaci\u00f3 abans que caduqui?&#8221;]<iframe loading=\"lazy\" title=\"Cal demanar cita pr\u00e8via per la tramitaci\u00f3 abans que caduqui?\" width=\"940\" height=\"529\" src=\"https:\/\/www.youtube.com\/embed\/d9XPE6DSOHQ?feature=oembed\" frameborder=\"0\" allow=\"accelerometer; autoplay; clipboard-write; encrypted-media; gyroscope; picture-in-picture; web-share\" referrerpolicy=\"strict-origin-when-cross-origin\" allowfullscreen><\/iframe>[\/vc_toggle][vc_toggle title=&#8221;Les proves d\u2019audici\u00f3 es fan en un entorn sonorament controlat? El comit\u00e8 fa proves d&#8217;audici\u00f3?&#8221;]<p>&nbsp;<\/p>\n<iframe loading=\"lazy\" title=\"Les proves d\u2019audici\u00f3 es fan en un entorn sonorament controlat? El comit\u00e8 fa proves d&#039;audici\u00f3?\" width=\"940\" height=\"529\" src=\"https:\/\/www.youtube.com\/embed\/y_ftd-0cShg?feature=oembed\" frameborder=\"0\" allow=\"accelerometer; autoplay; clipboard-write; encrypted-media; gyroscope; picture-in-picture; web-share\" referrerpolicy=\"strict-origin-when-cross-origin\" allowfullscreen><\/iframe>[\/vc_toggle][vc_toggle title=&#8221;\u00c9s possible que siguin diferents l&#8217;informe de l&#8217;especialista i la resoluci\u00f3 del Comit\u00e8?&#8221;]<iframe loading=\"lazy\" title=\"\u00c9s possible que siguin diferents l&#039;informe de l&#039;especialista i la resoluci\u00f3 del Comit\u00e8?\" width=\"940\" height=\"529\" src=\"https:\/\/www.youtube.com\/embed\/4tdJlI4jJxo?feature=oembed\" frameborder=\"0\" allow=\"accelerometer; autoplay; clipboard-write; encrypted-media; gyroscope; picture-in-picture; web-share\" referrerpolicy=\"strict-origin-when-cross-origin\" allowfullscreen><\/iframe>[\/vc_toggle][vc_toggle title=&#8221;Quan la valoraci\u00f3 es fa a un infant, se li fan preguntes?&#8221;]<iframe loading=\"lazy\" title=\"Quan la valoraci\u00f3 es fa a un infant, se li fan preguntes?\" width=\"940\" height=\"529\" src=\"https:\/\/www.youtube.com\/embed\/T2TwDIE2fnw?feature=oembed\" frameborder=\"0\" allow=\"accelerometer; autoplay; clipboard-write; encrypted-media; gyroscope; picture-in-picture; web-share\" referrerpolicy=\"strict-origin-when-cross-origin\" allowfullscreen><\/iframe>[\/vc_toggle][vc_toggle title=&#8221;Quines s\u00f3n les difer\u00e8ncies entre el tr\u00e0mit de renovaci\u00f3 i el de certificaci\u00f3 inicial?&#8221;]<iframe loading=\"lazy\" title=\"Quines s\u00f3n les difer\u00e8ncies entre el tr\u00e0mit de renovaci\u00f3 i el de certificaci\u00f3 inicial?\" width=\"940\" height=\"529\" src=\"https:\/\/www.youtube.com\/embed\/7h4pDBnc4Qg?feature=oembed\" frameborder=\"0\" allow=\"accelerometer; autoplay; clipboard-write; encrypted-media; gyroscope; picture-in-picture; web-share\" referrerpolicy=\"strict-origin-when-cross-origin\" allowfullscreen><\/iframe>[\/vc_toggle][vc_toggle title=&#8221;Si un especialista ha definit que la persona t\u00e9 unes limitacions, el Comit\u00e8 pot emetre una resoluci\u00f3 que contradigui l&#8217;informe de l&#8217;especialista?&#8221;]<iframe loading=\"lazy\" title=\"\u00c9s possible que siguin diferents l&#039;informe de l&#039;especialista i la resoluci\u00f3 del Comit\u00e8?\" width=\"940\" height=\"529\" src=\"https:\/\/www.youtube.com\/embed\/4tdJlI4jJxo?feature=oembed\" frameborder=\"0\" allow=\"accelerometer; autoplay; clipboard-write; encrypted-media; gyroscope; picture-in-picture; web-share\" referrerpolicy=\"strict-origin-when-cross-origin\" allowfullscreen><\/iframe>[\/vc_toggle][vc_toggle title=&#8221;Hi ha discapacitats que no calgui renovar per resultar definitives?&#8221;]<iframe loading=\"lazy\" title=\"Hi ha discapacitats que no calgui renovar per resultar definitives?\" width=\"940\" height=\"529\" src=\"https:\/\/www.youtube.com\/embed\/0-34CWx0fQA?feature=oembed\" frameborder=\"0\" allow=\"accelerometer; autoplay; clipboard-write; encrypted-media; gyroscope; picture-in-picture; web-share\" referrerpolicy=\"strict-origin-when-cross-origin\" allowfullscreen><\/iframe>[\/vc_toggle][vc_toggle title=&#8221;Com pot una persona amb sordesa utilitzar la Carpeta ciutadana en tot el proc\u00e9s? I quins avantatges t\u00e9?&#8221;]<iframe loading=\"lazy\" title=\"Com pot una persona amb sordesa utilitzar la Carpeta ciutadana en el proc\u00e9s? I quins avantatges t\u00e9?\" width=\"940\" height=\"529\" src=\"https:\/\/www.youtube.com\/embed\/TQaI2oHZtuc?feature=oembed\" frameborder=\"0\" allow=\"accelerometer; autoplay; clipboard-write; encrypted-media; gyroscope; picture-in-picture; web-share\" referrerpolicy=\"strict-origin-when-cross-origin\" allowfullscreen><\/iframe>[\/vc_toggle][vc_toggle title=&#8221;S\u2019avisa abans que caduqui per a que les persones s\u2019afanyin a fer la renovaci\u00f3?&#8221;]<iframe loading=\"lazy\" title=\"S\u2019avisa abans que caduqui per a que les persones s\u2019afanyin a fer la renovaci\u00f3?\" width=\"940\" height=\"529\" src=\"https:\/\/www.youtube.com\/embed\/aZ9U8XfvLnY?feature=oembed\" frameborder=\"0\" allow=\"accelerometer; autoplay; clipboard-write; encrypted-media; gyroscope; picture-in-picture; web-share\" referrerpolicy=\"strict-origin-when-cross-origin\" allowfullscreen><\/iframe>[\/vc_toggle][vc_toggle title=&#8221;Com funciona la tramitaci\u00f3 o trasp\u00e0s de l\u2019expedient CAD si es canvia la resid\u00e8ncia de municipi?&#8221;]<iframe loading=\"lazy\" title=\"Com funciona la tramitaci\u00f3 o trasp\u00e0s de l\u2019expedient CAD si es canvia la resid\u00e8ncia de municipi?\" width=\"940\" height=\"529\" src=\"https:\/\/www.youtube.com\/embed\/zsJkDd5tIJ0?feature=oembed\" frameborder=\"0\" allow=\"accelerometer; autoplay; clipboard-write; encrypted-media; gyroscope; picture-in-picture; web-share\" referrerpolicy=\"strict-origin-when-cross-origin\" allowfullscreen><\/iframe>[\/vc_toggle][vc_toggle title=&#8221;\u00c9s important omplir el q\u00fcestionari BRP? Per qu\u00e8?&#8221;]<iframe loading=\"lazy\" title=\"\u00c9s important omplir el q\u00fcestionari BRP? Per qu\u00e8?\" width=\"940\" height=\"529\" src=\"https:\/\/www.youtube.com\/embed\/48pLuHE8Mh0?feature=oembed\" frameborder=\"0\" allow=\"accelerometer; autoplay; clipboard-write; encrypted-media; gyroscope; picture-in-picture; web-share\" referrerpolicy=\"strict-origin-when-cross-origin\" allowfullscreen><\/iframe>[\/vc_toggle][vc_toggle title=&#8221;Les proves d\u2019audici\u00f3 es fan amb o sense pr\u00f2tesis auditives audi\u00f2fons i implants?&#8221;]<iframe loading=\"lazy\" title=\"Les proves d\u2019audici\u00f3 es fan amb o sense pr\u00f2tesis auditives audi\u00f2fons i implants?\" width=\"940\" height=\"529\" src=\"https:\/\/www.youtube.com\/embed\/99aqp6Aiklc?feature=oembed\" frameborder=\"0\" allow=\"accelerometer; autoplay; clipboard-write; encrypted-media; gyroscope; picture-in-picture; web-share\" referrerpolicy=\"strict-origin-when-cross-origin\" allowfullscreen><\/iframe>[\/vc_toggle][vc_toggle title=&#8221;Quin \u00e9s el termini de mitjana que es triga actualment per tramitar un expedient de discapacitat?&#8221;]<iframe loading=\"lazy\" title=\"Quin \u00e9s el termini de mitjana que es triga actualment per tramitar un expedient de discapacitat?\" width=\"940\" height=\"529\" src=\"https:\/\/www.youtube.com\/embed\/KnPGGkNlkbY?feature=oembed\" frameborder=\"0\" allow=\"accelerometer; autoplay; clipboard-write; encrypted-media; gyroscope; picture-in-picture; web-share\" referrerpolicy=\"strict-origin-when-cross-origin\" allowfullscreen><\/iframe>[\/vc_toggle][vc_toggle title=&#8221;Quina documentaci\u00f3 cal portar el dia de la Valoraci\u00f3?&#8221;]<iframe loading=\"lazy\" title=\"Quina documentaci\u00f3 cal portar el dia de la valoraci\u00f3?\" width=\"940\" height=\"529\" src=\"https:\/\/www.youtube.com\/embed\/XkDGVfqPDi8?feature=oembed\" frameborder=\"0\" allow=\"accelerometer; autoplay; clipboard-write; encrypted-media; gyroscope; picture-in-picture; web-share\" referrerpolicy=\"strict-origin-when-cross-origin\" allowfullscreen><\/iframe>[\/vc_toggle]<div class=\"max-title5\"><h2>En primera persona<\/h2><\/div>[vc_toggle title=&#8221;Amb l&#8217;implant coclear, com ho fas per passar els arcs magn\u00e8tics de seguretat?&#8221;]\n\n<iframe loading=\"lazy\" title=\"Implant coclear i arcs de seguretat dels aeroports. Qu\u00e8 hem de fer?\" width=\"940\" height=\"529\" src=\"https:\/\/www.youtube.com\/embed\/D_xwpkT4apI?feature=oembed\" frameborder=\"0\" allow=\"accelerometer; autoplay; clipboard-write; encrypted-media; gyroscope; picture-in-picture; web-share\" referrerpolicy=\"strict-origin-when-cross-origin\" allowfullscreen><\/iframe>\n\n[\/vc_toggle][\/vc_column_inner][\/vc_row_inner][vc_row_inner][vc_column_inner]<div class=\"max-title5\"><h2>Responem a les fam\u00edlies amb fills i filles amb sordesa<\/h2><\/div>[\/vc_column_inner][\/vc_row_inner][vc_row_inner][vc_column_inner][vc_toggle title=&#8221;El\/la meu\/va fill\/a t\u00e9 sordesa. On puc trobar orientaci\u00f3 en q\u00fcestions que afectaran la seva vida?&#8221;]\n\n<iframe loading=\"lazy\" title=\"Donem Respostes: Acompanyem les fam\u00edlies amb fills i filles amb sordesa\" width=\"940\" height=\"529\" src=\"https:\/\/www.youtube.com\/embed\/6LGOYxcChrU?feature=oembed\" frameborder=\"0\" allow=\"accelerometer; autoplay; clipboard-write; encrypted-media; gyroscope; picture-in-picture; web-share\" referrerpolicy=\"strict-origin-when-cross-origin\" allowfullscreen><\/iframe>\n\n[\/vc_toggle][vc_toggle title=&#8221;Qu\u00e8 \u00e9s la connexina 26 i quin paper t\u00e9 en la sordesa?&#8221;]<iframe loading=\"lazy\" title=\"Qu\u00e8 \u00e9s la connexina 26 i quin paper t\u00e9 en la sordesa?\" width=\"940\" height=\"529\" src=\"https:\/\/www.youtube.com\/embed\/7QqLlUlffe4?feature=oembed\" frameborder=\"0\" allow=\"accelerometer; autoplay; clipboard-write; encrypted-media; gyroscope; picture-in-picture; web-share\" referrerpolicy=\"strict-origin-when-cross-origin\" allowfullscreen><\/iframe>[\/vc_toggle][vc_toggle title=&#8221;Quin \u00e9s el proc\u00e9s i proves que segueix una fam\u00edlia des que detecta problemes d\u2019audici\u00f3 en el seu nad\u00f3 fins a l&#8217;implant i quant de temps passa?&#8221;]<iframe loading=\"lazy\" title=\"Quin \u00e9s el proc\u00e9s i proves d&#039;una fam\u00edlia des que detecta problemes d\u2019audici\u00f3 en el seu nad\u00f3?\" width=\"940\" height=\"529\" src=\"https:\/\/www.youtube.com\/embed\/ECi_Am-Cjzk?feature=oembed\" frameborder=\"0\" allow=\"accelerometer; autoplay; clipboard-write; encrypted-media; gyroscope; picture-in-picture; web-share\" referrerpolicy=\"strict-origin-when-cross-origin\" allowfullscreen><\/iframe>[\/vc_toggle][vc_toggle title=&#8221;S\u2019accepten proves de centres privats? En quins casos?&#8221;]<iframe loading=\"lazy\" title=\"S\u2019accepten proves de centres privats? En quins casos?\" width=\"940\" height=\"529\" src=\"https:\/\/www.youtube.com\/embed\/GLGFhJaVdaw?feature=oembed\" frameborder=\"0\" allow=\"accelerometer; autoplay; clipboard-write; encrypted-media; gyroscope; picture-in-picture; web-share\" referrerpolicy=\"strict-origin-when-cross-origin\" allowfullscreen><\/iframe>[\/vc_toggle][vc_toggle title=&#8221;En quin moment s&#8217;activa el bucle magn\u00e8tic en els infants i per qu\u00e8 no es fa immediatament?&#8221;]<iframe loading=\"lazy\" title=\"En quin moment s&#039;activa el bucle magn\u00e8tic en els infants i per qu\u00e8 no es fa immediatament?\" width=\"940\" height=\"529\" src=\"https:\/\/www.youtube.com\/embed\/YXdnclY9sQQ?feature=oembed\" frameborder=\"0\" allow=\"accelerometer; autoplay; clipboard-write; encrypted-media; gyroscope; picture-in-picture; web-share\" referrerpolicy=\"strict-origin-when-cross-origin\" allowfullscreen><\/iframe>[\/vc_toggle][vc_toggle title=&#8221;Fins quan est\u00e0 coberta la  renovaci\u00f3 del processador de l\u2019implant per la  sanitat p\u00fablica?&#8221;]<iframe loading=\"lazy\" title=\"Fins quan est\u00e0 coberta la renovaci\u00f3 del processador de l\u2019implant per la sanitat p\u00fablica?\" width=\"940\" height=\"529\" src=\"https:\/\/www.youtube.com\/embed\/zWs0j2nRMsc?feature=oembed\" frameborder=\"0\" allow=\"accelerometer; autoplay; clipboard-write; encrypted-media; gyroscope; picture-in-picture; web-share\" referrerpolicy=\"strict-origin-when-cross-origin\" allowfullscreen><\/iframe>[\/vc_toggle][vc_toggle title=&#8221;Com pot afectar la sordesa als estudis i el ritme acad\u00e8mic d&#8217;un infant?&#8221;]<iframe loading=\"lazy\" title=\"Com pot afectar la sordesa als estudis i el ritme acad\u00e8mic d&#039;un infant?\" width=\"940\" height=\"529\" src=\"https:\/\/www.youtube.com\/embed\/i0ls-kZs9H0?feature=oembed\" frameborder=\"0\" allow=\"accelerometer; autoplay; clipboard-write; encrypted-media; gyroscope; picture-in-picture; web-share\" referrerpolicy=\"strict-origin-when-cross-origin\" allowfullscreen><\/iframe>[\/vc_toggle][vc_toggle title=&#8221;Es poden implantar nadons amb mutacions de la connexina 26?&#8221;]<iframe loading=\"lazy\" title=\"Es poden implantar nadons amb mutacions de la connexina 26?\" width=\"940\" height=\"529\" src=\"https:\/\/www.youtube.com\/embed\/3ShPxV-VDwY?feature=oembed\" frameborder=\"0\" allow=\"accelerometer; autoplay; clipboard-write; encrypted-media; gyroscope; picture-in-picture; web-share\" referrerpolicy=\"strict-origin-when-cross-origin\" allowfullscreen><\/iframe>[\/vc_toggle][vc_toggle title=&#8221;A hospital oferiu pautes per poder estimular l\u2019infant abans que tingui pr\u00f2tesis?&#8221;][\/vc_toggle][vc_toggle title=&#8221;Quina \u00e9s l&#8217;expectativa de maduraci\u00f3 i interacci\u00f3 social d&#8217;un infant amb sordesa?&#8221;]<iframe loading=\"lazy\" title=\"Quina \u00e9s l&#039;expectativa de maduraci\u00f3 i interacci\u00f3 social d&#039;un infant amb sordesa?\" width=\"940\" height=\"529\" src=\"https:\/\/www.youtube.com\/embed\/CGI8sCDfvbc?feature=oembed\" frameborder=\"0\" allow=\"accelerometer; autoplay; clipboard-write; encrypted-media; gyroscope; picture-in-picture; web-share\" referrerpolicy=\"strict-origin-when-cross-origin\" allowfullscreen><\/iframe>[\/vc_toggle][vc_toggle title=&#8221;Quines proves s&#8217;han de realitzar per saber si l&#8217;infant \u00e9s candidat a un implant coclear?&#8221;]<iframe loading=\"lazy\" title=\"Quines proves s&#039;han de realitzar per saber si l&#039;infant \u00e9s candidat a un implant coclear?\" width=\"940\" height=\"529\" src=\"https:\/\/www.youtube.com\/embed\/k9lwDGgEToY?feature=oembed\" frameborder=\"0\" allow=\"accelerometer; autoplay; clipboard-write; encrypted-media; gyroscope; picture-in-picture; web-share\" referrerpolicy=\"strict-origin-when-cross-origin\" allowfullscreen><\/iframe>[\/vc_toggle][vc_toggle title=&#8221;Quines accions pot emprendre la fam\u00edlia per facilitar el desenvolupament del llenguatge d&#8217;un infant amb implant coclear?&#8221;]<iframe loading=\"lazy\" title=\"Qu\u00e8 pot fer la fam\u00edlia pel desenvolupament del llenguatge d&#039;un infant amb implant coclear?\" width=\"940\" height=\"529\" src=\"https:\/\/www.youtube.com\/embed\/6VRp1CHim2M?feature=oembed\" frameborder=\"0\" allow=\"accelerometer; autoplay; clipboard-write; encrypted-media; gyroscope; picture-in-picture; web-share\" referrerpolicy=\"strict-origin-when-cross-origin\" allowfullscreen><\/iframe>[\/vc_toggle][vc_toggle title=&#8221;Quins efectes pot tenir el tractament de corticoides per a la sordesa sobtada?&#8221;]<iframe loading=\"lazy\" title=\"Quins efectes pot tenir el tractament de corticoides per a la sordesa sobtada?\" width=\"940\" height=\"529\" src=\"https:\/\/www.youtube.com\/embed\/6JTkh3WFAe0?feature=oembed\" frameborder=\"0\" allow=\"accelerometer; autoplay; clipboard-write; encrypted-media; gyroscope; picture-in-picture; web-share\" referrerpolicy=\"strict-origin-when-cross-origin\" allowfullscreen><\/iframe>[\/vc_toggle][vc_toggle title=&#8221;Quines s\u00f3n les causes m\u00e9s comunes de la sordesa sobtada?&#8221;]<iframe loading=\"lazy\" title=\"Quines s\u00f3n les causes m\u00e9s comunes de la sordesa sobtada?\" width=\"940\" height=\"529\" src=\"https:\/\/www.youtube.com\/embed\/cKTGzHomNgg?feature=oembed\" frameborder=\"0\" allow=\"accelerometer; autoplay; clipboard-write; encrypted-media; gyroscope; picture-in-picture; web-share\" referrerpolicy=\"strict-origin-when-cross-origin\" allowfullscreen><\/iframe>[\/vc_toggle][vc_toggle title=&#8221;Per qu\u00e8 no es realitzen proves gen\u00e8tiques als germans dels infants amb p\u00e8rdua auditiva?&#8221;]<iframe loading=\"lazy\" title=\"Per qu\u00e8 no es realitzen proves gen\u00e8tiques als germans dels infants amb p\u00e8rdua auditiva?\" width=\"940\" height=\"529\" src=\"https:\/\/www.youtube.com\/embed\/J4gbrEE9C5w?feature=oembed\" frameborder=\"0\" allow=\"accelerometer; autoplay; clipboard-write; encrypted-media; gyroscope; picture-in-picture; web-share\" referrerpolicy=\"strict-origin-when-cross-origin\" allowfullscreen><\/iframe>[\/vc_toggle][vc_toggle title=&#8221;Un infant amb sordesa adquirir\u00e0 b\u00e9 el llenguatge? Podr\u00e0 parlar?&#8221;]<iframe loading=\"lazy\" title=\"Un infant amb sordesa adquirir\u00e0 b\u00e9 el llenguatge? Podr\u00e0 parlar?\" width=\"940\" height=\"529\" src=\"https:\/\/www.youtube.com\/embed\/DjNGr-7YnG8?feature=oembed\" frameborder=\"0\" allow=\"accelerometer; autoplay; clipboard-write; encrypted-media; gyroscope; picture-in-picture; web-share\" referrerpolicy=\"strict-origin-when-cross-origin\" allowfullscreen><\/iframe>[\/vc_toggle][vc_toggle title=&#8221;Quines pautes hauria de seguir una fam\u00edlia per comunicar-se efica\u00e7ment amb un infant amb implants?&#8221;]<iframe loading=\"lazy\" title=\"Quines pautes hauria de seguir una fam\u00edlia per comunicar-se efica\u00e7ment amb un infant amb implants?\" width=\"940\" height=\"529\" src=\"https:\/\/www.youtube.com\/embed\/nOnHVASqR9E?feature=oembed\" frameborder=\"0\" allow=\"accelerometer; autoplay; clipboard-write; encrypted-media; gyroscope; picture-in-picture; web-share\" referrerpolicy=\"strict-origin-when-cross-origin\" allowfullscreen><\/iframe>[\/vc_toggle][vc_toggle title=&#8221;Quines proves objectives es realitzen per avaluar el rendiment d&#8217;un implant en un infant?&#8221;]<iframe loading=\"lazy\" title=\"Quines proves objectives  es realitzen per avaluar  el rendiment d&#039;un  implant en un infant?\" width=\"940\" height=\"529\" src=\"https:\/\/www.youtube.com\/embed\/_YcjZ0RPpog?feature=oembed\" frameborder=\"0\" allow=\"accelerometer; autoplay; clipboard-write; encrypted-media; gyroscope; picture-in-picture; web-share\" referrerpolicy=\"strict-origin-when-cross-origin\" allowfullscreen><\/iframe>[\/vc_toggle][vc_toggle title=&#8221;Quines condicions ha de reunir una persona amb sordesa per a esdevenir candidata a l\u2019implant coclear?&#8221;]<iframe loading=\"lazy\" title=\"Quines condicions ha de reunir una persona amb sordesa per a ser candidata a l\u2019implant coclear?\" width=\"940\" height=\"529\" src=\"https:\/\/www.youtube.com\/embed\/UIhGswju1LU?feature=oembed\" frameborder=\"0\" allow=\"accelerometer; autoplay; clipboard-write; encrypted-media; gyroscope; picture-in-picture; web-share\" referrerpolicy=\"strict-origin-when-cross-origin\" allowfullscreen><\/iframe>[\/vc_toggle][vc_toggle title=&#8221;En quin moment s&#8217;activa el bucle magn\u00e8tic en els infants i per qu\u00e8 no es fa immediatament?&#8221;]<iframe loading=\"lazy\" title=\"En quin moment s&#039;activa el bucle magn\u00e8tic en els infants i per qu\u00e8 no es fa immediatament?\" width=\"940\" height=\"529\" src=\"https:\/\/www.youtube.com\/embed\/YXdnclY9sQQ?feature=oembed\" frameborder=\"0\" allow=\"accelerometer; autoplay; clipboard-write; encrypted-media; gyroscope; picture-in-picture; web-share\" referrerpolicy=\"strict-origin-when-cross-origin\" allowfullscreen><\/iframe>[\/vc_toggle][vc_toggle title=&#8221;Si optem per l\u2019implant, el meu fill\/a perdr\u00e0 les restes auditives?&#8221;]<iframe loading=\"lazy\" title=\"Si optem per l\u2019implant, el meu fill\/a perdr\u00e0 les restes auditives?\" width=\"940\" height=\"529\" src=\"https:\/\/www.youtube.com\/embed\/dHUJiW8OzNE?feature=oembed\" frameborder=\"0\" allow=\"accelerometer; autoplay; clipboard-write; encrypted-media; gyroscope; picture-in-picture; web-share\" referrerpolicy=\"strict-origin-when-cross-origin\" allowfullscreen><\/iframe>[\/vc_toggle][vc_toggle title=&#8221;Quins tipus d&#8217;implants coclears estan disponibles per als infants a Catalunya i quines caracter\u00edstiques ofereixen?&#8221;]<iframe loading=\"lazy\" title=\"Quins tipus d&#039;implants coclears hi ha pels infants a Catalunya i quines caracter\u00edstiques ofereixen?\" width=\"940\" height=\"529\" src=\"https:\/\/www.youtube.com\/embed\/8yAGsOg7IQo?feature=oembed\" frameborder=\"0\" allow=\"accelerometer; autoplay; clipboard-write; encrypted-media; gyroscope; picture-in-picture; web-share\" referrerpolicy=\"strict-origin-when-cross-origin\" allowfullscreen><\/iframe>[\/vc_toggle][vc_toggle title=&#8221;Un infant amb sordesa pot aprendre a llegir i escriure?&#8221;]<iframe loading=\"lazy\" title=\"Un infant amb sordesa pot aprendre a llegir i escriure?\" width=\"940\" height=\"529\" src=\"https:\/\/www.youtube.com\/embed\/XqEYEbnA1-s?feature=oembed\" frameborder=\"0\" allow=\"accelerometer; autoplay; clipboard-write; encrypted-media; gyroscope; picture-in-picture; web-share\" referrerpolicy=\"strict-origin-when-cross-origin\" allowfullscreen><\/iframe>[\/vc_toggle][vc_toggle title=&#8221;Quins s\u00f3n els possibles efectes que pot provocar no posar pr\u00f2tesis auditiva a un infant amb sordesa?&#8221;]<iframe loading=\"lazy\" title=\"Quins s\u00f3n els possibles efectes que pot provocar no posar pr\u00f2tesis auditiva a un infant amb sordesa?\" width=\"940\" height=\"529\" src=\"https:\/\/www.youtube.com\/embed\/qTZZIl1sNV0?feature=oembed\" frameborder=\"0\" allow=\"accelerometer; autoplay; clipboard-write; encrypted-media; gyroscope; picture-in-picture; web-share\" referrerpolicy=\"strict-origin-when-cross-origin\" allowfullscreen><\/iframe>[\/vc_toggle][vc_toggle title=&#8221;On podem trobar suport emocional per a les fam\u00edlies?&#8221;]\n\n<iframe loading=\"lazy\" title=\"Donem Respostes: Acompanyem les fam\u00edlies amb fills i filles amb sordesa (I)\" width=\"940\" height=\"529\" src=\"https:\/\/www.youtube.com\/embed\/wMmHJU7TjHA?feature=oembed\" frameborder=\"0\" allow=\"accelerometer; autoplay; clipboard-write; encrypted-media; gyroscope; picture-in-picture; web-share\" referrerpolicy=\"strict-origin-when-cross-origin\" allowfullscreen><\/iframe>\n\n[\/vc_toggle][vc_toggle title=&#8221;On podem trobar suport emocional per a les fam\u00edlies?&#8221;]\n\n<iframe loading=\"lazy\" title=\"Donem Respostes: Acompanyem les fam\u00edlies amb fills i filles amb sordesa (I)\" width=\"940\" height=\"529\" src=\"https:\/\/www.youtube.com\/embed\/wMmHJU7TjHA?feature=oembed\" frameborder=\"0\" allow=\"accelerometer; autoplay; clipboard-write; encrypted-media; gyroscope; picture-in-picture; web-share\" referrerpolicy=\"strict-origin-when-cross-origin\" allowfullscreen><\/iframe>\n\n[\/vc_toggle][vc_toggle title=&#8221;On puc trobar fam\u00edlies amb qui compartir la meva situaci\u00f3 i en quins espais ho podr\u00e9 fer?&#8221;]\n\n<iframe loading=\"lazy\" title=\"Donem Respostes. Acompanyem les fam\u00edlies amb fills i filles amb sordesa.\" width=\"940\" height=\"529\" src=\"https:\/\/www.youtube.com\/embed\/gFwNHo6vXSw?feature=oembed\" frameborder=\"0\" allow=\"accelerometer; autoplay; clipboard-write; encrypted-media; gyroscope; picture-in-picture; web-share\" referrerpolicy=\"strict-origin-when-cross-origin\" allowfullscreen><\/iframe>\n\n[\/vc_toggle][vc_toggle title=&#8221;Com ens vinculem les fam\u00edlies amb l&#8217;associaci\u00f3?&#8221;]\n\n<iframe loading=\"lazy\" title=\"Donem Respostes: Acompanyem les fam\u00edlies amb fills i filles amb sordesa\" width=\"940\" height=\"529\" src=\"https:\/\/www.youtube.com\/embed\/KJxpfs5ysAM?feature=oembed\" frameborder=\"0\" allow=\"accelerometer; autoplay; clipboard-write; encrypted-media; gyroscope; picture-in-picture; web-share\" referrerpolicy=\"strict-origin-when-cross-origin\" allowfullscreen><\/iframe>\n\n[\/vc_toggle][\/vc_column_inner][\/vc_row_inner][vc_row_inner][vc_column_inner]<div class=\"max-title5\"><h2>A la feina, quins drets tinc?<\/h2><\/div>[vc_single_image image=&#8221;14643&#8243; img_size=&#8221;full&#8221;][\/vc_column_inner][\/vc_row_inner][vc_row_inner][vc_column_inner][vc_toggle title=&#8221;Puc aconseguir una incapacitat laboral per sordesa?&#8221;]\n\n<iframe loading=\"lazy\" title=\"Donem respostes: Assessorament laboral per a persones amb sordesa (III)\" width=\"940\" height=\"529\" src=\"https:\/\/www.youtube.com\/embed\/xd0nm3Wv5aU?feature=oembed\" frameborder=\"0\" allow=\"accelerometer; autoplay; clipboard-write; encrypted-media; gyroscope; picture-in-picture; web-share\" referrerpolicy=\"strict-origin-when-cross-origin\" allowfullscreen><\/iframe>\n\n[\/vc_toggle][vc_toggle title=&#8221;He de dir a la feina que m&#8217;han diagnosticat de sordesa? Em poden acomiadar?&#8221;]\n\n<iframe loading=\"lazy\" title=\"Donem respostes: assessorament laboral a empreses per a persones amb sordesa (II)\" width=\"940\" height=\"529\" src=\"https:\/\/www.youtube.com\/embed\/bCVQ4bP9-5Q?feature=oembed\" frameborder=\"0\" allow=\"accelerometer; autoplay; clipboard-write; encrypted-media; gyroscope; picture-in-picture; web-share\" referrerpolicy=\"strict-origin-when-cross-origin\" allowfullscreen><\/iframe>\n\n[\/vc_toggle][vc_toggle title=&#8221;Quins tr\u00e0mits administratius he de tenir en compte a partir del diagn\u00f2stic de la sordesa?&#8221;]\n\n<iframe loading=\"lazy\" title=\"Donem Respostes: Assessorament laboral per a persones amb sordesa (I)\" width=\"940\" height=\"529\" src=\"https:\/\/www.youtube.com\/embed\/rpUb3-rXGow?feature=oembed\" frameborder=\"0\" allow=\"accelerometer; autoplay; clipboard-write; encrypted-media; gyroscope; picture-in-picture; web-share\" referrerpolicy=\"strict-origin-when-cross-origin\" allowfullscreen><\/iframe>\n\n[\/vc_toggle][vc_toggle title=&#8221;Com puc saber quina pensi\u00f3 de jubilaci\u00f3 em quedar\u00e0?&#8221;]\n\n<iframe loading=\"lazy\" title=\"Com ho puc comptar per saber quina pensi\u00f3 em quedar\u00e0?\" width=\"940\" height=\"529\" src=\"https:\/\/www.youtube.com\/embed\/1aWUtGnBMD4?feature=oembed\" frameborder=\"0\" allow=\"accelerometer; autoplay; clipboard-write; encrypted-media; gyroscope; picture-in-picture; web-share\" referrerpolicy=\"strict-origin-when-cross-origin\" allowfullscreen><\/iframe>\n\n[\/vc_toggle][vc_toggle title=&#8221;El meu contracte i la meva retribuci\u00f3 \u00e9s diferent a una persona sense discapacitat?&#8221;]\n\n<iframe loading=\"lazy\" title=\"El meu contracte i la meva retribuci\u00f3 \u00e9s diferent a una persona sense discapacitat?\" width=\"940\" height=\"529\" src=\"https:\/\/www.youtube.com\/embed\/aN9zEd5p4vU?feature=oembed\" frameborder=\"0\" allow=\"accelerometer; autoplay; clipboard-write; encrypted-media; gyroscope; picture-in-picture; web-share\" referrerpolicy=\"strict-origin-when-cross-origin\" allowfullscreen><\/iframe>\n\n[\/vc_toggle][vc_toggle title=&#8221;\u00c9s aconsellable demanar assessorament legal si he de demanar una incapacitat laboral?&#8221;]\n\n<iframe loading=\"lazy\" title=\"\u00c9s aconsellable demanar assessorament legal si he de demanar una incapacitat laboral?\" width=\"940\" height=\"529\" src=\"https:\/\/www.youtube.com\/embed\/0I7sRAxabFs?feature=oembed\" frameborder=\"0\" allow=\"accelerometer; autoplay; clipboard-write; encrypted-media; gyroscope; picture-in-picture; web-share\" referrerpolicy=\"strict-origin-when-cross-origin\" allowfullscreen><\/iframe>\n\n[\/vc_toggle][vc_toggle title=&#8221;\u00c9s aconsellable demanar assessorament legal si he de tramitar el certificat de discapacitat?&#8221;]\n\n<iframe loading=\"lazy\" title=\"\u00c9s aconsellable demanar consell legal si he de tramitar una certificaci\u00f3 de discapacitat?\" width=\"940\" height=\"529\" src=\"https:\/\/www.youtube.com\/embed\/jCyKjP8dduk?feature=oembed\" frameborder=\"0\" allow=\"accelerometer; autoplay; clipboard-write; encrypted-media; gyroscope; picture-in-picture; web-share\" referrerpolicy=\"strict-origin-when-cross-origin\" allowfullscreen><\/iframe>\n\n<iframe loading=\"lazy\" title=\"\u00c9s aconsellable demanar consell legal si he de tramitar una certificaci\u00f3 de discapacitat?\" width=\"940\" height=\"529\" src=\"https:\/\/www.youtube.com\/embed\/jCyKjP8dduk?feature=oembed\" frameborder=\"0\" allow=\"accelerometer; autoplay; clipboard-write; encrypted-media; gyroscope; picture-in-picture; web-share\" referrerpolicy=\"strict-origin-when-cross-origin\" allowfullscreen><\/iframe>\n\n[\/vc_toggle][vc_toggle title=&#8221;Hi ha un tractament diferent de la discapacitat auditiva o altres discapacitats a la jubilaci\u00f3?&#8221;]\n\n<iframe loading=\"lazy\" title=\"Hi ha un tractament diferent de la discapacitat auditiva o altres discapacitats en la jubilaci\u00f3?\" width=\"940\" height=\"529\" src=\"https:\/\/www.youtube.com\/embed\/101f4Z6Mru4?feature=oembed\" frameborder=\"0\" allow=\"accelerometer; autoplay; clipboard-write; encrypted-media; gyroscope; picture-in-picture; web-share\" referrerpolicy=\"strict-origin-when-cross-origin\" allowfullscreen><\/iframe>\n\n[\/vc_toggle][vc_toggle title=&#8221;Quan li demano a un metge que em faci un certificat per les meves discapacitats, qu\u00e8 he de tenir en compte?&#8221;]\n\n<iframe loading=\"lazy\" title=\"Qu\u00e8 he de tenir en compte per tenir el certificat de discapacitat?\" width=\"940\" height=\"529\" src=\"https:\/\/www.youtube.com\/embed\/-GtjvyyT_rU?feature=oembed\" frameborder=\"0\" allow=\"accelerometer; autoplay; clipboard-write; encrypted-media; gyroscope; picture-in-picture; web-share\" referrerpolicy=\"strict-origin-when-cross-origin\" allowfullscreen><\/iframe>\n\n[\/vc_toggle][vc_toggle title=&#8221;Quants anys he de treballar per poder tenir una pensi\u00f3 de jubilaci\u00f3?&#8221;]\n\n<iframe loading=\"lazy\" title=\"Quants anys he de treballar per poder tenir una pensi\u00f3 de jubilaci\u00f3?\" width=\"940\" height=\"529\" src=\"https:\/\/www.youtube.com\/embed\/JnWqBPk9xYE?feature=oembed\" frameborder=\"0\" allow=\"accelerometer; autoplay; clipboard-write; encrypted-media; gyroscope; picture-in-picture; web-share\" referrerpolicy=\"strict-origin-when-cross-origin\" allowfullscreen><\/iframe>\n\n[\/vc_toggle][vc_toggle title=&#8221;Qu\u00e8 em dona dret a una pensi\u00f3, la certificaci\u00f3 de la discapacitat o la incapacitat laboral?&#8221;]\n\n<iframe loading=\"lazy\" title=\"Qu\u00e8  em dona dret a una pensi\u00f3, la certificaci\u00f3 de la discapacitat o la incapacitat laboral?\" width=\"940\" height=\"529\" src=\"https:\/\/www.youtube.com\/embed\/RnHalLgo7uc?feature=oembed\" frameborder=\"0\" allow=\"accelerometer; autoplay; clipboard-write; encrypted-media; gyroscope; picture-in-picture; web-share\" referrerpolicy=\"strict-origin-when-cross-origin\" allowfullscreen><\/iframe>\n\n[\/vc_toggle][vc_toggle title=&#8221;Qu\u00e8 \u00e9s la base de cotitzaci\u00f3?&#8221;]\n\n<iframe loading=\"lazy\" title=\"Qu\u00e8 \u00e9s la base de cotitzaci\u00f3?\" width=\"940\" height=\"529\" src=\"https:\/\/www.youtube.com\/embed\/0FdQmaQRApM?feature=oembed\" frameborder=\"0\" allow=\"accelerometer; autoplay; clipboard-write; encrypted-media; gyroscope; picture-in-picture; web-share\" referrerpolicy=\"strict-origin-when-cross-origin\" allowfullscreen><\/iframe>\n\n[\/vc_toggle][vc_toggle title=&#8221;Qu\u00e8 he de tenir en compte en un proc\u00e9s d\u2019acreditaci\u00f3 de discapacitat?&#8221;]\n\n<iframe loading=\"lazy\" title=\"Qu\u00e8 he de tenir en compte en un proc\u00e9s d\u2019acreditaci\u00f3 de discapacitat?\" width=\"940\" height=\"529\" src=\"https:\/\/www.youtube.com\/embed\/-ZyC0GV95a4?feature=oembed\" frameborder=\"0\" allow=\"accelerometer; autoplay; clipboard-write; encrypted-media; gyroscope; picture-in-picture; web-share\" referrerpolicy=\"strict-origin-when-cross-origin\" allowfullscreen><\/iframe>\n\n[\/vc_toggle][vc_toggle title=&#8221;Qu\u00e8 he de tenir en compte en un proc\u00e9s d\u2019incapacitaci\u00f3 laboral?&#8221;]\n\n<iframe loading=\"lazy\" title=\"Qu\u00e8 he de tenir en compte en un proc\u00e9s d\u2019incapacitaci\u00f3 laboral?\" width=\"940\" height=\"529\" src=\"https:\/\/www.youtube.com\/embed\/eAiRSQ8SIl4?feature=oembed\" frameborder=\"0\" allow=\"accelerometer; autoplay; clipboard-write; encrypted-media; gyroscope; picture-in-picture; web-share\" referrerpolicy=\"strict-origin-when-cross-origin\" allowfullscreen><\/iframe>\n\n[\/vc_toggle][vc_toggle title=&#8221;Quina difer\u00e8ncia hi ha entre el certificat de discapacitat i la incapacitat laboral?&#8221;]\n\n<iframe loading=\"lazy\" title=\"Quina difer\u00e8ncia hi ha entre el certificat de discapacitat i la incapacitat laboral?\" width=\"940\" height=\"529\" src=\"https:\/\/www.youtube.com\/embed\/vh0-WH9A87U?feature=oembed\" frameborder=\"0\" allow=\"accelerometer; autoplay; clipboard-write; encrypted-media; gyroscope; picture-in-picture; web-share\" referrerpolicy=\"strict-origin-when-cross-origin\" allowfullscreen><\/iframe>\n\n[\/vc_toggle][vc_toggle title=&#8221;Quins avantatges tenen les empreses per contractar persones amb discapacitat?&#8221;]\n\n<iframe loading=\"lazy\" title=\"Quins avantatges tenen les empreses per contractar persones amb discapacitat?\" width=\"940\" height=\"529\" src=\"https:\/\/www.youtube.com\/embed\/hJvNgGvz7Ns?feature=oembed\" frameborder=\"0\" allow=\"accelerometer; autoplay; clipboard-write; encrypted-media; gyroscope; picture-in-picture; web-share\" referrerpolicy=\"strict-origin-when-cross-origin\" allowfullscreen><\/iframe>\n\n[\/vc_toggle][vc_toggle title=&#8221;Quins tipus d\u2019incapacitat laboral hi ha i a quina pensi\u00f3 donen dret?&#8221;]\n\n<iframe loading=\"lazy\" title=\"Quins tipus d\u2019incapacitat laboral hi ha i a quina pensi\u00f3 donen dret?\" width=\"940\" height=\"529\" src=\"https:\/\/www.youtube.com\/embed\/GHNSdnRHVyI?feature=oembed\" frameborder=\"0\" allow=\"accelerometer; autoplay; clipboard-write; encrypted-media; gyroscope; picture-in-picture; web-share\" referrerpolicy=\"strict-origin-when-cross-origin\" allowfullscreen><\/iframe>\n\n[\/vc_toggle][vc_toggle title=&#8221;Si treballo, perdo audici\u00f3 i aconsegueixo un grau de discapacitat, cal que canvi\u00ef el contracte?&#8221;]\n\n<iframe loading=\"lazy\" title=\"Si treballo, perdo audici\u00f3 i aconsegueixo un grau de discapacitat, cal que canvi\u00ef el contracte?\" width=\"940\" height=\"529\" src=\"https:\/\/www.youtube.com\/embed\/e4Y_p8spdTE?feature=oembed\" frameborder=\"0\" allow=\"accelerometer; autoplay; clipboard-write; encrypted-media; gyroscope; picture-in-picture; web-share\" referrerpolicy=\"strict-origin-when-cross-origin\" allowfullscreen><\/iframe>\n\n[\/vc_toggle][vc_toggle title=&#8221;Si he de canviar el contracte, com puc fer-ho per no perdre els drets d&#8217;antiguitat i indemnitzaci\u00f3?&#8221;]\n\n<iframe loading=\"lazy\" title=\"Si he de canviar el contracte, com puc fer-ho per no perdre els drets d&#039;antiguitat i indemnitzaci\u00f3?\" width=\"940\" height=\"529\" src=\"https:\/\/www.youtube.com\/embed\/EJ8jPo1VU10?feature=oembed\" frameborder=\"0\" allow=\"accelerometer; autoplay; clipboard-write; encrypted-media; gyroscope; picture-in-picture; web-share\" referrerpolicy=\"strict-origin-when-cross-origin\" allowfullscreen><\/iframe>\n\n[\/vc_toggle][vc_toggle title=&#8221;Si m\u2019han declarat una incapacitat laboral, puc treballar?&#8221;]\n\n<iframe loading=\"lazy\" title=\"Si m\u2019han declarat una incapacitat laboral, puc treballar?\" width=\"940\" height=\"529\" src=\"https:\/\/www.youtube.com\/embed\/Fn9AjrdgKOA?feature=oembed\" frameborder=\"0\" allow=\"accelerometer; autoplay; clipboard-write; encrypted-media; gyroscope; picture-in-picture; web-share\" referrerpolicy=\"strict-origin-when-cross-origin\" allowfullscreen><\/iframe>\n\n[\/vc_toggle][vc_toggle title=&#8221;Si no canvio el contracte, la meva empresa pot aprofitar les bonificacions de la Seguretat Social?&#8221;]\n\n<iframe loading=\"lazy\" title=\"Si no canvio el contracte, la meva empresa pot aprofitar les bonificacions de la Seguretat Social?\" width=\"940\" height=\"529\" src=\"https:\/\/www.youtube.com\/embed\/NvB3yZDCk8w?feature=oembed\" frameborder=\"0\" allow=\"accelerometer; autoplay; clipboard-write; encrypted-media; gyroscope; picture-in-picture; web-share\" referrerpolicy=\"strict-origin-when-cross-origin\" allowfullscreen><\/iframe>\n\n[\/vc_toggle][vc_toggle title=&#8221;Amb el certificat de discapacitat, quins requisits he de tenir per jubilar-me anticipadament?&#8221;]\n\n<iframe loading=\"lazy\" title=\"Amb el certificat de discapacitat, quins requisits he de tenir per jubilar-me anticipadament?\" width=\"940\" height=\"529\" src=\"https:\/\/www.youtube.com\/embed\/vw3TkBlzoVQ?feature=oembed\" frameborder=\"0\" allow=\"accelerometer; autoplay; clipboard-write; encrypted-media; gyroscope; picture-in-picture; web-share\" referrerpolicy=\"strict-origin-when-cross-origin\" allowfullscreen><\/iframe>\n\n[\/vc_toggle][vc_toggle title=&#8221;Si tens una pensi\u00f3 d&#8217;incapacitat laboral i treballes, quan et jubiles pots seguir cobrant la pensi\u00f3?&#8221;]\n\n<iframe loading=\"lazy\" title=\"Si tens una pensi\u00f3 d&#039;incapacitat laboral i treballes, quan et jubiles pots seguir cobrant la pensi\u00f3?\" width=\"940\" height=\"529\" src=\"https:\/\/www.youtube.com\/embed\/sdq31Y5Yi-I?feature=oembed\" frameborder=\"0\" allow=\"accelerometer; autoplay; clipboard-write; encrypted-media; gyroscope; picture-in-picture; web-share\" referrerpolicy=\"strict-origin-when-cross-origin\" allowfullscreen><\/iframe>\n\n[\/vc_toggle][vc_toggle title=&#8221;Si tinc dret a la jubilaci\u00f3 anticipada, quin percentatge de la base de cotitzaci\u00f3 cobrar\u00e9?&#8221;]\n\n<iframe loading=\"lazy\" title=\"Si tinc dret a la jubilaci\u00f3 anticipada, quin percentatge de la base de cotitzaci\u00f3 cobrar\u00e9?\" width=\"940\" height=\"529\" src=\"https:\/\/www.youtube.com\/embed\/CWk2yDOS-fk?feature=oembed\" frameborder=\"0\" allow=\"accelerometer; autoplay; clipboard-write; encrypted-media; gyroscope; picture-in-picture; web-share\" referrerpolicy=\"strict-origin-when-cross-origin\" allowfullscreen><\/iframe>\n\n[\/vc_toggle][vc_toggle title=&#8221;Si treballo i em redueixen la pensi\u00f3 d\u2019incapacitat, la puc tornar a recuperar?&#8221;]\n\n<iframe loading=\"lazy\" title=\"Si treballo i em redueixen la pensi\u00f3 d\u2019incapacitat, la puc tornar a recuperar?\" width=\"940\" height=\"529\" src=\"https:\/\/www.youtube.com\/embed\/tOLJs8EM_Aw?feature=oembed\" frameborder=\"0\" allow=\"accelerometer; autoplay; clipboard-write; encrypted-media; gyroscope; picture-in-picture; web-share\" referrerpolicy=\"strict-origin-when-cross-origin\" allowfullscreen><\/iframe>\n\n[\/vc_toggle][vc_toggle title=&#8221;Quines passes cal seguir per acreditar una incapacitat laboral i quant temps pot trigar?&#8221;]\n\n<iframe loading=\"lazy\" title=\"Quines passes cal seguir per acreditar una incapacitat laboral i quant temps pot trigar?\" width=\"940\" height=\"529\" src=\"https:\/\/www.youtube.com\/embed\/r-icrjRkXw8?feature=oembed\" frameborder=\"0\" allow=\"accelerometer; autoplay; clipboard-write; encrypted-media; gyroscope; picture-in-picture; web-share\" referrerpolicy=\"strict-origin-when-cross-origin\" allowfullscreen><\/iframe>\n\n[\/vc_toggle][\/vc_column_inner][\/vc_row_inner][vc_row_inner][vc_column_inner][\/vc_column_inner][\/vc_row_inner][\/vc_column][\/vc_row][vc_row][vc_column][vc_single_image image=&#8221;11610&#8243; img_size=&#8221;full&#8221;][\/vc_column][\/vc_row][vc_row][vc_column][vc_column_text]\n\n<!-- \/wp:code -->\n\n<!-- wp:html \/-->\n\n<!-- wp:latest-comments \/-->\n\n<!-- wp:html \/-->\n\n<!-- wp:html \/-->\n\n<!-- wp:html \/-->\n\n<!-- wp:embed \/-->[\/vc_column_text][\/vc_column][\/vc_row]","protected":false},"excerpt":{"rendered":"<p>[vc_row][vc_column][vc_row_inner][vc_column_inner][vc_column_text]Tant si sou una fam\u00edlia amb un\/a fill\/a diagnosticat\/da d&#8217;hipoac\u00fasia o ets una persona adulta amb sordesa, des de la Federaci\u00f3 ACAPPS volem acompanyar-vos i donar respostes a totes les preguntes que tingueu sobre la sordesa, sobre els audi\u00f2fons i els implants coclears, sobre la rehabilitaci\u00f3 auditiva i la logop\u00e8dia. Acompanyats dels i de les professionals de refer\u00e8ncia de cada \u00e0mbit, t&#8217;oferim informaci\u00f3 especialitzada i&#8230; <\/p>\n<p><a class=\"readmore\" href=\"https:\/\/acapps.org\/web\/tenimrespostes-acapps-org\/\">LLEGIR M\u00c9S<\/a><\/p>\n","protected":false},"author":3,"featured_media":0,"parent":0,"menu_order":0,"comment_status":"closed","ping_status":"closed","template":"","meta":{"footnotes":""},"_links":{"self":[{"href":"https:\/\/acapps.org\/web\/wp-json\/wp\/v2\/pages\/12304"}],"collection":[{"href":"https:\/\/acapps.org\/web\/wp-json\/wp\/v2\/pages"}],"about":[{"href":"https:\/\/acapps.org\/web\/wp-json\/wp\/v2\/types\/page"}],"author":[{"embeddable":true,"href":"https:\/\/acapps.org\/web\/wp-json\/wp\/v2\/users\/3"}],"replies":[{"embeddable":true,"href":"https:\/\/acapps.org\/web\/wp-json\/wp\/v2\/comments?post=12304"}],"version-history":[{"count":135,"href":"https:\/\/acapps.org\/web\/wp-json\/wp\/v2\/pages\/12304\/revisions"}],"predecessor-version":[{"id":16109,"href":"https:\/\/acapps.org\/web\/wp-json\/wp\/v2\/pages\/12304\/revisions\/16109"}],"wp:attachment":[{"href":"https:\/\/acapps.org\/web\/wp-json\/wp\/v2\/media?parent=12304"}],"curies":[{"name":"wp","href":"https:\/\/api.w.org\/{rel}","templated":true}]}}