{"id":14321,"date":"2024-01-24T15:02:45","date_gmt":"2024-01-24T15:02:45","guid":{"rendered":"https:\/\/acapps.org\/web\/?page_id=14321"},"modified":"2024-01-30T09:27:49","modified_gmt":"2024-01-30T09:27:49","slug":"27anysjornadesacapps-2","status":"publish","type":"page","link":"https:\/\/acapps.org\/web\/27anysjornadesacapps-2\/","title":{"rendered":"27AnysJornadesACAPPS"},"content":{"rendered":"[vc_row][vc_column][vc_row_inner][vc_column_inner width=&#8221;1\/2&#8243;][vc_single_image image=&#8221;14116&#8243; img_size=&#8221;full&#8221;][\/vc_column_inner][vc_column_inner width=&#8221;1\/2&#8243;][vc_column_text]<p><\/p>\n<p><strong>\u201cDefensem drets educatius, socials i culturals. Celebrem 30 anys acompanyant i impulsant la veu de les fam\u00edlies amb persones amb sordesa.\u201d<\/strong>\u00a0Aquesta va ser la combinaci\u00f3 protagonista de la vint-i-setena edici\u00f3 dels 27 anys de les Jornades d\u2019ACAPPS, celebrades el passat 18 de novembre a l\u2019auditori de la ONCE Catalunya. Una edici\u00f3 memorable amb la 13a edici\u00f3 dels Premis Federaci\u00f3 ACAPPS i l\u2019estrena del documental Apunts En Blanc.<\/p>\n<p><strong>Una crida amb una gran resposta.<\/strong>\u00a0Us donem les gr\u00e0cies per fer-les possibles: a les 180 persones que ens vau acompanyar i als 12 ponents de les sessions del mat\u00ed. A les m\u00e9s 300 persones que vau omplir l\u2019auditori per l\u2019estrena del documental Apunts En Blanc, als catorze joves i impulsors de la iniciativa que van compartir aquest moment amb nosaltres i a l\u2019equip de producci\u00f3 que ens va acompanyar per ser-hi present. Tamb\u00e9 sens dubte a les persones amb sordesa que van participar com a testimonis, posant sobre la taula les necessitats en accessibilitat, en acompanyament emocional, en rehabilitaci\u00f3 auditiva i logop\u00e8dia de les persones ams sordesa que es comuniquen en llengua oral i que ho van fer visible davant dels representants del departament de Just\u00edcia, de Salut i de Drets Socials.<\/p>\n<p><\/p>\n<p><\/p>\n<p><\/p>[\/vc_column_text][\/vc_column_inner][\/vc_row_inner][vc_row_inner][vc_column_inner]<div class=\"max-title5\"><h3>Continguts de qualitat, alta participaci\u00f3 i grans moments<\/h2><\/div>[vc_column_text]<p>Celebrem una nova edici\u00f3 de les jornades complint l\u2019objectiu d\u2019aquest projecte: ser un <strong>espai de trobada i d\u2019intercanvi<\/strong>\u00a0de coneixement i d\u2019experi\u00e8ncies entorn la discapacitat auditiva i per ser una plataforma de projecci\u00f3 de les iniciatives i projectes en qu\u00e8 estem col\u00b7laborant per una societat inclusiva. I sobretot, u<strong>n espai referent per fer visible, cada any, el col\u00b7lectiu de les persones amb sordesa que es comuniquen oralment i les seves necessitats.<\/strong><\/p>\n<p>Volem agrair tamb\u00e9 molt especialment, a les entitats amigues per fer\u00a0possible les Jornades:\u00a0<strong>departament de Drets Socials, Audika, Centre d\u2019audiologia Arrecife, Centre Auditius Aural i GAES J\u00fanior marca d\u2019Amplifon.<\/strong><\/p>\n<h3><strong><span style=\"color: #3ca5ba;\">Reviu o descobreix tots els moments de les Jornades, amb subtitulaci\u00f3 i a un clic:<\/span><\/strong><\/h3>[\/vc_column_text][\/vc_column_inner][\/vc_row_inner][vc_row_inner][vc_column_inner width=&#8221;2\/3&#8243;][vc_video link=&#8221;https:\/\/youtu.be\/Kaf9Z1l_J_Q&#8221;][\/vc_column_inner][vc_column_inner width=&#8221;1\/3&#8243;]<article class=\"icon-box14\"><a href='https:\/\/acapps.org\/web\/wp-content\/uploads\/2024\/01\/PROGRAMA_Jornades.pdf'><i class=\"fa-thumb-tack\" style=\" color:#3ca5ba;\"><\/i><\/a><h4>El Programa<\/h4><p>Programa dels 27 Anys Jornades d&#8217;ACAPPS.<\/p><\/article>[\/vc_column_inner][\/vc_row_inner][vc_row_inner][vc_column_inner width=&#8221;1\/2&#8243;][vc_column_text]<h3><strong>El conseller de Drets Socials, Carles Campuzano, anuncia, en el marc de les Jornades, l\u2019aprovaci\u00f3 del Codi d\u2019Accessibilitat el 28 de novembre<\/strong><\/h3>\n<p class=\"has-normal-font-size\">Volem destacar especialment la participaci\u00f3 del c<strong>onseller de Drets Socials, Carles Campuzano,<\/strong>\u00a0a les Jornades. Una intervenci\u00f3 que ens va deixar amb dos grans titulars per als drets del col\u00b7lectiu:\u00a0<strong>l\u2019aprovaci\u00f3 tan esperada del Codi d\u2019Accessibilitat<\/strong>\u00a0que ara s\u00ed, ha anunciat que tindr\u00e0 lloc el 28 de novembre i el desplegament efectiu, gr\u00e0cies als Fons Next Generation, de\u00a0<strong>bucles magn\u00e8tics a les escoles<\/strong>\u00a0que garanteixin un sistema educatiu inclusiu a l\u2019alumnat amb sordesa. Campuzano tamb\u00e9 va destacar, en la seva intervenci\u00f3, la\u00a0<strong>capacitat d\u2019incid\u00e8ncia de la Federaci\u00f3 ACAPPS<\/strong>\u00a0de posar a l\u2019agenda pol\u00edtica les necessitats de les persones amb\u00a0<a href=\"https:\/\/twitter.com\/hashtag\/sordesa?src=hashtag_click\">#sordesa<\/a>\u00a0amb rigor, ambici\u00f3 i realisme.<\/p>[\/vc_column_text][vc_video link=&#8221;https:\/\/youtu.be\/vExnAUbEjaM&#8221;][\/vc_column_inner][vc_column_inner width=&#8221;1\/2&#8243;][vc_raw_html]JTNDYmxvY2txdW90ZSUyMGNsYXNzJTNEJTIydHdpdHRlci10d2VldCUyMiUzRSUzQ3AlMjBsYW5nJTNEJTIyY2ElMjIlMjBkaXIlM0QlMjJsdHIlMjIlM0VMYSUyMCUzQ2ElMjBocmVmJTNEJTIyaHR0cHMlM0ElMkYlMkZ0d2l0dGVyLmNvbSUyRmZlZGVyYWNpb2FjYXBwcyUzRnJlZl9zcmMlM0R0d3NyYyUyNTVFdGZ3JTIyJTNFJTQwZmVkZXJhY2lvYWNhcHBzJTNDJTJGYSUzRSUyMGhhJTIwY2VsZWJyYXQlMjBhdnVpJTIwbGVzJTIwSm9ybmFkZXMlMjByZWZlcmVudHMlMjBkZSUyMGxlcyUyMHBlcnNvbmVzJTIwYW1iJTIwc29yZGVzYSUyMHF1ZSUyMGVzJTIwY29tdW5pcXVlbiUyMGVuJTIwbGxlbmd1YSUyMG9yYWwuJTIwVW4lMjBwbGFlciUyMHBvZGVyLWhpJTIwc2VyLiUyMDIwJTIwYW55cyUyMGVuJTIwZGVmZW5zYSUyMGRlJTIwbGVzJTIwZHJldHMlMjBkZSUyMGxlcyUyMHBlcnNvbmVzJTIwc29yZGVzJTIwaSUyMG9mZXJpbnQlMjBzZXJ2ZWlzJTIwaSUyMHN1cG9ydHMlMjBhJTIwbGVzJTIwcGVyc29uZXMlMjBpJTIwbGVzJTIwZmFtJUMzJUFEbGllcy4lMjBHciVDMyVBMGNpZXMlMjBwZXIlMjB0b3QlMjElMjAlM0NhJTIwaHJlZiUzRCUyMmh0dHBzJTNBJTJGJTJGdC5jbyUyRjN2SFVUTFJUVzglMjIlM0VwaWMudHdpdHRlci5jb20lMkYzdkhVVExSVFc4JTNDJTJGYSUzRSUzQyUyRnAlM0UlMjZtZGFzaCUzQiUyMGNhcmxlcyUyMGNhbXB1emFubyUyMCUyOCU0MGNhcmxlc2NhbXB1emFubyUyOSUyMCUzQ2ElMjBocmVmJTNEJTIyaHR0cHMlM0ElMkYlMkZ0d2l0dGVyLmNvbSUyRmNhcmxlc2NhbXB1emFubyUyRnN0YXR1cyUyRjE3MjU4Nzk2MTc5MzA2NDE3NDMlM0ZyZWZfc3JjJTNEdHdzcmMlMjU1RXRmdyUyMiUzRU5vdmVtYmVyJTIwMTglMkMlMjAyMDIzJTNDJTJGYSUzRSUzQyUyRmJsb2NrcXVvdGUlM0UlMjAlM0NzY3JpcHQlMjBhc3luYyUyMHNyYyUzRCUyMmh0dHBzJTNBJTJGJTJGcGxhdGZvcm0udHdpdHRlci5jb20lMkZ3aWRnZXRzLmpzJTIyJTIwY2hhcnNldCUzRCUyMnV0Zi04JTIyJTNFJTNDJTJGc2NyaXB0JTNF[\/vc_raw_html][\/vc_column_inner][\/vc_row_inner][vc_row_inner][vc_column_inner width=&#8221;1\/2&#8243;][vc_column_text]<h3>\u00a0<\/h3>\n<h3 class=\"has-text-color\"><span style=\"color: #3ca5ba;\">La\u00a0<strong>inauguraci\u00f3<hr><\/strong><\/span><\/h3>\n<p>Raimon Jan\u00e9, president de la Federaci\u00f3 ACAPPS, va iniciar les Jornades amb l\u2019acte d\u2019inauguraci\u00f3 acompanyat, a l\u2019escenari, de Merc\u00e8 Batlle, presidenta del Comit\u00e8 Catal\u00e0 de Representants de Persones amb Discapacitat (COCARMI); Dolors Luna, responsable de Serveis Socials de la ONCE Catalunya i, en l\u00ednia, de Jos\u00e9 Luis Aedo, president de la Confederaci\u00f3n FIAPAS.<\/p>[\/vc_column_text][\/vc_column_inner][vc_column_inner width=&#8221;1\/2&#8243;][vc_images_carousel images=&#8221;14139,14140,14141,14142&#8243; img_size=&#8221;full&#8221;][\/vc_column_inner][\/vc_row_inner][vc_row_inner][vc_column_inner width=&#8221;1\/2&#8243;][vc_column_text]<p>En la seva intervenci\u00f3,<strong>\u00a0Raimon Jan\u00e9, president de la Federaci\u00f3 ACAPPS<\/strong>, va destacar inicialment la triple celebraci\u00f3 d\u2019aquest anys: 30 anys de moviment de l\u2019associaci\u00f3 ACAPPS, els 40 anys de la Confederaci\u00f3n FIAPAS i el 25\u00e8 aniversari del COCARMI -del qual en som entitat membre fundadora. En aquesta l\u00ednia tamb\u00e9 va destacar que la vint-i-setena edici\u00f3 de les Jornades marquen el tret de sortida de la celebraci\u00f3 dels vint anys de la Federaci\u00f3 ACAPPS, que al 2003 va fer la seva reuni\u00f3 constituent i va comen\u00e7ar les seves primeres activitats al 2004. Per commemorar-ho, va anunciar la celebraci\u00f3 de diverses activitats en el proper any. Tamb\u00e9 va presentar els continguts del programa: l\u2019evoluci\u00f3 i futur de les pr\u00f2tesis auditives, el desplegament de les mesures d\u2019accessibilitat en tots els \u00e0mbits, tamb\u00e9 en el sistema jur\u00eddic i l\u2019oportunitat que genera el Pla de Rehabilitaci\u00f3 de Catalunya per a l\u2019atenci\u00f3 integral a les persones amb sordesa: en salut emocional i en rehabilitaci\u00f3 auditiva i logop\u00e8dia.<\/p>\n<p><strong>Dolors Luna, responsable dels serveis socials de la ONCE Catalunya,<\/strong>\u00a0ens va descriure com a entitats germanes en les dificultats a l\u2019acc\u00e9s a la informaci\u00f3 i van fer sumar-se a l\u2019objectiu de les jornades, fer sentir la veu de les persones amb discapacitat per a una vida plena, aut\u00f2noma i independent.<\/p>\n<p>&nbsp;<\/p>[\/vc_column_text][\/vc_column_inner][vc_column_inner width=&#8221;1\/2&#8243;][vc_column_text]<h3 class=\"has-text-color\"><span style=\"color: #3ca5ba;\">&#8220;Les persones amb sordesa no ens podem quedar al marge&#8221;\u00a0<\/span><\/h3>\n<p>Tamb\u00e9 ens va acompanyar, en l\u00ednia,<strong>\u00a0Jos\u00e9 Luis Aedo, president de la Confederaci\u00f3n FIAPAS<\/strong>. Aedo tamb\u00e9 va destacar l\u2019accessibilitat com a \u201ccondici\u00f3 pr\u00e8via i necess\u00e0ria per garantir la inclusi\u00f3 de les persones amb sordesa\u201d i que \u00e0mbits com el de just\u00edcia i les emerg\u00e8ncies no en poden quedar al marge. En relaci\u00f3 l\u2019estrena del documental Apunts en Balnc, va voler emfatitzar la import\u00e0ncia que el jovent amb sordesa s\u2019impliqui, faci sentir la seva veu i mostrin la seva capacitat per liderar el moviment.<\/p>\n<p><strong>Merc\u00e8 Batlle, presidenta del COCARMI,\u00a0<\/strong>va subratllar que ara \u00e9s el moment de desplegar, invertir i fer efectiu el Pla de Rehabilitaci\u00f3 de Catalunya i el Codi d\u2019Accessibilitat per assegurar l\u2019autonomia de les persones amb discapacitat, avan\u00e7ant en models d\u2019atenci\u00f3 que garanteixin la igualtat d\u2019oportunitats i que donin prioritat a l\u2019accessibilitat que ofereixen les noves tecnologies\u201d<\/p>[\/vc_column_text][\/vc_column_inner][\/vc_row_inner][vc_row_inner][vc_column_inner][vc_column_text]<h2>Pon\u00e8ncia <strong>inaugural<\/strong><\/h2>[\/vc_column_text][\/vc_column_inner][\/vc_row_inner][vc_row_inner][vc_column_inner width=&#8221;1\/2&#8243;][vc_column_text]<h5><span style=\"color: #3ca5ba;\"><strong>Pr\u00f2tesis auditives del futur<\/strong>. Dr. Waldo Nogueira. Professor en processament del senyal d&#8217;\u00e0udio i senyals neuronals a la Universitat M\u00e8dica de Hannover. Professor del Grau d&#8217;Audiologia de la Universitat de Vic.<hr><\/span><\/h5>\n<p>El<strong> dr. Waldo Nogueira<\/strong> va presentar la recerca en el futur de les pr\u00f2tesis auditives que est\u00e0 desenvolupant amb l\u2019equip del grup de pr\u00f2tesis Auditives de la Hannover Medical School. Tenen com a objectiu entendre com funciona l\u2019audici\u00f3 per crear el dispositiu auditiu del futur basat en intel\u00b7lig\u00e8ncia artificial. \u201cLa Organitzaci\u00f3 Mundial de la Salut diu que, el 2050, una de cada cinc persones perdran audici\u00f3 i \u00e9s el factor que influ\u00e8ncia la p\u00e8rdua cognitiva, per aix\u00f2 cal donar-hi una resposta immediata i eficient amb pr\u00f2tesis\u201d, va assenyalar Nogueira.<\/p>\n<p>Per aix\u00f2 va explicar el treball que estan realitzant en la tecnologia dels nous implants coclears audi\u00f2fons en dues l\u00ednies: amb estimulaci\u00f3 electrico ac\u00fastica no invasiva i tamb\u00e9, a trav\u00e9s d\u2019una segona tecnologia, la intel\u2022lig\u00e8ncia artificial per separar la veu que volem escoltar. Segons Nogueira, amb aquests dispositius es millorar\u00e0 el rendiment de les pr\u00f2tesis auditives en condicions de sorolls, que s\u00f3n el principal escull actualment, i amplificarem en altes freq\u00fcencies.<\/p>[\/vc_column_text][vc_column_text]<h3 style=\"text-align: center;\"><span style=\"color: #3ca5ba;\">&#8220;Millorarem el rendiment de les pr\u00f2tesis auditives en condicions de soroll i amplificarem les freq\u00fc\u00e8ncies&#8221;.<hr><\/span><\/h3>[\/vc_column_text][\/vc_column_inner][vc_column_inner width=&#8221;1\/2&#8243;][vc_images_carousel images=&#8221;14370,14371,14372&#8243; img_size=&#8221;full&#8221;]<article class=\"icon-box24\"><a href='https:\/\/acapps.org\/web\/wp-content\/uploads\/2024\/01\/tecnologies_auditives_futur_1apart.pdf'><i class=\"fa-share-alt\" style=\" color:#3ca5ba;\"><\/i><\/a><h4>Presentaci\u00f3 <\/h4><p>Tecnologies auditives del futur (1a part)<\/p><\/article><article class=\"icon-box24\"><a href='https:\/\/acapps.org\/web\/wp-content\/uploads\/2024\/01\/tecnologies_auditives_futur_2apart-comprimido.pdf'><i class=\"fa-share-alt\" style=\" color:#3ca5ba;\"><\/i><\/a><h4>Presentaci\u00f3 <\/h4><p>Tecnologies auditives del futur (2a part)<\/p><\/article>[\/vc_column_inner][\/vc_row_inner][vc_row_inner][vc_column_inner][vc_column_text]<h1 style=\"text-align: left;\"><strong>DRETS<\/strong>.<hr><\/h1>[\/vc_column_text][\/vc_column_inner][\/vc_row_inner][vc_row_inner][vc_column_inner width=&#8221;1\/2&#8243;][vc_column_text]<h5><span style=\"color: #3ca5ba;\"><strong>Reptes actuals de l&#8217;accessibilitat a les persones amb sordesa que es comuniquen en llengua oral en l&#8217;\u00e0mbit jur\u00eddic.<hr><\/strong><\/span><\/h5>\n<p>Recentment, vam publicar i presentar\u00a0<strong>l\u2019Informe d\u2019ACAPPS 2023<\/strong>, el recull anual de totes les situacions que ens han fet arribar persones amb sordesa que s\u2019han sentit excloses d\u2019un \u00e0mbit en no tenir les mesures d\u2019accessibilitat necess\u00e0ries, com el bucle magn\u00e8tic o els subt\u00edtols. En aquest vam recollir el\u00a0<strong>testimoni de la Monserrat L\u00f3pez,\u00a0<\/strong>que vam compartir a les Jornades, i que gr\u00e0cies al nostre Servei d\u2019Accessibilitat, va comptar amb subt\u00edtols durant el judici i va poder estar al cas de tot el que s\u2019estava dient.<\/p>\n<p>Tant l\u2019<strong>Esther L\u00f3pez, consellera del Consell de l\u2019Advocacia de Catalunya<\/strong>, com la\u00a0<strong>Dora Tellado, directora general de Modernitzaci\u00f3 de l\u2019administraci\u00f3 de Just\u00edcia,<\/strong>\u00a0van coincidir en un fet innegable: la legislaci\u00f3 garanteix l\u2019acc\u00e9s a la informaci\u00f3 a les persones amb sordesa. A partir d\u2019aqu\u00ed, segons L\u00f3pez el problema \u00e9s la dotaci\u00f3 pressupost\u00e0ria, insuficient, i la manca en conseq\u00fc\u00e8ncia dels recusos adients: \u201cens falten recursos per aplicar-ho per\u00f2 els drets hi s\u00f3n\u201d, va assenyalar. En la mateixa l\u00ednia tamb\u00e9 es va expressar Dora Tellado, que va remarcar que el dret a la informaci\u00f3 en un proc\u00e9s judicial s\u2019ha de garantir i que, si no es compleix s\u2019ha de reclamar i insistir. Tamb\u00e9 va assenyalar que la subtitulaci\u00f3 en l\u00ednia ser\u00e0 una eina a aplicar i garantir per a les persones amb sordesa.<\/p>[\/vc_column_text][vc_raw_html]JTNDYmxvY2txdW90ZSUyMGNsYXNzJTNEJTIydHdpdHRlci10d2VldCUyMiUzRSUzQ3AlMjBsYW5nJTNEJTIyY2ElMjIlMjBkaXIlM0QlMjJsdHIlMjIlM0UlRTIlOUMlODUlMjBMYSUyMGRlZ2FuYSUyMGRlJTIwJTNDYSUyMGhyZWYlM0QlMjJodHRwcyUzQSUyRiUyRnR3aXR0ZXIuY29tJTJGQWR2b2NhY2lhSUNBU0YlM0ZyZWZfc3JjJTNEdHdzcmMlMjU1RXRmdyUyMiUzRSU0MEFkdm9jYWNpYUlDQVNGJTNDJTJGYSUzRSUyMCUzQ2ElMjBocmVmJTNEJTIyaHR0cHMlM0ElMkYlMkZ0d2l0dGVyLmNvbSUyRkVzdGhlcklDQVNGJTNGcmVmX3NyYyUzRHR3c3JjJTI1NUV0ZnclMjIlM0UlNDBFc3RoZXJJQ0FTRiUzQyUyRmElM0UlMjBwYXJ0aWNpcGElMjBlbiUyMHJlcHJlc2VudGFjaSVDMyVCMyUyMGRlbCUyMENvbnNlbGwlMjBkZSUyMGwlRTIlODAlOTlBZHZvY2FjaWElMjBDYXRhbGFuYSUyMGElMjBsZXMlMjAlM0NhJTIwaHJlZiUzRCUyMmh0dHBzJTNBJTJGJTJGdHdpdHRlci5jb20lMkZoYXNodGFnJTJGMjdKb3JuYWRlc0FDQVBQUyUzRnNyYyUzRGhhc2glMjZhbXAlM0JyZWZfc3JjJTNEdHdzcmMlMjU1RXRmdyUyMiUzRSUyMzI3Sm9ybmFkZXNBQ0FQUFMlM0MlMkZhJTNFJTIwJTNDYSUyMGhyZWYlM0QlMjJodHRwcyUzQSUyRiUyRnR3aXR0ZXIuY29tJTJGZmVkZXJhY2lvYWNhcHBzJTNGcmVmX3NyYyUzRHR3c3JjJTI1NUV0ZnclMjIlM0UlNDBmZWRlcmFjaW9hY2FwcHMlM0MlMkZhJTNFJTIwJTNDYnIlM0UlM0NiciUzRSVGMCU5RiU5NCVCNSUyMFRhdWxhJTIwcGVyJTIwZ2FyYW50aXIlMjBsJTI2JTIzMzklM0JhY2Nlc3NpYmlsaXRhdCUyMGRlJTIwbGVzJTIwcGVyc29uZXMlMjBhbWIlMjBzb3JkZXNhJTIwYWwlMjBzaXN0ZW1hJTIwanVkaWNpYWwlMjAlM0NhJTIwaHJlZiUzRCUyMmh0dHBzJTNBJTJGJTJGdC5jbyUyRndIaHBUZUxTd1glMjIlM0VwaWMudHdpdHRlci5jb20lMkZ3SGhwVGVMU3dYJTNDJTJGYSUzRSUzQyUyRnAlM0UlMjZtZGFzaCUzQiUyMENvbnNlbGwlMjBBZHZvY2FjaWElMjBDYXRhbGFuYSUyMCUyOCU0MGNvbnNlbGxhZHZvY2F0JTI5JTIwJTNDYSUyMGhyZWYlM0QlMjJodHRwcyUzQSUyRiUyRnR3aXR0ZXIuY29tJTJGY29uc2VsbGFkdm9jYXQlMkZzdGF0dXMlMkYxNzI1ODg3MTU0MDg0MDg5OTEzJTNGcmVmX3NyYyUzRHR3c3JjJTI1NUV0ZnclMjIlM0VOb3ZlbWJlciUyMDE4JTJDJTIwMjAyMyUzQyUyRmElM0UlM0MlMkZibG9ja3F1b3RlJTNFJTIwJTNDc2NyaXB0JTIwYXN5bmMlMjBzcmMlM0QlMjJodHRwcyUzQSUyRiUyRnBsYXRmb3JtLnR3aXR0ZXIuY29tJTJGd2lkZ2V0cy5qcyUyMiUyMGNoYXJzZXQlM0QlMjJ1dGYtOCUyMiUzRSUzQyUyRnNjcmlwdCUzRQ==[\/vc_raw_html][\/vc_column_inner][vc_column_inner width=&#8221;1\/2&#8243;][vc_video link=&#8221;https:\/\/youtu.be\/vfTWQ2An0jU&#8221;][vc_images_carousel images=&#8221;14164,14346,14347,14348&#8243; img_size=&#8221;full&#8221;]<article class=\"icon-box\"><h4><\/h4><\/article>[\/vc_column_inner][\/vc_row_inner][vc_row_inner][vc_column_inner][vc_column_text]<h1><span style=\"color: #333333;\"><strong>Salut<\/strong><\/span><\/h1>[\/vc_column_text][vc_column_text]<h5><span style=\"color: #3ca5ba;\"><strong>L&#8217;atenci\u00f3 integral a les persones amb sordesa i l&#8217;oportunitat del sistema catal\u00e0 de salut amb el Pla de Rehabilitaci\u00f3 de Catalunya<\/strong><\/span><\/h5>\n<p>Les Jornades van iniciar l\u2019\u00e0mplia sessi\u00f3 dedicada a l\u2019atenci\u00f3 de les persones amb sordesa en l\u2019\u00e0mbit sanitari des d\u2019una perspectiva integral i posant l\u2019accenty amb l\u2019oportunitat que suposa el\u00a0<strong>Pla de Rehabilitaci\u00f3 de Catalunya\u00a0<\/strong>per millorar els recursos<strong>\u00a0en acompanyament emocional i en rehabilitaci\u00f3 auditiva i logop\u00e8dia<\/strong>. Recursos que actualment prestem des dels serveis d\u2019ACAPPS i en els quals \u00e9s essencial que l\u2019administraci\u00f3 en reconegui la import\u00e0ncia i actui en conseq\u00fc\u00e8ncial. A trav\u00e9s de dos col\u00b7loquis amb persones amb sordesa i professionals de psicologia i logop\u00e8dia vam voler fer arribar aquestes necessitats a Salut<\/p>[\/vc_column_text][\/vc_column_inner][\/vc_row_inner][vc_row_inner][vc_column_inner width=&#8221;1\/2&#8243;][vc_column_text]<p>En el col\u2022loqui sobre salut emocional,<strong>\u00a0Ariadna Cardel\u00fas,<\/strong>\u00a0que va iniciar i conduir la taula, va assenyalar la import\u00e0ncia de la p\u00e8rdua auditiva en l\u2019impacte emocional i la necessitat d\u2019acompanyament en el marc d\u2019una atenci\u00f3 integral a la persona amb sordesa en el sistema catal\u00e0 de salut,\u00a0<strong>Patricia Le Petit, facilitadora del Grup de Suport d\u2019ACAPPS<\/strong>\u00a0per a persones amb sordesa, va referir-se als trets comuns de les persones amb sordesa que participen en els grups de suport: \u201csom persones diverses i vivim diferent la sordesa per\u00f2 hi ha temes comuns: el dol de la p\u00e8rdua, d\u2019acceptar-la, la incertesa, l\u2019a\u00efllament perqu\u00e8 costa compartir-ho. \u201cLa falta de apoyo emocional tras la p\u00e9rdida auditiva empeora el sentimiento de aislamiento, frustraci\u00f3n y rabia propias del duelo. Aqu\u00ed se necesita apoyo para pasar mejor hacia la acceptaci\u00f3n\u201d, va assegurar\u00a0<strong>Yanet Osorio, psic\u00f2loga dels grups de suport d\u2019ACAPPS.<\/strong><\/p>[\/vc_column_text][vc_empty_space height=&#8221;92px&#8221;][vc_column_text]<p>En el segon col\u00b7loqui, les logopedes <strong>Laura Roig<\/strong> i<strong> Elisabeth Estrada,<\/strong> acompanyades d\u2019<strong>Antonia Toresano<\/strong> que va explicar la seva experi\u00e8ncia personal, van tractar la rehabilitaci\u00f3 auditiva i la ter\u00e0pia logop\u00e8dica com a elements clau en el proc\u00e9s de tractament i millora de la comunicaci\u00f3 en persones i infants amb sordesa. Aquest entrenament auditiu ajuda a les persones usu\u00e0ries d\u2019adui\u00f2fons i implants coclears a processar i entendre els sons, treballar la parla i utilitzar el llenguatge de manera efectiva, entre moltes d\u2019altres habilitats comunicatives. En tot aquest proc\u00e9s tamb\u00e9 van assenyalar que \u00e9s essencial tenir en compte la salut emocional, ja que aquesta pot influir significativament en l\u2019\u00e8xit de la ter\u00e0pia logop\u00e8dica.\u00a0<\/p>[\/vc_column_text][vc_empty_space height=&#8221;132px&#8221;][vc_column_text]<h4><span style=\"color: #3ca5ba;\">Cam\u00ed de l&#8217;Accessibilitat a la Comunicaci\u00f3 Oral al Sistema Catal\u00e0 de Salut: accions\u00a0 a curt, mitj\u00e0 i llarg termini<\/span><\/h4>\n<p>A continuaci\u00f3 dels col\u00b7loquis vam tancar la jornada del mat\u00ed convidant al D<strong>r. Xavier Sur\u00eds, en representaci\u00f3 a l\u2019\u00e0rea assistencial del CatSalut i Pla de Rehabilitaci\u00f3 de Catalunya\u00a0<\/strong>i a\u00a0<strong>Carme Bertral, secret\u00e0ria d\u2019Atenci\u00f3 Sanit\u00e0ria i Participaci\u00f3<\/strong>, en una taula presentada pel president de la Federaci\u00f3 ACAPPS, Raimon Jan\u00e9.<\/p>\n<p>En la seva intervenci\u00f3 el Dr. Sur\u00eds va deixar pal\u00e8s que, per primer cop, la sordesa ha estat contemplada en un Pla de Rehabilitaci\u00f3, el de Catalunya, identificant-ne\u2019n les necessitats, els professionals, les intervencions i la mesura de resultats amb l\u2019objectiu que el seu desplegament millori l\u2019atenci\u00f3 a la sordesa dels del sistema de p\u00fablic de salut.<\/p>\n<p>Des de Salut s\u2019ent\u00e9n que les p\u00e8rdues auditives requereixen atenci\u00f3 sanit\u00e0ria\u00a0<strong>en totes les etapes del curs vital<\/strong>. Tamb\u00e9 la import\u00e0ncia de tractar la sordesa des d\u2019un enfocament global ja que, de no ser aix\u00ed. afecta la comunicaci\u00f3 i pot contribuir a\u00a0<strong>l\u2019a\u00efllament social\u00a0<\/strong>i la p\u00e8rdua d\u2019autonomia i estar acompanyada d\u2019ansietat, depressi\u00f3 i deteriorament cognitiu.<\/p>\n<p>Des del Pla de Rehabilitaci\u00f3 de Catalunya es recomana, entre altres, l\u2019\u00fas de\u00a0<strong>pr\u00f2tesis auditives\u00a0<\/strong>(audi\u00f2fons o implants coclears), exercicis per millorar les habilitats auditives, la comunicaci\u00f3 i les habilitats ling\u00fc\u00edstiques,\u00a0<strong>entrenament per a la discriminaci\u00f3 fon\u00e8tica\/consci\u00e8ncia fonol\u00f2gic i exercicis d\u2019atenci\u00f3 i mem\u00f2ria auditives, detecci\u00f3, discriminaci\u00f3, identificaci\u00f3, reconeixement i comprensi\u00f3 auditius.<\/strong>\u00a0Tamb\u00e9 engloba l<strong>\u2018acompanyament emocional\u00a0<\/strong>de la persona, de la fam\u00edlia i l\u2019entorn escolar aix\u00ed com l\u2019educaci\u00f3 sanit\u00e0ria.<\/p>\n<p>En la seva intervenci\u00f3 la<strong>\u00a0dra. Carme Bertral, secret\u00e0ria d\u2019Atenci\u00f3 Sanit\u00e0ria i Participaci\u00f3,<\/strong>\u00a0va voler referir-se a tot el treball col\u00b7laboratiu fet entre el departament de Salut, SalutCat i ACAPPS d\u2019en\u00e7\u00e0 la seva participaci\u00f3 a les jornades del 2022. \u201cHem demostrat amb fets com, si hi ha il\u00b7lusi\u00f3 i comprom\u00eds, els equips i el treball en xarxa funciona i que si realment volem, tot \u00e9s possible\u201d, va transmetre a l\u2019auditori Bertral. En aquest sentit, des de la Federaci\u00f3 ACAPPS volem assenyalar tamb\u00e9 els resultats de tot aquest any de treball conjunt. D\u2019una\u00a0banda, hem avan\u00e7at en l\u2019accessibilitat als centres sanitaris amb el comprom\u00eds d\u2019instal\u00b7lar el bucle magn\u00e8tic als 384 CAPs de Catalunya, despr\u00e9s de la prova pilot que s\u2019est\u00e0 duent terme a cinc centres.<\/p>\n<p>Tamb\u00e9 es treballar\u00e0 en fer els canvis pertinents a la base de dades per evitar que, des del Catsalut, es\u00a0truqui a una persona amb sordesa i establint un altre canal de comunicaci\u00f3 accessible. Tamb\u00e9 s\u2019est\u00e0 treballant en explorar com millorar les cobertures sanit\u00e0ries (logop\u00e8dia, suport emocional,\u2026) i\u00a0prot\u00e8tiques\u00a0(recanvis, renovacions, implants bilaterals en\u00a0aduts) per a les persones amb sordesa.<\/p>[\/vc_column_text][\/vc_column_inner][vc_column_inner width=&#8221;1\/2&#8243;][vc_images_carousel images=&#8221;14374,14375,14376&#8243; img_size=&#8221;full&#8221;]<article class=\"icon-box\"><h4><\/h4><\/article>[vc_images_carousel images=&#8221;14377,14378,14379&#8243; img_size=&#8221;full&#8221;][vc_empty_space height=&#8221;72px&#8221;][vc_images_carousel images=&#8221;14382,14383,14384&#8243; img_size=&#8221;full&#8221;][vc_empty_space height=&#8221;52px&#8221;]<article class=\"icon-box24\"><a href='https:\/\/acapps.org\/web\/wp-content\/uploads\/2024\/01\/presentaci\u00f3_salut.pdf'><i class=\"fa-share-alt\" style=\" color:#3ca5ba;\"><\/i><\/a><h4>Presentaci\u00f3 <\/h4><p>Pla de Rehabilitaci\u00f3 de Catalunya. Departament de Salut.<\/p><\/article>[\/vc_column_inner][\/vc_row_inner][vc_row_inner][vc_column_inner][vc_column_text]<h1><span style=\"color: #000000;\"><strong>13a edici\u00f3 dels Premis Federaci\u00f3 ACAPPS <hr><\/strong><\/span><\/h1>\n<p><strong>El mat\u00ed de les Jornades va tancar amb el lliurament de la 13a edici\u00f3 dels\u00a0Premis Federaci\u00f3 ACAPPS: l\u2019espai de l\u2019entitat per posar en valor, recon\u00e8ixer i agrair les accions, des de la individualitat i la col\u00b7lectivitat, en defensa dels drets de les persones amb sordesa que es comuniquen en llengua oral.<\/strong><\/p>[\/vc_column_text][\/vc_column_inner][\/vc_row_inner][vc_row_inner][vc_column_inner width=&#8221;1\/2&#8243;][vc_column_text]<p>En aquesta edici\u00f3, es va recon\u00e8ixer amb el\u00a0<strong>Premi Federaci\u00f3 ACAPPS 2023, en la seva categoria col\u00b7lectiva, a la Secretaria d\u2019Atenci\u00f3 Sanit\u00e0ria i Participaci\u00f3, liderada per Carme Bertral.<\/strong>\u00a0Pel ferm comprom\u00eds, demostrat amb accions, en respondre a les necessitats del col\u00b7lectiu. Acords que han estat possibles per la pr\u00f2pia transversalitat del model de treball creat i establert amb Salut per abordar aquestes necessitats, amb el comprom\u00eds d\u2019<strong>aplicar i dotar de les mesures d\u2019accessibilitat necess\u00e0ries als centres sanitaris perqu\u00e8 les persones amb sordesa que es comuniquen oralment puguin ser ateses amb privacitat, autonomia i dignitat.<\/strong><\/p>[\/vc_column_text][vc_raw_html]JTNDYmxvY2txdW90ZSUyMGNsYXNzJTNEJTIydHdpdHRlci10d2VldCUyMiUzRSUzQ3AlMjBsYW5nJTNEJTIyY2ElMjIlMjBkaXIlM0QlMjJsdHIlMjIlM0VBaGlyJTIwdmFtJTIwY29tcGFydGlyJTIwbWF0JUMzJUFEJTIwYW1iJTIwbGElMjAlM0NhJTIwaHJlZiUzRCUyMmh0dHBzJTNBJTJGJTJGdHdpdHRlci5jb20lMkZmZWRlcmFjaW9hY2FwcHMlM0ZyZWZfc3JjJTNEdHdzcmMlMjU1RXRmdyUyMiUzRSU0MGZlZGVyYWNpb2FjYXBwcyUzQyUyRmElM0UlMjBlbiUyMGxhJTIwc2V2YSUyMDI3YSUyMGVkaWNpJUMzJUIzLiUyMEFwcmVuZW50YXRnZSUyQyUyMGVzY29sdGElMjBhY3RpdmElMjBpJTIwc29icmV0b3QlMjBhZ3JhJUMzJUFGbWVudCUyMGFsJTIwc2V1JTIwdHJlYmFsbCUyMGklMjBib24lMjBmZXIuJTNDYnIlM0VBbmVtJTIwYXZhbiVDMyVBN2FudCUyMGVuJTIwZWwlMjB0cmViYWxsJTIwY29uanVudCUyMGRlcyUyMGRlbCUyMERlcGFydGFtZW50JTIwZGUlMjBTYWx1dCUyQyUyMHRhbWIlQzMlQTklMjBhZ3JhJUMzJUFGbWVudCUyMHBlbCUyMHJlY29uZWl4ZW1lbnQlMjBxdWUlMjBlbnMlMjBoYW4lMjBhdG9yZ2F0LiUyMEdyJUMzJUEwY2llcyUyMCUyMSUyMCUzQ2ElMjBocmVmJTNEJTIyaHR0cHMlM0ElMkYlMkZ0LmNvJTJGcFVEZ2R0TUxDTCUyMiUzRXBpYy50d2l0dGVyLmNvbSUyRnBVRGdkdE1MQ0wlM0MlMkZhJTNFJTNDJTJGcCUzRSUyNm1kYXNoJTNCJTIwQ2FybWUlMjBCZXJ0cmFsJTIwaSUyMEwlQzMlQjNwZXolMjAlMjglNDBDQkwyMTEyJTI5JTIwJTNDYSUyMGhyZWYlM0QlMjJodHRwcyUzQSUyRiUyRnR3aXR0ZXIuY29tJTJGQ0JMMjExMiUyRnN0YXR1cyUyRjE3MjYyMTUyNjczODkxOTg3NTMlM0ZyZWZfc3JjJTNEdHdzcmMlMjU1RXRmdyUyMiUzRU5vdmVtYmVyJTIwMTklMkMlMjAyMDIzJTNDJTJGYSUzRSUzQyUyRmJsb2NrcXVvdGUlM0UlMjAlM0NzY3JpcHQlMjBhc3luYyUyMHNyYyUzRCUyMmh0dHBzJTNBJTJGJTJGcGxhdGZvcm0udHdpdHRlci5jb20lMkZ3aWRnZXRzLmpzJTIyJTIwY2hhcnNldCUzRCUyMnV0Zi04JTIyJTNFJTNDJTJGc2NyaXB0JTNF[\/vc_raw_html][\/vc_column_inner][vc_column_inner width=&#8221;1\/2&#8243;][vc_images_carousel images=&#8221;14392,14393,14394&#8243; img_size=&#8221;full&#8221;][vc_video link=&#8221;https:\/\/youtu.be\/4wktzg7A644&#8243;][\/vc_column_inner][\/vc_row_inner][vc_row_inner][vc_column_inner width=&#8221;1\/2&#8243;][vc_column_text]<h5><span style=\"color: #3ca5ba;\"><strong>Un reconeixement molt especial.<\/strong><\/span><\/h5>\n<p>Tamb\u00e9 vam voler recon\u00e8ixer i agrair molt especialment tot el que ens va aportar i el que va significar per a nosaltres una persona molt vinculada a l\u2019associaci\u00f3, la Maite Camps, amb el lliurament del Premi Federaci\u00f3 ACAPPS 2023 a t\u00edtol p\u00f2stum i que va recollir la seva fam\u00edlia,<strong>\u00a0en Josep i els seus fills, el Joan i el D\u00eddac<\/strong>.<\/p>[\/vc_column_text][vc_video link=&#8221;https:\/\/youtu.be\/-Gk90FmGZbs&#8221;][\/vc_column_inner][vc_column_inner width=&#8221;1\/2&#8243;][vc_images_carousel images=&#8221;14175&#8243; img_size=&#8221;full&#8221;][\/vc_column_inner][\/vc_row_inner][vc_row_inner][vc_column_inner][vc_column_text]<h1><span style=\"color: #333333;\">L\u2019ESTRENA D\u2019<strong>APUNTS EN BLANC<\/strong><\/span><\/h1>[\/vc_column_text][vc_column_text]<p>Un dels moments m\u00e9s esperats d\u2019aquesta edici\u00f3 va ser l\u2019estrena del documental\u00a0<strong>Apunts En Blanc<\/strong>, com van demostrar les m\u00e9s de 300 persones que van omplir l\u2019auditori. Poder-ho fer en el marc de les Jornades i a l\u2019auditori de la ONCE Catalunya, va ser un acte tamb\u00e9 de reconeixement a tota la feina feta i impulsada pels catorze joves estudiants universitaris\/es amb sordesa en els dos darrers anys. Elles tamb\u00e9 van veure, per primer cop, el documental ja que van voler fer-ho acompanyats\/des de les seves fam\u00edlies, amistats i professionals que els han acompanyat en tot el proc\u00e9s.<\/p>[\/vc_column_text][\/vc_column_inner][\/vc_row_inner][vc_row_inner][vc_column_inner width=&#8221;1\/2&#8243;][vc_single_image image=&#8221;14186&#8243; img_size=&#8221;full&#8221;][vc_empty_space height=&#8221;82px&#8221;][vc_single_image image=&#8221;14188&#8243; img_size=&#8221;full&#8221;][\/vc_column_inner][vc_column_inner width=&#8221;1\/2&#8243;][vc_single_image image=&#8221;14183&#8243; img_size=&#8221;full&#8221;][\/vc_column_inner][\/vc_row_inner][vc_row_inner][vc_column_inner width=&#8221;1\/2&#8243;][vc_column_text]<p>L\u2019acte, presentat per la\u00a0<strong>Francina Ballester, periodista i responsable de comunicaci\u00f3 de la Federaci\u00f3 ACAPPS,\u00a0<\/strong>va iniciar-se amb una conversa amb la\u00a0<strong>Laia Sullastres i la Raquel D\u00edez, directora i responsable d\u2019Aliances, participaci\u00f3 i voluntariat de l\u2019associaci\u00f3.<\/strong>\u00a0Elles ens van posar en context, des de la perspectiva hist\u00f2rica i la feina ja feta per generacions anteriors de joves universitaris\/es a com es crea i agafa impulsa aquesta actual generaci\u00f3 de joves que donen origen i creen Apunts En Blanc que, com diem des d\u2019ACAPPS, m\u00e9s enll\u00e0 del documental ha suposat tot un moviment per despertar consci\u00e8ncies entorn la necessitat de mesures accessibles per a les persones amb sordesa que es comuniquen en llengua oral. Despr\u00e9s de veure el documental, que aviat publicarem, va tenir lloc un interessant col\u00b7loqui amb tots els i les joves, que ens van explicar des d\u2019an\u00e8cdotes del rodatge fins al vincle que han generat com a grup i sobretot un missatge que tenen clar: el documental \u00e9s just l\u2019inici d\u2019una feina que seguiran per incidir, a nivell pol\u00edtic i social, en la transformaci\u00f3 cap a una comunitat universit\u00e0ria inclusiva.<\/p>[\/vc_column_text][vc_raw_html]JTNDYmxvY2txdW90ZSUyMGNsYXNzJTNEJTIydHdpdHRlci10d2VldCUyMiUzRSUzQ3AlMjBsYW5nJTNEJTIyZXMlMjIlMjBkaXIlM0QlMjJsdHIlMjIlM0VIb3klMjBoYSUyMHNpZG8lMjBlbCUyMGVzdHJlbm8lMjBkZWwlMjBkb2N1bWVudGFsJTIwJTNDYSUyMGhyZWYlM0QlMjJodHRwcyUzQSUyRiUyRnR3aXR0ZXIuY29tJTJGaGFzaHRhZyUyRkFwdW50c2VuQmxhbmMlM0ZzcmMlM0RoYXNoJTI2YW1wJTNCcmVmX3NyYyUzRHR3c3JjJTI1NUV0ZnclMjIlM0UlMjNBcHVudHNlbkJsYW5jJTNDJTJGYSUzRSUyMHNvYnJlJTIwbGElMjAlM0NhJTIwaHJlZiUzRCUyMmh0dHBzJTNBJTJGJTJGdHdpdHRlci5jb20lMkZoYXNodGFnJTJGYWNjZXNpYmlsaWRhZCUzRnNyYyUzRGhhc2glMjZhbXAlM0JyZWZfc3JjJTNEdHdzcmMlMjU1RXRmdyUyMiUzRSUyM2FjY2VzaWJpbGlkYWQlM0MlMkZhJTNFJTIwZW4lMjBsYSUyMHVuaXZlcnNpZGFkJTIwZGUlMjBsYSUyMCUzQ2ElMjBocmVmJTNEJTIyaHR0cHMlM0ElMkYlMkZ0d2l0dGVyLmNvbSUyRmZlZGVyYWNpb2FjYXBwcyUzRnJlZl9zcmMlM0R0d3NyYyUyNTVFdGZ3JTIyJTNFJTQwZmVkZXJhY2lvYWNhcHBzJTNDJTJGYSUzRS4lRjAlOUYlOTglODMlMjBNZSUyMGhhJTIwZW5jYW50YWRvLiUyMCVDMiVBMUVuaG9yYWJ1ZW5hJTIxJTIwT2phbCVDMyVBMSUyMGVudHJlJTIwdG9kb3MlMjBwb2RhbW9zJTIwY29uc2VndWlyJTIwcXVlJTIwbm8lMjBoYXlhJTIwbSVDMyVBMXMlMjBhcHVudGVzJTIwZW4lMjBibGFuY28lMjB5JTIwcXVlJTIwbGElMjB1bml2ZXJzaWRhZCUyMHNlYSUyMGFjY2VzaWJsZSUyMHBhcmElMjB0b2Rvcy4lMjAlM0NhJTIwaHJlZiUzRCUyMmh0dHBzJTNBJTJGJTJGdC5jbyUyRkxDc2c1NDhOQU4lMjIlM0VwaWMudHdpdHRlci5jb20lMkZMQ3NnNTQ4TkFOJTNDJTJGYSUzRSUzQyUyRnAlM0UlMjZtZGFzaCUzQiUyMENsYXVkaWElMjBNYWNyZWElMjAlMjglNDBDbGF1ZGlhTWFjcmVhJTI5JTIwJTNDYSUyMGhyZWYlM0QlMjJodHRwcyUzQSUyRiUyRnR3aXR0ZXIuY29tJTJGQ2xhdWRpYU1hY3JlYSUyRnN0YXR1cyUyRjE3MjU5NTE5Mzc0ODc3NDUwMzIlM0ZyZWZfc3JjJTNEdHdzcmMlMjU1RXRmdyUyMiUzRU5vdmVtYmVyJTIwMTglMkMlMjAyMDIzJTNDJTJGYSUzRSUzQyUyRmJsb2NrcXVvdGUlM0UlMjAlM0NzY3JpcHQlMjBhc3luYyUyMHNyYyUzRCUyMmh0dHBzJTNBJTJGJTJGcGxhdGZvcm0udHdpdHRlci5jb20lMkZ3aWRnZXRzLmpzJTIyJTIwY2hhcnNldCUzRCUyMnV0Zi04JTIyJTNFJTNDJTJGc2NyaXB0JTNF[\/vc_raw_html][\/vc_column_inner][vc_column_inner width=&#8221;1\/2&#8243;][vc_images_carousel images=&#8221;14185,14407,14408,14409,14410,14411,14412&#8243; img_size=&#8221;full&#8221;][\/vc_column_inner][\/vc_row_inner][vc_row_inner][vc_column_inner][vc_column_text]<h1>CLOENDA<\/h1>\n<p><strong>Raimon Jan\u00e9 i \u00c0ngels Videla, president i presidenta de la Federaci\u00f3 ACAPPS i ACAPPS<\/strong> respectivament van posar punt i final a la vint-i-setena edici\u00f3 de les Jornades i van coincidir en la necessitat de seguir garantint aquest espai de trobada, d\u2019intercanvi de coneixement i d\u2019experi\u00e8ncies compartides que s\u2019han convertit en el referent, a Catalunya, de les persones amb sordesa que es comuniquen en llengua oral i les seves fam\u00edlies.<\/p>[\/vc_column_text][\/vc_column_inner][\/vc_row_inner][vc_row_inner][vc_column_inner width=&#8221;1\/2&#8243;][vc_single_image image=&#8221;14199&#8243; img_size=&#8221;full&#8221;][\/vc_column_inner][vc_column_inner width=&#8221;1\/2&#8243;][vc_single_image image=&#8221;14200&#8243; img_size=&#8221;full&#8221;][\/vc_column_inner][\/vc_row_inner][vc_row_inner][vc_column_inner][vc_column_text]<p>&nbsp;<\/p>\n<p>Per \u00faltim, volem fer una menci\u00f3 especial a l<strong>\u2018equip t\u00e8cnic i junta directiva d\u2019ACAPPS i de la Federaci\u00f3 ACAPPS,<\/strong>\u00a0que fan possible la celebraci\u00f3 anual de les Jornades i que treballen, cada dia, per a la inclusi\u00f3 i els drets de les persones amb sordesa que es comuniquen en llengua oral i les seves fam\u00edlies. Gr\u00e0cies a aquest treball en xarxa fem possible els nostres objectius com a entitat referent del col\u00b7lectiu.<\/p>[\/vc_column_text][vc_single_image image=&#8221;14207&#8243; img_size=&#8221;full&#8221;][\/vc_column_inner][\/vc_row_inner][vc_row_inner][vc_column_inner][\/vc_column_inner][\/vc_row_inner][\/vc_column][\/vc_row][vc_row][vc_column][vc_single_image image=&#8221;14390&#8243; img_size=&#8221;full&#8221;][vc_wp_tagcloud title=&#8221;Jornades&#8221; taxonomy=&#8221;category&#8221; el_id=&#8221;Jornades, inclusi\u00f3, drets, sordesa&#8221; el_class=&#8221;Jornades, inclusi\u00f3, drets, sordesa&#8221;][\/vc_column][\/vc_row]","protected":false},"excerpt":{"rendered":"<p>[vc_row][vc_column][vc_row_inner][vc_column_inner width=&#8221;1\/2&#8243;][vc_single_image image=&#8221;14116&#8243; img_size=&#8221;full&#8221;][\/vc_column_inner][vc_column_inner width=&#8221;1\/2&#8243;][vc_column_text] \u201cDefensem drets educatius, socials i culturals. Celebrem 30 anys acompanyant i impulsant la veu de les fam\u00edlies amb persones amb sordesa.\u201d\u00a0Aquesta va ser la combinaci\u00f3 protagonista de la vint-i-setena edici\u00f3 dels 27 anys de les Jornades d\u2019ACAPPS, celebrades el passat 18 de novembre a l\u2019auditori de la ONCE Catalunya. Una edici\u00f3 memorable amb la 13a edici\u00f3 dels Premis Federaci\u00f3 ACAPPS&#8230; <\/p>\n<p><a class=\"readmore\" href=\"https:\/\/acapps.org\/web\/27anysjornadesacapps-2\/\">LLEGIR M\u00c9S<\/a><\/p>\n","protected":false},"author":3,"featured_media":0,"parent":0,"menu_order":0,"comment_status":"closed","ping_status":"closed","template":"","meta":{"footnotes":""},"_links":{"self":[{"href":"https:\/\/acapps.org\/web\/wp-json\/wp\/v2\/pages\/14321"}],"collection":[{"href":"https:\/\/acapps.org\/web\/wp-json\/wp\/v2\/pages"}],"about":[{"href":"https:\/\/acapps.org\/web\/wp-json\/wp\/v2\/types\/page"}],"author":[{"embeddable":true,"href":"https:\/\/acapps.org\/web\/wp-json\/wp\/v2\/users\/3"}],"replies":[{"embeddable":true,"href":"https:\/\/acapps.org\/web\/wp-json\/wp\/v2\/comments?post=14321"}],"version-history":[{"count":46,"href":"https:\/\/acapps.org\/web\/wp-json\/wp\/v2\/pages\/14321\/revisions"}],"predecessor-version":[{"id":15626,"href":"https:\/\/acapps.org\/web\/wp-json\/wp\/v2\/pages\/14321\/revisions\/15626"}],"wp:attachment":[{"href":"https:\/\/acapps.org\/web\/wp-json\/wp\/v2\/media?parent=14321"}],"curies":[{"name":"wp","href":"https:\/\/api.w.org\/{rel}","templated":true}]}}