{"id":3226,"date":"2015-03-10T09:35:34","date_gmt":"2015-03-10T09:35:34","guid":{"rendered":"http:\/\/webnus.biz\/themes\/california-wp\/default\/?page_id=3226"},"modified":"2023-07-04T10:48:44","modified_gmt":"2023-07-04T10:48:44","slug":"actualitat","status":"publish","type":"page","link":"https:\/\/acapps.org\/web\/actualitat\/","title":{"rendered":"Informa&#8217;t"},"content":{"rendered":"[vc_row][vc_column]<article id=\"post-16908\" class=\"blog-post blgtyp2 post-16908 post type-post status-publish format-standard has-post-thumbnail hentry category-acapps category-acompanyament category-discapacitat category-drets category-empresa category-feina category-uncategorized category-actualitat category-sordesa tag-acapps tag-feina tag-sordesa\">\r\n\r\n\r\n\t <div class=\"col-md-4 alpha\">\r\n\t\t<a href=\"https:\/\/acapps.org\/web\/2026\/04\/28\/amb-lelia-hem-entes-que-tenim-massa-pors-i-prejudicis-entorn-la-sordesa\/\" title=\"\u201cAmb l\u2019\u00c8lia hem ent\u00e8s que tenim massa pors i prejudicis entorn la sordesa\u201d\"><img decoding=\"async\" src=\"https:\/\/acapps.org\/web\/wp-content\/uploads\/2026\/04\/eulalia_entrevista_baner-420x390.jpg\" alt=\"\u201cAmb l\u2019\u00c8lia hem ent\u00e8s que tenim massa pors i prejudicis entorn la sordesa\u201d\" class=\"thumbnail blog2_thumb \" \/><\/a>\t\t<br>\r\n\t<\/div>\r\n\t<div class=\"col-md-8 omega\">\r\n\t\t\r\n\t\t\r\n<div class=\"au-avatar-box\">\r\n\t\t<\/div>\r\n\r\n\t\r\n\t\t<h3><a href=\"https:\/\/acapps.org\/web\/2026\/04\/28\/amb-lelia-hem-entes-que-tenim-massa-pors-i-prejudicis-entorn-la-sordesa\/\">\u201cAmb l\u2019\u00c8lia hem ent\u00e8s que tenim massa pors i prejudicis entorn la sordesa\u201d<\/a><\/h3>\r\n\t\r\n\t <div class=\"postmetadata\">\r\n\t\t<h6 class=\"blog-date\"><strong>28<\/strong> abr. 2026<\/h6>\r\n\t\t\t\t\t\t<h6 class=\"blog-comments\"> No hi ha comentaris <\/h6>\r\n\t\t\t\t\t\t<h6 class=\"blog-views\"> <i class=\"fa-eye\"><\/i><span>24<\/span> <\/h6>\r\n\t\t\t <\/div>\r\n\r\n\t<p>Davant els perfils professionals dels participants del Servei d\u2019Orientaci\u00f3 i Inserci\u00f3 Laboral, l\u2019\u00e0rea d\u2019Aliances i Empreses de l&#8217;associaci\u00f3 ACAPPS fa una cerca d\u2019empreses del sector amb ofertes laborals disponibles o per presentar candidatures. Una d\u2019elles va ser l\u2019\u00c8lia, una jove amb sordesa veterin\u00e0ria. Vam contactar amb AniCura Vet, referent en el sector, i l\u2019\u00c8lia va poder presentar la seva candidatura i superar el proc\u00e9s de... <br><br><a class=\"readmore\" href=\"https:\/\/acapps.org\/web\/2026\/04\/28\/amb-lelia-hem-entes-que-tenim-massa-pors-i-prejudicis-entorn-la-sordesa\/\">LLEGIR M\u00c9S<\/a><\/p>\t\t\r\n\t<\/div>\r\n<br class=\"clear\">\r\n<\/article><article id=\"post-16892\" class=\"blog-post blgtyp2 post-16892 post type-post status-publish format-standard has-post-thumbnail hentry category-fashion category-drets category-drets-linguistics category-federacio-acapps category-incidencia-politica category-uncategorized category-actualitat category-sordesa\">\r\n\r\n\r\n\t <div class=\"col-md-4 alpha\">\r\n\t\t<a href=\"https:\/\/acapps.org\/web\/2026\/04\/24\/la-federacio-acapps-compareix-al-parlament-de-catalunya-som-ciutadans-que-parlem-i-ens-volem-expressar-en-catala\/\" title=\"La Federaci\u00f3 ACAPPS compareix al Parlament de Catalunya: \u201cSom ciutadans que parlem i ens volem expressar en catal\u00e0\u201d\"><img decoding=\"async\" src=\"https:\/\/acapps.org\/web\/wp-content\/uploads\/2026\/04\/Copia-de-40-denuncies-420x390.png\" alt=\"La Federaci\u00f3 ACAPPS compareix al Parlament de Catalunya: \u201cSom ciutadans que parlem i ens volem expressar en catal\u00e0\u201d\" class=\"thumbnail blog2_thumb \" \/><\/a>\t\t<br>\r\n\t<\/div>\r\n\t<div class=\"col-md-8 omega\">\r\n\t\t\r\n\t\t\r\n<div class=\"au-avatar-box\">\r\n\t\t<\/div>\r\n\r\n\t\r\n\t\t<h3><a href=\"https:\/\/acapps.org\/web\/2026\/04\/24\/la-federacio-acapps-compareix-al-parlament-de-catalunya-som-ciutadans-que-parlem-i-ens-volem-expressar-en-catala\/\">La Federaci\u00f3 ACAPPS compareix al Parlament de Catalunya: \u201cSom ciutadans que parlem i ens volem expressar en catal\u00e0\u201d<\/a><\/h3>\r\n\t\r\n\t <div class=\"postmetadata\">\r\n\t\t<h6 class=\"blog-date\"><strong>24<\/strong> abr. 2026<\/h6>\r\n\t\t\t\t\t\t<h6 class=\"blog-comments\"> No hi ha comentaris <\/h6>\r\n\t\t\t\t\t\t<h6 class=\"blog-views\"> <i class=\"fa-eye\"><\/i><span>121<\/span> <\/h6>\r\n\t\t\t <\/div>\r\n\r\n\t<p>Raimon Jan\u00e9 insta a superar estereotips i visibilitzar les persones amb sordesa que es comuniquen oralment El president de la Federaci\u00f3 ACAPPS, Raimon Jan\u00e9, i la presidenta de l\u2019Associaci\u00f3 ACAPPS Pened\u00e8s-Garraf, S\u00f2nia Cegarra, han comparegut aquest dimecres al mat\u00ed a la comissi\u00f3 de Pol\u00edtica Ling\u00fc\u00edstica del Parlament de Catalunya per exposar els objectius del col\u00b7lectiu, superar estereotips i visibilitzar les persones amb sordesa que es... <br><br><a class=\"readmore\" href=\"https:\/\/acapps.org\/web\/2026\/04\/24\/la-federacio-acapps-compareix-al-parlament-de-catalunya-som-ciutadans-que-parlem-i-ens-volem-expressar-en-catala\/\">LLEGIR M\u00c9S<\/a><\/p>\t\t\r\n\t<\/div>\r\n<br class=\"clear\">\r\n<\/article><article id=\"post-16863\" class=\"blog-post blgtyp2 post-16863 post type-post status-publish format-standard has-post-thumbnail hentry category-acapps category-diagnostic category-discapacitat category-federacio-acapps category-fiapas category-salut category-sordesa\">\r\n\r\n\r\n\t <div class=\"col-md-4 alpha\">\r\n\t\t<a href=\"https:\/\/acapps.org\/web\/2026\/04\/08\/el-senat-aprova-una-mocio-per-impulsar-la-deteccio-de-la-sordesa-al-llarg-de-la-infantesa\/\" title=\"El Senat aprova una moci\u00f3 per impulsar la detecci\u00f3 de la sordesa al llarg de la infantesa\"><img decoding=\"async\" src=\"https:\/\/acapps.org\/web\/wp-content\/uploads\/2026\/04\/Noticia-Senat-420x390.png\" alt=\"El Senat aprova una moci\u00f3 per impulsar la detecci\u00f3 de la sordesa al llarg de la infantesa\" class=\"thumbnail blog2_thumb \" \/><\/a>\t\t<br>\r\n\t<\/div>\r\n\t<div class=\"col-md-8 omega\">\r\n\t\t\r\n\t\t\r\n<div class=\"au-avatar-box\">\r\n\t\t<\/div>\r\n\r\n\t\r\n\t\t<h3><a href=\"https:\/\/acapps.org\/web\/2026\/04\/08\/el-senat-aprova-una-mocio-per-impulsar-la-deteccio-de-la-sordesa-al-llarg-de-la-infantesa\/\">El Senat aprova una moci\u00f3 per impulsar la detecci\u00f3 de la sordesa al llarg de la infantesa<\/a><\/h3>\r\n\t\r\n\t <div class=\"postmetadata\">\r\n\t\t<h6 class=\"blog-date\"><strong>08<\/strong> abr. 2026<\/h6>\r\n\t\t\t\t\t\t<h6 class=\"blog-comments\"> No hi ha comentaris <\/h6>\r\n\t\t\t\t\t\t<h6 class=\"blog-views\"> <i class=\"fa-eye\"><\/i><span>224<\/span> <\/h6>\r\n\t\t\t <\/div>\r\n\r\n\t<p>El text insta el Govern espanyol a avan\u00e7ar cap a un \u201cmodel de prevenci\u00f3 i detecci\u00f3 auditiva continuada\u201d La Comissi\u00f3 de Fam\u00edlies del Senat ha aprovat una moci\u00f3 que insta el Govern espanyol a avan\u00e7ar cap a un model de prevenci\u00f3 i detecci\u00f3 auditiva continuada des de la infantesa. La iniciativa, presentada pel grup parlamentari popular, amplia el marc d\u2019acci\u00f3 m\u00e9s enll\u00e0 del cribratge auditiu... <br><br><a class=\"readmore\" href=\"https:\/\/acapps.org\/web\/2026\/04\/08\/el-senat-aprova-una-mocio-per-impulsar-la-deteccio-de-la-sordesa-al-llarg-de-la-infantesa\/\">LLEGIR M\u00c9S<\/a><\/p>\t\t\r\n\t<\/div>\r\n<br class=\"clear\">\r\n<\/article><article id=\"post-16860\" class=\"blog-post blgtyp2 post-16860 post type-post status-publish format-standard has-post-thumbnail hentry category-acapps category-discapacitat category-feina category-actualitat category-sordesa tag-acapps tag-feina tag-sordesa\">\r\n\r\n\r\n\t <div class=\"col-md-4 alpha\">\r\n\t\t<a href=\"https:\/\/acapps.org\/web\/2026\/04\/07\/oferta-de-feina-tecnic-a-dacompanyament-a-persones-amb-sordesa-i-families\/\" title=\"Oferta de feina: t\u00e8cnic\/a d&#8217;acompanyament a persones amb sordesa i fam\u00edlies\"><img decoding=\"async\" src=\"https:\/\/acapps.org\/web\/wp-content\/uploads\/2026\/04\/oferta_feina-420x390.jpg\" alt=\"Oferta de feina: t\u00e8cnic\/a d&#8217;acompanyament a persones amb sordesa i fam\u00edlies\" class=\"thumbnail blog2_thumb \" \/><\/a>\t\t<br>\r\n\t<\/div>\r\n\t<div class=\"col-md-8 omega\">\r\n\t\t\r\n\t\t\r\n<div class=\"au-avatar-box\">\r\n\t\t<\/div>\r\n\r\n\t\r\n\t\t<h3><a href=\"https:\/\/acapps.org\/web\/2026\/04\/07\/oferta-de-feina-tecnic-a-dacompanyament-a-persones-amb-sordesa-i-families\/\">Oferta de feina: t\u00e8cnic\/a d&#8217;acompanyament a persones amb sordesa i fam\u00edlies<\/a><\/h3>\r\n\t\r\n\t <div class=\"postmetadata\">\r\n\t\t<h6 class=\"blog-date\"><strong>07<\/strong> abr. 2026<\/h6>\r\n\t\t\t\t\t\t<h6 class=\"blog-comments\"> No hi ha comentaris <\/h6>\r\n\t\t\t\t\t\t<h6 class=\"blog-views\"> <i class=\"fa-eye\"><\/i><span>152<\/span> <\/h6>\r\n\t\t\t <\/div>\r\n\r\n\t<p>En depend\u00e8ncia de la coordinaci\u00f3 de l\u2019\u00e0rea, la persona professional \u00e9s responsable de la valoraci\u00f3 i intervenci\u00f3 social de les persones amb sordesa i les seves fam\u00edlies, garantint una atenci\u00f3 integral i coordinada. REQUERIMENTS COMPETENCIALS B\u00c0SICS I T\u00c8CNICS: REQUERIMENTS COMPETENCIALS TRANSVERSALS: CONDICIONS DE L\u2019OFERTA: Si est\u00e0s interessat\/da en l\u2019oferta, envia el teu curr\u00edculum i escrit de motivaci\u00f3 a Paula Quirante al correu\u00a0saaf@acapps.org\u00a0abans del 7 d\u2019abril... <br><br><a class=\"readmore\" href=\"https:\/\/acapps.org\/web\/2026\/04\/07\/oferta-de-feina-tecnic-a-dacompanyament-a-persones-amb-sordesa-i-families\/\">LLEGIR M\u00c9S<\/a><\/p>\t\t\r\n\t<\/div>\r\n<br class=\"clear\">\r\n<\/article><article id=\"post-16837\" class=\"blog-post blgtyp2 post-16837 post type-post status-publish format-standard has-post-thumbnail hentry category-acapps category-discapacitat category-educacio-inclusiva category-families category-uncategorized category-sordesa tag-acapps tag-sordesa\">\r\n\r\n\r\n\t <div class=\"col-md-4 alpha\">\r\n\t\t<a href=\"https:\/\/acapps.org\/web\/2026\/03\/26\/les-beques-nese-segueixen-excloent-part-de-lalumnat-amb-sordesa\/\" title=\"Les beques NESE segueixen excloent part de l&#8217;alumnat amb sordesa\"><img decoding=\"async\" src=\"https:\/\/acapps.org\/web\/wp-content\/uploads\/2026\/03\/infants_3-420x390.jpg\" alt=\"Les beques NESE segueixen excloent part de l&#8217;alumnat amb sordesa\" class=\"thumbnail blog2_thumb \" \/><\/a>\t\t<br>\r\n\t<\/div>\r\n\t<div class=\"col-md-8 omega\">\r\n\t\t\r\n\t\t\r\n<div class=\"au-avatar-box\">\r\n\t\t<\/div>\r\n\r\n\t\r\n\t\t<h3><a href=\"https:\/\/acapps.org\/web\/2026\/03\/26\/les-beques-nese-segueixen-excloent-part-de-lalumnat-amb-sordesa\/\">Les beques NESE segueixen excloent part de l&#8217;alumnat amb sordesa<\/a><\/h3>\r\n\t\r\n\t <div class=\"postmetadata\">\r\n\t\t<h6 class=\"blog-date\"><strong>26<\/strong> mar\u00e7 2026<\/h6>\r\n\t\t\t\t\t\t<h6 class=\"blog-comments\"> No hi ha comentaris <\/h6>\r\n\t\t\t\t\t\t<h6 class=\"blog-views\"> <i class=\"fa-eye\"><\/i><span>269<\/span> <\/h6>\r\n\t\t\t <\/div>\r\n\r\n\t<p>Les Nacions Unides han recomanat a l&#8217;estat espanyol que l&#8217;acc\u00e9s a les ajudes no depengui del grau administratiu de discapacitat. Tot i aix\u00ed,\u00a0acreditar un\u00a0grau de discapacitat igual o superior al 25 %\u00a0segueix sent un requisit\u00a0per poder accedir a les beques per a l&#8217;alumnat amb necessitats espec\u00edfiques de suport educatiu. Com assenyala\u00a0FIAPAS -de la qual ACAPPS en som entitat membre- aquest criteri, que va ser introdu\u00eft... <br><br><a class=\"readmore\" href=\"https:\/\/acapps.org\/web\/2026\/03\/26\/les-beques-nese-segueixen-excloent-part-de-lalumnat-amb-sordesa\/\">LLEGIR M\u00c9S<\/a><\/p>\t\t\r\n\t<\/div>\r\n<br class=\"clear\">\r\n<\/article><div class='wp-pagenavi'>\n<span class='pages'>Page 1 of 142<\/span><span class='current'>1<\/span><a href='https:\/\/acapps.org\/web\/wp-json\/wp\/v2\/pages\/3226\/page\/2\/' class='page larger'>2<\/a><a href='https:\/\/acapps.org\/web\/wp-json\/wp\/v2\/pages\/3226\/page\/3\/' class='page larger'>3<\/a><a href='https:\/\/acapps.org\/web\/wp-json\/wp\/v2\/pages\/3226\/page\/4\/' class='page larger'>4<\/a><a href='https:\/\/acapps.org\/web\/wp-json\/wp\/v2\/pages\/3226\/page\/5\/' class='page larger'>5<\/a><span class='extend'>...<\/span><a href='https:\/\/acapps.org\/web\/wp-json\/wp\/v2\/pages\/3226\/page\/10\/' class='larger page'>10<\/a><a href='https:\/\/acapps.org\/web\/wp-json\/wp\/v2\/pages\/3226\/page\/20\/' class='larger page'>20<\/a><a href='https:\/\/acapps.org\/web\/wp-json\/wp\/v2\/pages\/3226\/page\/30\/' class='larger page'>30<\/a><span class='extend'>...<\/span><a href='https:\/\/acapps.org\/web\/wp-json\/wp\/v2\/pages\/3226\/page\/2\/' class='nextpostslink'>&raquo;<\/a><a href='https:\/\/acapps.org\/web\/wp-json\/wp\/v2\/pages\/3226\/page\/142\/' class='last'>Last &raquo;<\/a>\n<\/div>[\/vc_column][\/vc_row]\n","protected":false},"excerpt":{"rendered":"<p>[vc_row][vc_column][\/vc_column][\/vc_row]<\/p>\n","protected":false},"author":1,"featured_media":0,"parent":0,"menu_order":0,"comment_status":"open","ping_status":"open","template":"","meta":{"footnotes":""},"_links":{"self":[{"href":"https:\/\/acapps.org\/web\/wp-json\/wp\/v2\/pages\/3226"}],"collection":[{"href":"https:\/\/acapps.org\/web\/wp-json\/wp\/v2\/pages"}],"about":[{"href":"https:\/\/acapps.org\/web\/wp-json\/wp\/v2\/types\/page"}],"author":[{"embeddable":true,"href":"https:\/\/acapps.org\/web\/wp-json\/wp\/v2\/users\/1"}],"replies":[{"embeddable":true,"href":"https:\/\/acapps.org\/web\/wp-json\/wp\/v2\/comments?post=3226"}],"version-history":[{"count":4,"href":"https:\/\/acapps.org\/web\/wp-json\/wp\/v2\/pages\/3226\/revisions"}],"predecessor-version":[{"id":13717,"href":"https:\/\/acapps.org\/web\/wp-json\/wp\/v2\/pages\/3226\/revisions\/13717"}],"wp:attachment":[{"href":"https:\/\/acapps.org\/web\/wp-json\/wp\/v2\/media?parent=3226"}],"curies":[{"name":"wp","href":"https:\/\/api.w.org\/{rel}","templated":true}]}}