{"id":9901,"date":"2021-03-23T13:50:25","date_gmt":"2021-03-23T13:50:25","guid":{"rendered":"https:\/\/acapps.org\/web\/?page_id=9901"},"modified":"2021-05-17T13:06:16","modified_gmt":"2021-05-17T13:06:16","slug":"subtitulacio-en-directe","status":"publish","type":"page","link":"https:\/\/acapps.org\/web\/subtitulacio-en-directe\/","title":{"rendered":"Subtitulaci\u00f3 en directe"},"content":{"rendered":"[vc_row][vc_column][vc_column_text]<p><\/p>\n<p class=\"has-text-color\" style=\"color: #1a4b60; font-size: 18px;\">Malgrat portar audi\u00f2fons i\/o implants coclears, les persones amb sordesa necessiten suports per accedir\u00a0a\u00a0 tota la informaci\u00f3 d&#8217;una reuni\u00f3, d&#8217;una confer\u00e8ncia\u00a0o d&#8217;una formaci\u00f3.<\/p>\n<p>&nbsp;<\/p>\n<p class=\"has-text-color\" style=\"color: #1a4b60; font-size: 32px;\"><strong>T&#8217;OFERIM<\/strong>: QUE ARRIBIS AL <strong>100% DEL TEU P\u00daBLIC<\/strong>, SEMPRE!<\/p>\n<p><\/p>\n<p><\/p>\n<p><\/p>\n<p><\/p>\n<h4 class=\"has-text-color has-medium-font-size\" style=\"color: #1a4b60;\"><strong>AMB LA SUBTITULACI\u00d3 EN DIRECTE<\/strong> especialitzada de videoconfer\u00e8ncies i\/o actes\u00a0A\u00a0DIST\u00c0NCIA.\u00a0<\/h4>\n<p><\/p>\n<p><\/p>\n<h5>Una t\u00e8cnica en subtitulaci\u00f3 transcriu en directe,\u00a0a\u00a0temps real, tot el contingut de la videoconfer\u00e8ncia.\u00a0<\/h5>\n<h5><\/h5>\n<h5><\/h5>\n<h5>Podem subtitular videoconfer\u00e8ncies de forma individual i col\u00b7lectiva amb qualsevol plataforma de videotrucada\u00a0a\u00a0trav\u00e9s de l&#8217;ordinador.<\/h5>\n<h5><\/h5>\n<h5><\/h5>\n<h5><strong>QU\u00c8 T\u2019APORTA?\u00a0<\/strong>el teu missatge arriba\u00a0a\u00a0totes les persones amb p\u00e8rdua auditiva i t&#8217;assegures que, al marge de la qualitat en la connexi\u00f3, arriba\u00a0a\u00a0tothom.<\/h5>\n<p>&nbsp;<\/p>\n<p><\/p>\n<p><\/p>\n<p class=\"has-text-color has-medium-font-size\" style=\"color: #1a4b60;\"><strong>AMB LA SUBTITULACI\u00d3 EN DIRECTE <\/strong>de qualsevol tipus d&#8217;esdeveniment PRESENCIAL.\u00a0<\/p>\n<p><\/p>\n<p><\/p>\n<h5>Plens municipals, pregons de festa major,\u00a0xerrades, lliurament de premis, actes populars&#8230; Tots els missatges orals\u00a0<strong>subtitulats en pantalla.<\/strong><\/h5>\n<h5><\/h5>\n<h5><\/h5>\n<h5><strong>QU\u00c8 T\u2019APORTA?\u00a0:\u00a0<\/strong>el teu missatge arriba\u00a0a\u00a0totes les persones amb p\u00e8rdua auditiva i t&#8217;assegures que, en grans events, al marge d&#8217;on estigui la persona o de la qualitat del so de la trobada, el teu missatge arribi\u00a0a\u00a0tothom.\u00a0\u00a0<\/h5>\n<p><\/p>\n<p><\/p>\n<figure class=\"wp-block-pullquote\">\n<blockquote>\n<p><strong>La subtitulaci\u00f3 \u00e9s la\u00a0mesura d&#8217;accessibilitat universal\u00a0per\u00a0a\u00a0tot el col\u00b7lectiu de persones amb discapacitat i\/o p\u00e8rdua auditiva.<\/strong><\/p>\n<\/blockquote>\n<\/figure>\n<p><\/p>\n<p><\/p>\n<figure class=\"wp-block-gallery columns-3 is-cropped wp-block-gallery-1 is-layout-flex wp-block-gallery-is-layout-flex\">\n<ul class=\"blocks-gallery-grid\">\n<li class=\"blocks-gallery-item\">\n<figure><img loading=\"lazy\" decoding=\"async\" width=\"800\" height=\"533\" class=\"wp-image-9902\" src=\"https:\/\/acapps.org\/web\/wp-content\/uploads\/2021\/03\/foto-2.jpg\" alt=\"\" data-id=\"9902\" data-link=\"https:\/\/acapps.org\/web\/?attachment_id=9902\" srcset=\"https:\/\/acapps.org\/web\/wp-content\/uploads\/2021\/03\/foto-2.jpg 800w, https:\/\/acapps.org\/web\/wp-content\/uploads\/2021\/03\/foto-2-300x200.jpg 300w, https:\/\/acapps.org\/web\/wp-content\/uploads\/2021\/03\/foto-2-768x512.jpg 768w\" sizes=\"(max-width: 800px) 100vw, 800px\" \/><\/figure>\n<\/li>\n<li class=\"blocks-gallery-item\">\n<figure><img loading=\"lazy\" decoding=\"async\" width=\"1024\" height=\"768\" class=\"wp-image-9903\" src=\"https:\/\/acapps.org\/web\/wp-content\/uploads\/2021\/03\/20130312_094829-1024x768.jpg\" alt=\"\" data-id=\"9903\" data-link=\"https:\/\/acapps.org\/web\/?attachment_id=9903\" srcset=\"https:\/\/acapps.org\/web\/wp-content\/uploads\/2021\/03\/20130312_094829-1024x768.jpg 1024w, https:\/\/acapps.org\/web\/wp-content\/uploads\/2021\/03\/20130312_094829-300x225.jpg 300w, https:\/\/acapps.org\/web\/wp-content\/uploads\/2021\/03\/20130312_094829-768x576.jpg 768w, https:\/\/acapps.org\/web\/wp-content\/uploads\/2021\/03\/20130312_094829-1536x1152.jpg 1536w, https:\/\/acapps.org\/web\/wp-content\/uploads\/2021\/03\/20130312_094829-2048x1536.jpg 2048w\" sizes=\"(max-width: 1024px) 100vw, 1024px\" \/><\/figure>\n<\/li>\n<li class=\"blocks-gallery-item\">\n<figure><img loading=\"lazy\" decoding=\"async\" width=\"1024\" height=\"768\" class=\"wp-image-9905\" src=\"https:\/\/acapps.org\/web\/wp-content\/uploads\/2021\/03\/premis-ciutat-barcelona_140212-1024x768.jpg\" alt=\"\" data-id=\"9905\" data-link=\"https:\/\/acapps.org\/web\/?attachment_id=9905\" srcset=\"https:\/\/acapps.org\/web\/wp-content\/uploads\/2021\/03\/premis-ciutat-barcelona_140212-1024x768.jpg 1024w, https:\/\/acapps.org\/web\/wp-content\/uploads\/2021\/03\/premis-ciutat-barcelona_140212-300x225.jpg 300w, https:\/\/acapps.org\/web\/wp-content\/uploads\/2021\/03\/premis-ciutat-barcelona_140212-768x576.jpg 768w, https:\/\/acapps.org\/web\/wp-content\/uploads\/2021\/03\/premis-ciutat-barcelona_140212-1536x1152.jpg 1536w, https:\/\/acapps.org\/web\/wp-content\/uploads\/2021\/03\/premis-ciutat-barcelona_140212.jpg 2048w\" sizes=\"(max-width: 1024px) 100vw, 1024px\" \/><\/figure>\n<\/li>\n<li class=\"blocks-gallery-item\">\n<figure><img loading=\"lazy\" decoding=\"async\" width=\"1024\" height=\"683\" class=\"wp-image-9906\" src=\"https:\/\/acapps.org\/web\/wp-content\/uploads\/2021\/03\/foto-3-1-1024x683.jpg\" alt=\"\" data-id=\"9906\" data-full-url=\"https:\/\/acapps.org\/web\/wp-content\/uploads\/2021\/03\/foto-3-1-scaled.jpg\" data-link=\"https:\/\/acapps.org\/web\/?attachment_id=9906\" srcset=\"https:\/\/acapps.org\/web\/wp-content\/uploads\/2021\/03\/foto-3-1-1024x683.jpg 1024w, https:\/\/acapps.org\/web\/wp-content\/uploads\/2021\/03\/foto-3-1-300x200.jpg 300w, https:\/\/acapps.org\/web\/wp-content\/uploads\/2021\/03\/foto-3-1-768x512.jpg 768w, https:\/\/acapps.org\/web\/wp-content\/uploads\/2021\/03\/foto-3-1-1536x1024.jpg 1536w, https:\/\/acapps.org\/web\/wp-content\/uploads\/2021\/03\/foto-3-1-2048x1366.jpg 2048w\" sizes=\"(max-width: 1024px) 100vw, 1024px\" \/><\/figure>\n<\/li>\n<\/ul>\n<\/figure>\n<p><\/p>\n<p><\/p>\n<p><\/p>[\/vc_column_text][\/vc_column][\/vc_row]","protected":false},"excerpt":{"rendered":"<p>[vc_row][vc_column][vc_column_text] Malgrat portar audi\u00f2fons i\/o implants coclears, les persones amb sordesa necessiten suports per accedir\u00a0a\u00a0 tota la informaci\u00f3 d&#8217;una reuni\u00f3, d&#8217;una confer\u00e8ncia\u00a0o d&#8217;una formaci\u00f3. &nbsp; T&#8217;OFERIM: QUE ARRIBIS AL 100% DEL TEU P\u00daBLIC, SEMPRE! AMB LA SUBTITULACI\u00d3 EN DIRECTE especialitzada de videoconfer\u00e8ncies i\/o actes\u00a0A\u00a0DIST\u00c0NCIA.\u00a0 Una t\u00e8cnica en subtitulaci\u00f3 transcriu en directe,\u00a0a\u00a0temps real, tot el contingut de la videoconfer\u00e8ncia.\u00a0 Podem subtitular videoconfer\u00e8ncies de forma individual i&#8230; <\/p>\n<p><a class=\"readmore\" href=\"https:\/\/acapps.org\/web\/subtitulacio-en-directe\/\">LLEGIR M\u00c9S<\/a><\/p>\n","protected":false},"author":3,"featured_media":0,"parent":0,"menu_order":0,"comment_status":"closed","ping_status":"closed","template":"","meta":{"footnotes":""},"_links":{"self":[{"href":"https:\/\/acapps.org\/web\/wp-json\/wp\/v2\/pages\/9901"}],"collection":[{"href":"https:\/\/acapps.org\/web\/wp-json\/wp\/v2\/pages"}],"about":[{"href":"https:\/\/acapps.org\/web\/wp-json\/wp\/v2\/types\/page"}],"author":[{"embeddable":true,"href":"https:\/\/acapps.org\/web\/wp-json\/wp\/v2\/users\/3"}],"replies":[{"embeddable":true,"href":"https:\/\/acapps.org\/web\/wp-json\/wp\/v2\/comments?post=9901"}],"version-history":[{"count":2,"href":"https:\/\/acapps.org\/web\/wp-json\/wp\/v2\/pages\/9901\/revisions"}],"predecessor-version":[{"id":10301,"href":"https:\/\/acapps.org\/web\/wp-json\/wp\/v2\/pages\/9901\/revisions\/10301"}],"wp:attachment":[{"href":"https:\/\/acapps.org\/web\/wp-json\/wp\/v2\/media?parent=9901"}],"curies":[{"name":"wp","href":"https:\/\/api.w.org\/{rel}","templated":true}]}}